{"id":1164,"date":"2023-09-26T09:42:23","date_gmt":"2023-09-26T07:42:23","guid":{"rendered":"https:\/\/www.dochyglas.be\/realisaties\/"},"modified":"2024-03-07T15:13:21","modified_gmt":"2024-03-07T13:13:21","slug":"realisations","status":"publish","type":"page","link":"https:\/\/www.dochyglas.be\/fr\/realisations\/","title":{"rendered":"R\u00e9alisations"},"content":{"rendered":"<section class=\"l-section wpb_row detail height_auto\"><div class=\"l-section-h i-cf\"><div class=\"g-cols vc_row via_flex valign_bottom type_boxes stacking_default\"><div class=\"vc_col-sm-12 wpb_column vc_column_container minheightbanner has_bg_color\"><div class=\"vc_column-inner us_custom_e6d961ad\"><div class=\"vc_column-overlay\" style=\"background:rgba(0,0,0,0.70)\"><\/div><div class=\"wpb_wrapper\"><div class=\"g-cols wpb_row via_flex valign_top type_default stacking_default\"><div class=\"vc_col-sm-7 wpb_column vc_column_container\"><div class=\"vc_column-inner\"><div class=\"wpb_wrapper\"><div class=\"wpb_text_column us_custom_6df4bc3a has_text_color\"><div class=\"wpb_wrapper\"><h1>D\u00e9couvrez <em>nos r\u00e9alisations<\/em> impressionnantes<\/h1>\n<p>Laissez-vous inspirer par notre savoir-faire en mati\u00e8re de solutions verri\u00e8res sur mesure. Qu&rsquo;il s&rsquo;agisse d&rsquo;applications int\u00e9rieures modernes ou de fa\u00e7ades impressionnantes, nos r\u00e9alisations ne manqueront pas de vous inspirer. D\u00e9couvrez ce que nous pouvons faire pour votre projet.<\/p>\n<\/div><\/div><\/div><\/div><\/div><div class=\"vc_col-sm-5 wpb_column vc_column_container\"><div class=\"vc_column-inner\"><div class=\"wpb_wrapper\"><\/div><\/div><\/div><\/div><\/div><\/div><\/div><\/div><\/div><\/section><section class=\"l-section wpb_row us_custom_f3eb0cd9 height_small\"><div class=\"l-section-h i-cf\"><div class=\"g-cols vc_row via_flex valign_top type_default stacking_default\"><div class=\"vc_col-sm-12 wpb_column vc_column_container\"><div class=\"vc_column-inner\"><div class=\"wpb_wrapper\"><div class=\"w-grid type_grid layout_428 cols_4 with_filters ratio_1x1\" id=\"us_grid_1\" style=\"--gap:0.7rem;\"><style>@media (max-width:1380px){#us_grid_1 .w-grid-item{width:33.3333%}#us_grid_1 .w-grid-item.size_2x1,#us_grid_1 .w-grid-item.size_2x2{width:66.6667%}}@media (max-width:1024px){#us_grid_1 .w-grid-item{width:50%}#us_grid_1 .w-grid-item.size_2x1,#us_grid_1 .w-grid-item.size_2x2{width:100%}}@media (max-width:768px){#us_grid_1 .w-grid-item{width:50%}#us_grid_1 .w-grid-item.size_2x1,#us_grid_1 .w-grid-item.size_2x2{width:100%}}.layout_428 .w-grid-item-h:before{padding-bottom:100%}@media (min-width:769px){.layout_428 .w-grid-item.size_1x2 .w-grid-item-h:before{padding-bottom:calc(200% + var(--gap,0px) * 2)}.layout_428 .w-grid-item.size_2x1 .w-grid-item-h:before{padding-bottom:calc(50% - var(--gap,0px) * 1)}.layout_428 .w-grid-item.size_2x2 .w-grid-item-h:before{padding-bottom:calc(100% - var(--gap,0px) * 0)}}.layout_428 .w-grid-item-h{}.layout_428 .usg_vwrapper_1{transition-duration:1s;transform-origin:50% 50%;transform:scale(1) translate(0%,0%);opacity:0}.layout_428 .w-grid-item-h:hover .usg_vwrapper_1{transform:scale(1) translate(0%,0%);opacity:1}.layout_428 .usg_post_image_1{transition-duration:0.3s;transform-origin:50% 50%;transform:scale(1) translate(0%,0%)}.layout_428 .w-grid-item-h:hover .usg_post_image_1{transform:scale(1.1) translate(0%,0%);opacity:1}.layout_428 .usg_vwrapper_1{position:absolute!important;left:0!important;bottom:-1px!important;right:0!important;background:linear-gradient(transparent,rgba(30,30,30,0.8))!important;padding:5rem 2rem 1.5rem 2rem!important}.layout_428 .usg_post_title_1{color:#fff!important;font-size:1.4rem!important}.layout_428 .usg_post_image_1{position:absolute!important;left:0!important;top:0!important;bottom:0!important;right:0!important}@media (min-width:1025px) and (max-width:1380px){.layout_428 .usg_vwrapper_1{position:absolute!important;left:0!important;bottom:-1px!important;right:0!important;background:linear-gradient(transparent,rgba(30,30,30,0.8))!important;padding:5rem 2rem 1.5rem 2rem!important}.layout_428 .usg_post_title_1{color:#fff!important;font-size:1.4rem!important}.layout_428 .usg_post_image_1{position:absolute!important;left:0!important;top:0!important;bottom:0!important;right:0!important}}@media (min-width:769px) and (max-width:1024px){.layout_428 .usg_vwrapper_1{position:absolute!important;left:0!important;bottom:-1px!important;right:0!important;background:linear-gradient(transparent,rgba(30,30,30,0.8))!important;padding:5rem 2rem 1.5rem 2rem!important}.layout_428 .usg_post_title_1{color:#fff!important;font-size:1.4rem!important}.layout_428 .usg_post_image_1{position:absolute!important;left:0!important;top:0!important;bottom:0!important;right:0!important}}@media (max-width:768px){.layout_428 .usg_vwrapper_1{position:absolute!important;left:0!important;bottom:-1px!important;right:0!important;background:linear-gradient(transparent,rgba(30,30,30,0.8))!important;padding:5rem 2rem 1.5rem 2rem!important}.layout_428 .usg_post_title_1{color:#fff!important;font-size:1.4rem!important}.layout_428 .usg_post_image_1{position:absolute!important;left:0!important;top:0!important;bottom:0!important;right:0!important}}<\/style><div class=\"g-filters style_3 align_none\"><button class=\"g-filters-item active\" data-taxonomy=\"*\"><span>Tous<\/span><\/button><button class=\"g-filters-item\" data-taxonomy=\"renovation-du-verre\" data-amount=\"14\"><span>R\u00e9novation du verre<\/span><span class=\"g-filters-item-amount\">14<\/span><\/button><button class=\"g-filters-item\" data-taxonomy=\"reparation-de-verre\" data-amount=\"2\"><span>R\u00e9paration de verre<\/span><span class=\"g-filters-item-amount\">2<\/span><\/button><button class=\"g-filters-item\" data-taxonomy=\"verre-dinterieur\" data-amount=\"10\"><span>Verre d\u2019int\u00e9rieur<\/span><span class=\"g-filters-item-amount\">10<\/span><\/button><button class=\"g-filters-item\" data-taxonomy=\"vitres-de-projet\" data-amount=\"5\"><span>Vitres de projet<\/span><span class=\"g-filters-item-amount\">5<\/span><\/button><\/div><div class=\"w-grid-list\" data-filter_taxonomy_name=\"realisaties\">\t<article class=\"w-grid-item size_1x1 post-1160 realisatie type-realisatie status-publish has-post-thumbnail hentry realisaties-vitres-de-projet\" data-id=\"1160\">\r\n\t\t<div class=\"w-grid-item-h\">\r\n\t\t\t\t\t\t\t<a ref=\"magnificPopupGrid\" href=\"https:\/\/www.dochyglas.be\/wp-content\/uploads\/2023\/10\/Minimal-windows-realisatie-van-Dochy-Glas-1.jpeg\" class=\"w-grid-item-anchor\" aria-label=\"Minimal Frames\" title=\"Minimal Frames realisatie door Dochy Glas\"><\/a>\r\n\t\t\t\t\t\t<div class=\"w-post-elm post_image usg_post_image_1 stretched\"><img loading=\"lazy\" decoding=\"async\" width=\"683\" height=\"1024\" src=\"https:\/\/www.dochyglas.be\/wp-content\/uploads\/2023\/10\/Minimal-windows-realisatie-van-Dochy-Glas-1-683x1024.jpeg\" class=\"attachment-large size-large wp-post-image\" alt=\"Minimal Frames realisatie door Dochy Glas\" srcset=\"https:\/\/www.dochyglas.be\/wp-content\/uploads\/2023\/10\/Minimal-windows-realisatie-van-Dochy-Glas-1-683x1024.jpeg 683w, https:\/\/www.dochyglas.be\/wp-content\/uploads\/2023\/10\/Minimal-windows-realisatie-van-Dochy-Glas-1-200x300.jpeg 200w, https:\/\/www.dochyglas.be\/wp-content\/uploads\/2023\/10\/Minimal-windows-realisatie-van-Dochy-Glas-1.jpeg 1000w\" sizes=\"auto, (max-width: 683px) 100vw, 683px\" \/><\/div><div class=\"w-vwrapper usg_vwrapper_1 align_none valign_top\"><h2 class=\"w-post-elm post_title usg_post_title_1 has_text_color entry-title color_link_inherit\">Minimal Frames<\/h2><\/div>\t\t<\/div>\r\n\t<\/article>\r\n\t<article class=\"w-grid-item size_1x1 post-1162 realisatie type-realisatie status-publish has-post-thumbnail hentry realisaties-renovation-du-verre\" data-id=\"1162\">\r\n\t\t<div class=\"w-grid-item-h\">\r\n\t\t\t\t\t\t\t<a ref=\"magnificPopupGrid\" href=\"https:\/\/www.dochyglas.be\/wp-content\/uploads\/2023\/10\/detail-glazen-deur-vloerscharnier.jpeg\" class=\"w-grid-item-anchor\" aria-label=\"D\u00e9tail portes en verre &#8211; charni\u00e8re au sol\" title=\"D\u00e9tail portes en verre &#8211; charni\u00e8re au sol\"><\/a>\r\n\t\t\t\t\t\t<div class=\"w-post-elm post_image usg_post_image_1 stretched\"><img loading=\"lazy\" decoding=\"async\" width=\"750\" height=\"450\" src=\"https:\/\/www.dochyglas.be\/wp-content\/uploads\/2023\/10\/detail-glazen-deur-vloerscharnier.jpeg\" class=\"attachment-large size-large wp-post-image\" alt=\"\" srcset=\"https:\/\/www.dochyglas.be\/wp-content\/uploads\/2023\/10\/detail-glazen-deur-vloerscharnier.jpeg 750w, https:\/\/www.dochyglas.be\/wp-content\/uploads\/2023\/10\/detail-glazen-deur-vloerscharnier-300x180.jpeg 300w\" sizes=\"auto, (max-width: 750px) 100vw, 750px\" \/><\/div><div class=\"w-vwrapper usg_vwrapper_1 align_none valign_top\"><h2 class=\"w-post-elm post_title usg_post_title_1 has_text_color entry-title color_link_inherit\">D\u00e9tail portes en verre &#8211; charni\u00e8re au sol<\/h2><\/div>\t\t<\/div>\r\n\t<\/article>\r\n\t<article class=\"w-grid-item size_1x1 post-1182 realisatie type-realisatie status-publish has-post-thumbnail hentry realisaties-verre-dinterieur\" data-id=\"1182\">\r\n\t\t<div class=\"w-grid-item-h\">\r\n\t\t\t\t\t\t\t<a ref=\"magnificPopupGrid\" href=\"https:\/\/www.dochyglas.be\/wp-content\/uploads\/2023\/10\/glazen-deuren-office.jpeg\" class=\"w-grid-item-anchor\" aria-label=\"Portes en verre &#8211; sabl\u00e9es\" title=\"Portes en verre &#8211; sabl\u00e9es\"><\/a>\r\n\t\t\t\t\t\t<div class=\"w-post-elm post_image usg_post_image_1 stretched\"><img loading=\"lazy\" decoding=\"async\" width=\"1024\" height=\"767\" src=\"https:\/\/www.dochyglas.be\/wp-content\/uploads\/2023\/10\/glazen-deuren-office-1024x767.jpeg\" class=\"attachment-large size-large wp-post-image\" alt=\"\" srcset=\"https:\/\/www.dochyglas.be\/wp-content\/uploads\/2023\/10\/glazen-deuren-office-1024x767.jpeg 1024w, https:\/\/www.dochyglas.be\/wp-content\/uploads\/2023\/10\/glazen-deuren-office-300x225.jpeg 300w\" sizes=\"auto, (max-width: 1024px) 100vw, 1024px\" \/><\/div><div class=\"w-vwrapper usg_vwrapper_1 align_none valign_top\"><h2 class=\"w-post-elm post_title usg_post_title_1 has_text_color entry-title color_link_inherit\">Portes en verre &#8211; sabl\u00e9es<\/h2><\/div>\t\t<\/div>\r\n\t<\/article>\r\n\t<article class=\"w-grid-item size_1x1 post-1183 realisatie type-realisatie status-publish has-post-thumbnail hentry realisaties-verre-dinterieur\" data-id=\"1183\">\r\n\t\t<div class=\"w-grid-item-h\">\r\n\t\t\t\t\t\t\t<a ref=\"magnificPopupGrid\" href=\"https:\/\/www.dochyglas.be\/wp-content\/uploads\/2023\/10\/Steellook-dubbele-taatsdeur-3-vakken2_Dochy.jpg\" class=\"w-grid-item-anchor\" aria-label=\"Porte \u00e0 double pivot en acier 3 compartiments\" title=\"Porte \u00e0 double pivot en acier 3 compartiments\"><\/a>\r\n\t\t\t\t\t\t<div class=\"w-post-elm post_image usg_post_image_1 stretched\"><img loading=\"lazy\" decoding=\"async\" width=\"696\" height=\"954\" src=\"https:\/\/www.dochyglas.be\/wp-content\/uploads\/2023\/10\/Steellook-dubbele-taatsdeur-3-vakken2_Dochy.jpg\" class=\"attachment-large size-large wp-post-image\" alt=\"\" srcset=\"https:\/\/www.dochyglas.be\/wp-content\/uploads\/2023\/10\/Steellook-dubbele-taatsdeur-3-vakken2_Dochy.jpg 696w, https:\/\/www.dochyglas.be\/wp-content\/uploads\/2023\/10\/Steellook-dubbele-taatsdeur-3-vakken2_Dochy-219x300.jpg 219w\" sizes=\"auto, (max-width: 696px) 100vw, 696px\" \/><\/div><div class=\"w-vwrapper usg_vwrapper_1 align_none valign_top\"><h2 class=\"w-post-elm post_title usg_post_title_1 has_text_color entry-title color_link_inherit\">Porte \u00e0 double pivot en acier 3 compartiments<\/h2><\/div>\t\t<\/div>\r\n\t<\/article>\r\n\t<article class=\"w-grid-item size_1x1 post-1184 realisatie type-realisatie status-publish has-post-thumbnail hentry realisaties-renovation-du-verre\" data-id=\"1184\">\r\n\t\t<div class=\"w-grid-item-h\">\r\n\t\t\t\t\t\t\t<a ref=\"magnificPopupGrid\" href=\"https:\/\/www.dochyglas.be\/wp-content\/uploads\/2023\/10\/Redo-fotos-016-rotated.jpeg\" class=\"w-grid-item-anchor\" aria-label=\"Renovatieprofielen\" title=\"Renovatieprofielen\"><\/a>\r\n\t\t\t\t\t\t<div class=\"w-post-elm post_image usg_post_image_1 stretched\"><img loading=\"lazy\" decoding=\"async\" width=\"768\" height=\"1024\" src=\"https:\/\/www.dochyglas.be\/wp-content\/uploads\/2023\/10\/Redo-fotos-016-768x1024.jpeg\" class=\"attachment-large size-large wp-post-image\" alt=\"\" srcset=\"https:\/\/www.dochyglas.be\/wp-content\/uploads\/2023\/10\/Redo-fotos-016-768x1024.jpeg 768w, https:\/\/www.dochyglas.be\/wp-content\/uploads\/2023\/10\/Redo-fotos-016-225x300.jpeg 225w, https:\/\/www.dochyglas.be\/wp-content\/uploads\/2023\/10\/Redo-fotos-016-rotated.jpeg 1200w\" sizes=\"auto, (max-width: 768px) 100vw, 768px\" \/><\/div><div class=\"w-vwrapper usg_vwrapper_1 align_none valign_top\"><h2 class=\"w-post-elm post_title usg_post_title_1 has_text_color entry-title color_link_inherit\">Renovatieprofielen<\/h2><\/div>\t\t<\/div>\r\n\t<\/article>\r\n\t<article class=\"w-grid-item size_1x1 post-1185 realisatie type-realisatie status-publish has-post-thumbnail hentry realisaties-vitres-de-projet\" data-id=\"1185\">\r\n\t\t<div class=\"w-grid-item-h\">\r\n\t\t\t\t\t\t\t<a ref=\"magnificPopupGrid\" href=\"https:\/\/www.dochyglas.be\/wp-content\/uploads\/2023\/10\/Gordijngevel-in-gekleurd-glas-realisatie-door-Dochy-Glas.jpg\" class=\"w-grid-item-anchor\" aria-label=\"Mur-rideau en verre color\u00e9\" title=\"Mur-rideau en verre color\u00e9\"><\/a>\r\n\t\t\t\t\t\t<div class=\"w-post-elm post_image usg_post_image_1 stretched\"><img loading=\"lazy\" decoding=\"async\" width=\"1024\" height=\"767\" src=\"https:\/\/www.dochyglas.be\/wp-content\/uploads\/2023\/10\/Gordijngevel-in-gekleurd-glas-realisatie-door-Dochy-Glas-1024x767.jpg\" class=\"attachment-large size-large wp-post-image\" alt=\"\" srcset=\"https:\/\/www.dochyglas.be\/wp-content\/uploads\/2023\/10\/Gordijngevel-in-gekleurd-glas-realisatie-door-Dochy-Glas-1024x767.jpg 1024w, https:\/\/www.dochyglas.be\/wp-content\/uploads\/2023\/10\/Gordijngevel-in-gekleurd-glas-realisatie-door-Dochy-Glas-300x225.jpg 300w, https:\/\/www.dochyglas.be\/wp-content\/uploads\/2023\/10\/Gordijngevel-in-gekleurd-glas-realisatie-door-Dochy-Glas.jpg 2000w\" sizes=\"auto, (max-width: 1024px) 100vw, 1024px\" \/><\/div><div class=\"w-vwrapper usg_vwrapper_1 align_none valign_top\"><h2 class=\"w-post-elm post_title usg_post_title_1 has_text_color entry-title color_link_inherit\">Mur-rideau en verre color\u00e9<\/h2><\/div>\t\t<\/div>\r\n\t<\/article>\r\n\t<article class=\"w-grid-item size_1x1 post-1186 realisatie type-realisatie status-publish has-post-thumbnail hentry realisaties-vitres-de-projet\" data-id=\"1186\">\r\n\t\t<div class=\"w-grid-item-h\">\r\n\t\t\t\t\t\t\t<a ref=\"magnificPopupGrid\" href=\"https:\/\/www.dochyglas.be\/wp-content\/uploads\/2023\/10\/gordijngevel1-e1697552931895.jpg\" class=\"w-grid-item-anchor\" aria-label=\"Mur-rideau\" title=\"Mur-rideau\"><\/a>\r\n\t\t\t\t\t\t<div class=\"w-post-elm post_image usg_post_image_1 stretched\"><img loading=\"lazy\" decoding=\"async\" width=\"1024\" height=\"767\" src=\"https:\/\/www.dochyglas.be\/wp-content\/uploads\/2023\/10\/gordijngevel1-1024x767.jpg\" class=\"attachment-large size-large wp-post-image\" alt=\"\" srcset=\"https:\/\/www.dochyglas.be\/wp-content\/uploads\/2023\/10\/gordijngevel1-1024x767.jpg 1024w, https:\/\/www.dochyglas.be\/wp-content\/uploads\/2023\/10\/gordijngevel1-300x225.jpg 300w, https:\/\/www.dochyglas.be\/wp-content\/uploads\/2023\/10\/gordijngevel1.jpg 2000w\" sizes=\"auto, (max-width: 1024px) 100vw, 1024px\" \/><\/div><div class=\"w-vwrapper usg_vwrapper_1 align_none valign_top\"><h2 class=\"w-post-elm post_title usg_post_title_1 has_text_color entry-title color_link_inherit\">Mur-rideau<\/h2><\/div>\t\t<\/div>\r\n\t<\/article>\r\n\t<article class=\"w-grid-item size_1x1 post-1187 realisatie type-realisatie status-publish has-post-thumbnail hentry realisaties-vitres-de-projet\" data-id=\"1187\">\r\n\t\t<div class=\"w-grid-item-h\">\r\n\t\t\t\t\t\t\t<a ref=\"magnificPopupGrid\" href=\"https:\/\/www.dochyglas.be\/wp-content\/uploads\/2023\/10\/Klassieke-projectbeglazing-apartementsgebouw-Dochy.jpg\" class=\"w-grid-item-anchor\" aria-label=\"Vitrage de projet classique\" title=\"Vitrage de projet classique\"><\/a>\r\n\t\t\t\t\t\t<div class=\"w-post-elm post_image usg_post_image_1 stretched\"><img loading=\"lazy\" decoding=\"async\" width=\"1024\" height=\"767\" src=\"https:\/\/www.dochyglas.be\/wp-content\/uploads\/2023\/10\/Klassieke-projectbeglazing-apartementsgebouw-Dochy-1024x767.jpg\" class=\"attachment-large size-large wp-post-image\" alt=\"\" srcset=\"https:\/\/www.dochyglas.be\/wp-content\/uploads\/2023\/10\/Klassieke-projectbeglazing-apartementsgebouw-Dochy-1024x767.jpg 1024w, https:\/\/www.dochyglas.be\/wp-content\/uploads\/2023\/10\/Klassieke-projectbeglazing-apartementsgebouw-Dochy-300x225.jpg 300w, https:\/\/www.dochyglas.be\/wp-content\/uploads\/2023\/10\/Klassieke-projectbeglazing-apartementsgebouw-Dochy.jpg 2000w\" sizes=\"auto, (max-width: 1024px) 100vw, 1024px\" \/><\/div><div class=\"w-vwrapper usg_vwrapper_1 align_none valign_top\"><h2 class=\"w-post-elm post_title usg_post_title_1 has_text_color entry-title color_link_inherit\">Vitrage de projet classique<\/h2><\/div>\t\t<\/div>\r\n\t<\/article>\r\n\t<article class=\"w-grid-item size_1x1 post-1188 realisatie type-realisatie status-publish has-post-thumbnail hentry realisaties-verre-dinterieur\" data-id=\"1188\">\r\n\t\t<div class=\"w-grid-item-h\">\r\n\t\t\t\t\t\t\t<a ref=\"magnificPopupGrid\" href=\"https:\/\/www.dochyglas.be\/wp-content\/uploads\/2023\/10\/2-balustrade-binnen-e1697548188288.jpg\" class=\"w-grid-item-anchor\" aria-label=\"Balustrade coinc\u00e9e en bas\" title=\"glazen balustrade trap\"><\/a>\r\n\t\t\t\t\t\t<div class=\"w-post-elm post_image usg_post_image_1 stretched\"><img loading=\"lazy\" decoding=\"async\" width=\"1024\" height=\"767\" src=\"https:\/\/www.dochyglas.be\/wp-content\/uploads\/2023\/10\/2-balustrade-binnen-1024x767.jpg\" class=\"attachment-large size-large wp-post-image\" alt=\"glazen balustrade trap\" srcset=\"https:\/\/www.dochyglas.be\/wp-content\/uploads\/2023\/10\/2-balustrade-binnen-1024x767.jpg 1024w, https:\/\/www.dochyglas.be\/wp-content\/uploads\/2023\/10\/2-balustrade-binnen-300x225.jpg 300w\" sizes=\"auto, (max-width: 1024px) 100vw, 1024px\" \/><\/div><div class=\"w-vwrapper usg_vwrapper_1 align_none valign_top\"><h2 class=\"w-post-elm post_title usg_post_title_1 has_text_color entry-title color_link_inherit\">Balustrade coinc\u00e9e en bas<\/h2><\/div>\t\t<\/div>\r\n\t<\/article>\r\n\t<article class=\"w-grid-item size_1x1 post-1189 realisatie type-realisatie status-publish has-post-thumbnail hentry realisaties-verre-dinterieur\" data-id=\"1189\">\r\n\t\t<div class=\"w-grid-item-h\">\r\n\t\t\t\t\t\t\t<a ref=\"magnificPopupGrid\" href=\"https:\/\/www.dochyglas.be\/wp-content\/uploads\/2023\/10\/1-balustrade-binnen.jpg\" class=\"w-grid-item-anchor\" aria-label=\"Balustrade \u00e0 l&rsquo;int\u00e9rieur\" title=\"glazen balustrades op maat voor binnen\"><\/a>\r\n\t\t\t\t\t\t<div class=\"w-post-elm post_image usg_post_image_1 stretched\"><img loading=\"lazy\" decoding=\"async\" width=\"1024\" height=\"767\" src=\"https:\/\/www.dochyglas.be\/wp-content\/uploads\/2023\/10\/1-balustrade-binnen-1024x767.jpg\" class=\"attachment-large size-large wp-post-image\" alt=\"glazen balustrades op maat voor binnen\" srcset=\"https:\/\/www.dochyglas.be\/wp-content\/uploads\/2023\/10\/1-balustrade-binnen-1024x767.jpg 1024w, https:\/\/www.dochyglas.be\/wp-content\/uploads\/2023\/10\/1-balustrade-binnen-300x225.jpg 300w\" sizes=\"auto, (max-width: 1024px) 100vw, 1024px\" \/><\/div><div class=\"w-vwrapper usg_vwrapper_1 align_none valign_top\"><h2 class=\"w-post-elm post_title usg_post_title_1 has_text_color entry-title color_link_inherit\">Balustrade \u00e0 l&rsquo;int\u00e9rieur<\/h2><\/div>\t\t<\/div>\r\n\t<\/article>\r\n\t<article class=\"w-grid-item size_1x1 post-1190 realisatie type-realisatie status-publish has-post-thumbnail hentry realisaties-verre-dinterieur\" data-id=\"1190\">\r\n\t\t<div class=\"w-grid-item-h\">\r\n\t\t\t\t\t\t\t<a ref=\"magnificPopupGrid\" href=\"https:\/\/www.dochyglas.be\/wp-content\/uploads\/2023\/10\/zwembad-glazen-wanden-rechts.jpg\" class=\"w-grid-item-anchor\" aria-label=\"Murs en verre autour de la piscine\" title=\"glazen wanden op maat binnenzwembad\"><\/a>\r\n\t\t\t\t\t\t<div class=\"w-post-elm post_image usg_post_image_1 stretched\"><img loading=\"lazy\" decoding=\"async\" width=\"1024\" height=\"767\" src=\"https:\/\/www.dochyglas.be\/wp-content\/uploads\/2023\/10\/zwembad-glazen-wanden-rechts-1024x767.jpg\" class=\"attachment-large size-large wp-post-image\" alt=\"glazen wanden op maat binnenzwembad\" srcset=\"https:\/\/www.dochyglas.be\/wp-content\/uploads\/2023\/10\/zwembad-glazen-wanden-rechts-1024x767.jpg 1024w, https:\/\/www.dochyglas.be\/wp-content\/uploads\/2023\/10\/zwembad-glazen-wanden-rechts-300x225.jpg 300w, https:\/\/www.dochyglas.be\/wp-content\/uploads\/2023\/10\/zwembad-glazen-wanden-rechts.jpg 2000w\" sizes=\"auto, (max-width: 1024px) 100vw, 1024px\" \/><\/div><div class=\"w-vwrapper usg_vwrapper_1 align_none valign_top\"><h2 class=\"w-post-elm post_title usg_post_title_1 has_text_color entry-title color_link_inherit\">Murs en verre autour de la piscine<\/h2><\/div>\t\t<\/div>\r\n\t<\/article>\r\n\t<article class=\"w-grid-item size_1x1 post-1191 realisatie type-realisatie status-publish has-post-thumbnail hentry realisaties-verre-dinterieur\" data-id=\"1191\">\r\n\t\t<div class=\"w-grid-item-h\">\r\n\t\t\t\t\t\t\t<a ref=\"magnificPopupGrid\" href=\"https:\/\/www.dochyglas.be\/wp-content\/uploads\/2023\/10\/glazen-vloer.jpg\" class=\"w-grid-item-anchor\" aria-label=\"Plancher en verre\" title=\"glazen vloeren en wanden\"><\/a>\r\n\t\t\t\t\t\t<div class=\"w-post-elm post_image usg_post_image_1 stretched\"><img loading=\"lazy\" decoding=\"async\" width=\"767\" height=\"1024\" src=\"https:\/\/www.dochyglas.be\/wp-content\/uploads\/2023\/10\/glazen-vloer-767x1024.jpg\" class=\"attachment-large size-large wp-post-image\" alt=\"glazen vloeren en wanden\" srcset=\"https:\/\/www.dochyglas.be\/wp-content\/uploads\/2023\/10\/glazen-vloer-767x1024.jpg 767w, https:\/\/www.dochyglas.be\/wp-content\/uploads\/2023\/10\/glazen-vloer-225x300.jpg 225w, https:\/\/www.dochyglas.be\/wp-content\/uploads\/2023\/10\/glazen-vloer.jpg 1499w\" sizes=\"auto, (max-width: 767px) 100vw, 767px\" \/><\/div><div class=\"w-vwrapper usg_vwrapper_1 align_none valign_top\"><h2 class=\"w-post-elm post_title usg_post_title_1 has_text_color entry-title color_link_inherit\">Plancher en verre<\/h2><\/div>\t\t<\/div>\r\n\t<\/article>\r\n\t<article class=\"w-grid-item size_1x1 post-1192 realisatie type-realisatie status-publish has-post-thumbnail hentry realisaties-verre-dinterieur\" data-id=\"1192\">\r\n\t\t<div class=\"w-grid-item-h\">\r\n\t\t\t\t\t\t\t<a ref=\"magnificPopupGrid\" href=\"https:\/\/www.dochyglas.be\/wp-content\/uploads\/2023\/10\/Glazen-douchewand-Dochy.jpg\" class=\"w-grid-item-anchor\" aria-label=\"Cabine de douche en verre\" title=\"glazen douchewand op maat\"><\/a>\r\n\t\t\t\t\t\t<div class=\"w-post-elm post_image usg_post_image_1 stretched\"><img loading=\"lazy\" decoding=\"async\" width=\"767\" height=\"1024\" src=\"https:\/\/www.dochyglas.be\/wp-content\/uploads\/2023\/10\/Glazen-douchewand-Dochy-767x1024.jpg\" class=\"attachment-large size-large wp-post-image\" alt=\"glazen douchewand op maat\" srcset=\"https:\/\/www.dochyglas.be\/wp-content\/uploads\/2023\/10\/Glazen-douchewand-Dochy-767x1024.jpg 767w, https:\/\/www.dochyglas.be\/wp-content\/uploads\/2023\/10\/Glazen-douchewand-Dochy-225x300.jpg 225w, https:\/\/www.dochyglas.be\/wp-content\/uploads\/2023\/10\/Glazen-douchewand-Dochy.jpg 1499w\" sizes=\"auto, (max-width: 767px) 100vw, 767px\" \/><\/div><div class=\"w-vwrapper usg_vwrapper_1 align_none valign_top\"><h2 class=\"w-post-elm post_title usg_post_title_1 has_text_color entry-title color_link_inherit\">Cabine de douche en verre<\/h2><\/div>\t\t<\/div>\r\n\t<\/article>\r\n\t<article class=\"w-grid-item size_1x1 post-1193 realisatie type-realisatie status-publish has-post-thumbnail hentry realisaties-verre-dinterieur\" data-id=\"1193\">\r\n\t\t<div class=\"w-grid-item-h\">\r\n\t\t\t\t\t\t\t<a ref=\"magnificPopupGrid\" href=\"https:\/\/www.dochyglas.be\/wp-content\/uploads\/2023\/10\/Glazen_wanden_op_maat_Dochy.jpg\" class=\"w-grid-item-anchor\" aria-label=\"Porte coulissante murale\" title=\"glazen wand interieur bureau Dochy Glas\"><\/a>\r\n\t\t\t\t\t\t<div class=\"w-post-elm post_image usg_post_image_1 stretched\"><img loading=\"lazy\" decoding=\"async\" width=\"1024\" height=\"767\" src=\"https:\/\/www.dochyglas.be\/wp-content\/uploads\/2023\/10\/Glazen_wanden_op_maat_Dochy-1024x767.jpg\" class=\"attachment-large size-large wp-post-image\" alt=\"glazen wand interieur bureau Dochy Glas\" srcset=\"https:\/\/www.dochyglas.be\/wp-content\/uploads\/2023\/10\/Glazen_wanden_op_maat_Dochy-1024x767.jpg 1024w, https:\/\/www.dochyglas.be\/wp-content\/uploads\/2023\/10\/Glazen_wanden_op_maat_Dochy-300x225.jpg 300w, https:\/\/www.dochyglas.be\/wp-content\/uploads\/2023\/10\/Glazen_wanden_op_maat_Dochy.jpg 2000w\" sizes=\"auto, (max-width: 1024px) 100vw, 1024px\" \/><\/div><div class=\"w-vwrapper usg_vwrapper_1 align_none valign_top\"><h2 class=\"w-post-elm post_title usg_post_title_1 has_text_color entry-title color_link_inherit\">Porte coulissante murale<\/h2><\/div>\t\t<\/div>\r\n\t<\/article>\r\n\t<article class=\"w-grid-item size_1x1 post-1194 realisatie type-realisatie status-publish has-post-thumbnail hentry realisaties-verre-dinterieur\" data-id=\"1194\">\r\n\t\t<div class=\"w-grid-item-h\">\r\n\t\t\t\t\t\t\t<a ref=\"magnificPopupGrid\" href=\"https:\/\/www.dochyglas.be\/wp-content\/uploads\/2023\/10\/ps1.jpg\" class=\"w-grid-item-anchor\" aria-label=\"Portes en verre &#8211; steellook\" title=\"bubbele glazen deur steellook\"><\/a>\r\n\t\t\t\t\t\t<div class=\"w-post-elm post_image usg_post_image_1 stretched\"><img loading=\"lazy\" decoding=\"async\" width=\"1024\" height=\"676\" src=\"https:\/\/www.dochyglas.be\/wp-content\/uploads\/2023\/10\/ps1-1024x676.jpg\" class=\"attachment-large size-large wp-post-image\" alt=\"bubbele glazen deur steellook\" srcset=\"https:\/\/www.dochyglas.be\/wp-content\/uploads\/2023\/10\/ps1-1024x676.jpg 1024w, https:\/\/www.dochyglas.be\/wp-content\/uploads\/2023\/10\/ps1-300x198.jpg 300w, https:\/\/www.dochyglas.be\/wp-content\/uploads\/2023\/10\/ps1.jpg 2000w\" sizes=\"auto, (max-width: 1024px) 100vw, 1024px\" \/><\/div><div class=\"w-vwrapper usg_vwrapper_1 align_none valign_top\"><h2 class=\"w-post-elm post_title usg_post_title_1 has_text_color entry-title color_link_inherit\">Portes en verre &#8211; steellook<\/h2><\/div>\t\t<\/div>\r\n\t<\/article>\r\n\t<article class=\"w-grid-item size_1x1 post-1195 realisatie type-realisatie status-publish has-post-thumbnail hentry realisaties-renovation-du-verre\" data-id=\"1195\">\r\n\t\t<div class=\"w-grid-item-h\">\r\n\t\t\t\t\t\t\t<a ref=\"magnificPopupGrid\" href=\"https:\/\/www.dochyglas.be\/wp-content\/uploads\/2023\/10\/Lousbergskaai-redo-2.jpg\" class=\"w-grid-item-anchor\" aria-label=\"Profils de r\u00e9novation\" title=\"glasrenovatie Dochy Veurne\"><\/a>\r\n\t\t\t\t\t\t<div class=\"w-post-elm post_image usg_post_image_1 stretched\"><img loading=\"lazy\" decoding=\"async\" width=\"768\" height=\"1024\" src=\"https:\/\/www.dochyglas.be\/wp-content\/uploads\/2023\/10\/Lousbergskaai-redo-2-768x1024.jpg\" class=\"attachment-large size-large wp-post-image\" alt=\"glasrenovatie Dochy Veurne\" srcset=\"https:\/\/www.dochyglas.be\/wp-content\/uploads\/2023\/10\/Lousbergskaai-redo-2-768x1024.jpg 768w, https:\/\/www.dochyglas.be\/wp-content\/uploads\/2023\/10\/Lousbergskaai-redo-2-225x300.jpg 225w, https:\/\/www.dochyglas.be\/wp-content\/uploads\/2023\/10\/Lousbergskaai-redo-2.jpg 1536w\" sizes=\"auto, (max-width: 768px) 100vw, 768px\" \/><\/div><div class=\"w-vwrapper usg_vwrapper_1 align_none valign_top\"><h2 class=\"w-post-elm post_title usg_post_title_1 has_text_color entry-title color_link_inherit\">Profils de r\u00e9novation<\/h2><\/div>\t\t<\/div>\r\n\t<\/article>\r\n\t<article class=\"w-grid-item size_1x1 post-1196 realisatie type-realisatie status-publish has-post-thumbnail hentry realisaties-renovation-du-verre\" data-id=\"1196\">\r\n\t\t<div class=\"w-grid-item-h\">\r\n\t\t\t\t\t\t\t<a ref=\"magnificPopupGrid\" href=\"https:\/\/www.dochyglas.be\/wp-content\/uploads\/2023\/10\/renovatieprofielen-Dochy-scaled.jpg\" class=\"w-grid-item-anchor\" aria-label=\"Boulons en croix\" title=\"renovatie raamprofielen Dochy Glas\"><\/a>\r\n\t\t\t\t\t\t<div class=\"w-post-elm post_image usg_post_image_1 stretched\"><img loading=\"lazy\" decoding=\"async\" width=\"768\" height=\"1024\" src=\"https:\/\/www.dochyglas.be\/wp-content\/uploads\/2023\/10\/renovatieprofielen-Dochy-768x1024.jpg\" class=\"attachment-large size-large wp-post-image\" alt=\"renovatie raamprofielen Dochy Glas\" srcset=\"https:\/\/www.dochyglas.be\/wp-content\/uploads\/2023\/10\/renovatieprofielen-Dochy-768x1024.jpg 768w, https:\/\/www.dochyglas.be\/wp-content\/uploads\/2023\/10\/renovatieprofielen-Dochy-225x300.jpg 225w, https:\/\/www.dochyglas.be\/wp-content\/uploads\/2023\/10\/renovatieprofielen-Dochy-scaled.jpg 1920w\" sizes=\"auto, (max-width: 768px) 100vw, 768px\" \/><\/div><div class=\"w-vwrapper usg_vwrapper_1 align_none valign_top\"><h2 class=\"w-post-elm post_title usg_post_title_1 has_text_color entry-title color_link_inherit\">Boulons en croix<\/h2><\/div>\t\t<\/div>\r\n\t<\/article>\r\n\t<article class=\"w-grid-item size_1x1 post-1197 realisatie type-realisatie status-publish has-post-thumbnail hentry realisaties-renovation-du-verre\" data-id=\"1197\">\r\n\t\t<div class=\"w-grid-item-h\">\r\n\t\t\t\t\t\t\t<a ref=\"magnificPopupGrid\" href=\"https:\/\/www.dochyglas.be\/wp-content\/uploads\/2023\/10\/balustrade-glazen-trap.jpg\" class=\"w-grid-item-anchor\" aria-label=\"Escalier en verre \u00e0 balustrade\" title=\"Escalier en verre \u00e0 balustrade\"><\/a>\r\n\t\t\t\t\t\t<div class=\"w-post-elm post_image usg_post_image_1 stretched\"><img loading=\"lazy\" decoding=\"async\" width=\"767\" height=\"1024\" src=\"https:\/\/www.dochyglas.be\/wp-content\/uploads\/2023\/10\/balustrade-glazen-trap-767x1024.jpg\" class=\"attachment-large size-large wp-post-image\" alt=\"\" srcset=\"https:\/\/www.dochyglas.be\/wp-content\/uploads\/2023\/10\/balustrade-glazen-trap-767x1024.jpg 767w, https:\/\/www.dochyglas.be\/wp-content\/uploads\/2023\/10\/balustrade-glazen-trap-225x300.jpg 225w, https:\/\/www.dochyglas.be\/wp-content\/uploads\/2023\/10\/balustrade-glazen-trap.jpg 1499w\" sizes=\"auto, (max-width: 767px) 100vw, 767px\" \/><\/div><div class=\"w-vwrapper usg_vwrapper_1 align_none valign_top\"><h2 class=\"w-post-elm post_title usg_post_title_1 has_text_color entry-title color_link_inherit\">Escalier en verre \u00e0 balustrade<\/h2><\/div>\t\t<\/div>\r\n\t<\/article>\r\n\t<article class=\"w-grid-item size_1x1 post-1198 realisatie type-realisatie status-publish has-post-thumbnail hentry realisaties-renovation-du-verre\" data-id=\"1198\">\r\n\t\t<div class=\"w-grid-item-h\">\r\n\t\t\t\t\t\t\t<a ref=\"magnificPopupGrid\" href=\"https:\/\/www.dochyglas.be\/wp-content\/uploads\/2023\/10\/glazen-wanden-gezandstraald-office.jpg\" class=\"w-grid-item-anchor\" aria-label=\"Murs en verre sabl\u00e9\" title=\"Murs en verre sabl\u00e9\"><\/a>\r\n\t\t\t\t\t\t<div class=\"w-post-elm post_image usg_post_image_1 stretched\"><img loading=\"lazy\" decoding=\"async\" width=\"1024\" height=\"767\" src=\"https:\/\/www.dochyglas.be\/wp-content\/uploads\/2023\/10\/glazen-wanden-gezandstraald-office-1024x767.jpg\" class=\"attachment-large size-large wp-post-image\" alt=\"\" srcset=\"https:\/\/www.dochyglas.be\/wp-content\/uploads\/2023\/10\/glazen-wanden-gezandstraald-office-1024x767.jpg 1024w, https:\/\/www.dochyglas.be\/wp-content\/uploads\/2023\/10\/glazen-wanden-gezandstraald-office-300x225.jpg 300w, https:\/\/www.dochyglas.be\/wp-content\/uploads\/2023\/10\/glazen-wanden-gezandstraald-office.jpg 2000w\" sizes=\"auto, (max-width: 1024px) 100vw, 1024px\" \/><\/div><div class=\"w-vwrapper usg_vwrapper_1 align_none valign_top\"><h2 class=\"w-post-elm post_title usg_post_title_1 has_text_color entry-title color_link_inherit\">Murs en verre sabl\u00e9<\/h2><\/div>\t\t<\/div>\r\n\t<\/article>\r\n\t<article class=\"w-grid-item size_1x1 post-1199 realisatie type-realisatie status-publish has-post-thumbnail hentry realisaties-renovation-du-verre\" data-id=\"1199\">\r\n\t\t<div class=\"w-grid-item-h\">\r\n\t\t\t\t\t\t\t<a ref=\"magnificPopupGrid\" href=\"https:\/\/www.dochyglas.be\/wp-content\/uploads\/2023\/10\/Glazen-trap-balustrade-in-veiligheidsglas-door-Dochy-Glas.jpg\" class=\"w-grid-item-anchor\" aria-label=\"Balustrade d&rsquo;escalier en verre\" title=\"Balustrade d&rsquo;escalier en verre\"><\/a>\r\n\t\t\t\t\t\t<div class=\"w-post-elm post_image usg_post_image_1 stretched\"><img loading=\"lazy\" decoding=\"async\" width=\"1024\" height=\"767\" src=\"https:\/\/www.dochyglas.be\/wp-content\/uploads\/2023\/10\/Glazen-trap-balustrade-in-veiligheidsglas-door-Dochy-Glas-1024x767.jpg\" class=\"attachment-large size-large wp-post-image\" alt=\"\" srcset=\"https:\/\/www.dochyglas.be\/wp-content\/uploads\/2023\/10\/Glazen-trap-balustrade-in-veiligheidsglas-door-Dochy-Glas-1024x767.jpg 1024w, https:\/\/www.dochyglas.be\/wp-content\/uploads\/2023\/10\/Glazen-trap-balustrade-in-veiligheidsglas-door-Dochy-Glas-300x225.jpg 300w\" sizes=\"auto, (max-width: 1024px) 100vw, 1024px\" \/><\/div><div class=\"w-vwrapper usg_vwrapper_1 align_none valign_top\"><h2 class=\"w-post-elm post_title usg_post_title_1 has_text_color entry-title color_link_inherit\">Balustrade d&rsquo;escalier en verre<\/h2><\/div>\t\t<\/div>\r\n\t<\/article>\r\n\t<article class=\"w-grid-item size_1x1 post-1200 realisatie type-realisatie status-publish has-post-thumbnail hentry realisaties-renovation-du-verre\" data-id=\"1200\">\r\n\t\t<div class=\"w-grid-item-h\">\r\n\t\t\t\t\t\t\t<a ref=\"magnificPopupGrid\" href=\"https:\/\/www.dochyglas.be\/wp-content\/uploads\/2023\/10\/MOBIELE-TORENKRAAN-IEPER-A.jpg\" class=\"w-grid-item-anchor\" aria-label=\"Remplacement du verre par une grue \u00e0 tour\" title=\"Remplacement du verre par une grue \u00e0 tour\"><\/a>\r\n\t\t\t\t\t\t<div class=\"w-post-elm post_image usg_post_image_1 stretched\"><img loading=\"lazy\" decoding=\"async\" width=\"768\" height=\"1024\" src=\"https:\/\/www.dochyglas.be\/wp-content\/uploads\/2023\/10\/MOBIELE-TORENKRAAN-IEPER-A-768x1024.jpg\" class=\"attachment-large size-large wp-post-image\" alt=\"\" srcset=\"https:\/\/www.dochyglas.be\/wp-content\/uploads\/2023\/10\/MOBIELE-TORENKRAAN-IEPER-A-768x1024.jpg 768w, https:\/\/www.dochyglas.be\/wp-content\/uploads\/2023\/10\/MOBIELE-TORENKRAAN-IEPER-A-225x300.jpg 225w, https:\/\/www.dochyglas.be\/wp-content\/uploads\/2023\/10\/MOBIELE-TORENKRAAN-IEPER-A.jpg 1500w\" sizes=\"auto, (max-width: 768px) 100vw, 768px\" \/><\/div><div class=\"w-vwrapper usg_vwrapper_1 align_none valign_top\"><h2 class=\"w-post-elm post_title usg_post_title_1 has_text_color entry-title color_link_inherit\">Remplacement du verre par une grue \u00e0 tour<\/h2><\/div>\t\t<\/div>\r\n\t<\/article>\r\n\t<article class=\"w-grid-item size_1x1 post-1201 realisatie type-realisatie status-publish has-post-thumbnail hentry realisaties-renovation-du-verre\" data-id=\"1201\">\r\n\t\t<div class=\"w-grid-item-h\">\r\n\t\t\t\t\t\t\t<a ref=\"magnificPopupGrid\" href=\"https:\/\/www.dochyglas.be\/wp-content\/uploads\/2023\/10\/balustrade-buiten-houten-terrasplanken.jpg\" class=\"w-grid-item-anchor\" aria-label=\"Balustrade ext\u00e9rieure\" title=\"Balustrade ext\u00e9rieure\"><\/a>\r\n\t\t\t\t\t\t<div class=\"w-post-elm post_image usg_post_image_1 stretched\"><img loading=\"lazy\" decoding=\"async\" width=\"1024\" height=\"614\" src=\"https:\/\/www.dochyglas.be\/wp-content\/uploads\/2023\/10\/balustrade-buiten-houten-terrasplanken-1024x614.jpg\" class=\"attachment-large size-large wp-post-image\" alt=\"\" srcset=\"https:\/\/www.dochyglas.be\/wp-content\/uploads\/2023\/10\/balustrade-buiten-houten-terrasplanken-1024x614.jpg 1024w, https:\/\/www.dochyglas.be\/wp-content\/uploads\/2023\/10\/balustrade-buiten-houten-terrasplanken-300x180.jpg 300w, https:\/\/www.dochyglas.be\/wp-content\/uploads\/2023\/10\/balustrade-buiten-houten-terrasplanken.jpg 2000w\" sizes=\"auto, (max-width: 1024px) 100vw, 1024px\" \/><\/div><div class=\"w-vwrapper usg_vwrapper_1 align_none valign_top\"><h2 class=\"w-post-elm post_title usg_post_title_1 has_text_color entry-title color_link_inherit\">Balustrade ext\u00e9rieure<\/h2><\/div>\t\t<\/div>\r\n\t<\/article>\r\n\t<article class=\"w-grid-item size_1x1 post-1202 realisatie type-realisatie status-publish has-post-thumbnail hentry realisaties-renovation-du-verre\" data-id=\"1202\">\r\n\t\t<div class=\"w-grid-item-h\">\r\n\t\t\t\t\t\t\t<a ref=\"magnificPopupGrid\" href=\"https:\/\/www.dochyglas.be\/wp-content\/uploads\/2023\/10\/balustrade-buiten.jpg\" class=\"w-grid-item-anchor\" aria-label=\"Balustrade ext\u00e9rieure\" title=\"Glazen terrasbalustrade buiten Dochy Glas\"><\/a>\r\n\t\t\t\t\t\t<div class=\"w-post-elm post_image usg_post_image_1 stretched\"><img loading=\"lazy\" decoding=\"async\" width=\"1024\" height=\"767\" src=\"https:\/\/www.dochyglas.be\/wp-content\/uploads\/2023\/10\/balustrade-buiten-1024x767.jpg\" class=\"attachment-large size-large wp-post-image\" alt=\"Glazen terrasbalustrade buiten Dochy Glas\" srcset=\"https:\/\/www.dochyglas.be\/wp-content\/uploads\/2023\/10\/balustrade-buiten-1024x767.jpg 1024w, https:\/\/www.dochyglas.be\/wp-content\/uploads\/2023\/10\/balustrade-buiten-300x225.jpg 300w, https:\/\/www.dochyglas.be\/wp-content\/uploads\/2023\/10\/balustrade-buiten.jpg 2000w\" sizes=\"auto, (max-width: 1024px) 100vw, 1024px\" \/><\/div><div class=\"w-vwrapper usg_vwrapper_1 align_none valign_top\"><h2 class=\"w-post-elm post_title usg_post_title_1 has_text_color entry-title color_link_inherit\">Balustrade ext\u00e9rieure<\/h2><\/div>\t\t<\/div>\r\n\t<\/article>\r\n\t<article class=\"w-grid-item size_1x1 post-1203 realisatie type-realisatie status-publish has-post-thumbnail hentry realisaties-renovation-du-verre\" data-id=\"1203\">\r\n\t\t<div class=\"w-grid-item-h\">\r\n\t\t\t\t\t\t\t<a ref=\"magnificPopupGrid\" href=\"https:\/\/www.dochyglas.be\/wp-content\/uploads\/2023\/10\/Geluidswerend-Glas-Jumboruit-Technocat-A-plaatsing-door-Dochy-Glas.jpg\" class=\"w-grid-item-anchor\" aria-label=\"Verre insonoris\u00e9 Jumboruit Technocat A\" title=\"Verre insonoris\u00e9 Jumboruit Technocat A\"><\/a>\r\n\t\t\t\t\t\t<div class=\"w-post-elm post_image usg_post_image_1 stretched\"><img loading=\"lazy\" decoding=\"async\" width=\"1024\" height=\"768\" src=\"https:\/\/www.dochyglas.be\/wp-content\/uploads\/2023\/10\/Geluidswerend-Glas-Jumboruit-Technocat-A-plaatsing-door-Dochy-Glas-1024x768.jpg\" class=\"attachment-large size-large wp-post-image\" alt=\"\" srcset=\"https:\/\/www.dochyglas.be\/wp-content\/uploads\/2023\/10\/Geluidswerend-Glas-Jumboruit-Technocat-A-plaatsing-door-Dochy-Glas-1024x768.jpg 1024w, https:\/\/www.dochyglas.be\/wp-content\/uploads\/2023\/10\/Geluidswerend-Glas-Jumboruit-Technocat-A-plaatsing-door-Dochy-Glas-300x225.jpg 300w, https:\/\/www.dochyglas.be\/wp-content\/uploads\/2023\/10\/Geluidswerend-Glas-Jumboruit-Technocat-A-plaatsing-door-Dochy-Glas.jpg 2000w\" sizes=\"auto, (max-width: 1024px) 100vw, 1024px\" \/><\/div><div class=\"w-vwrapper usg_vwrapper_1 align_none valign_top\"><h2 class=\"w-post-elm post_title usg_post_title_1 has_text_color entry-title color_link_inherit\">Verre insonoris\u00e9 Jumboruit Technocat A<\/h2><\/div>\t\t<\/div>\r\n\t<\/article>\r\n\t<article class=\"w-grid-item size_1x1 post-1204 realisatie type-realisatie status-publish has-post-thumbnail hentry realisaties-renovation-du-verre\" data-id=\"1204\">\r\n\t\t<div class=\"w-grid-item-h\">\r\n\t\t\t\t\t\t\t<a ref=\"magnificPopupGrid\" href=\"https:\/\/www.dochyglas.be\/wp-content\/uploads\/2023\/10\/Installatie-GEBOGEN-RUIT-door-Dochy.jpg\" class=\"w-grid-item-anchor\" aria-label=\"Fen\u00eatre courbe\" title=\"Gebogen glas plaatsing door Dochy Glas\"><\/a>\r\n\t\t\t\t\t\t<div class=\"w-post-elm post_image usg_post_image_1 stretched\"><img loading=\"lazy\" decoding=\"async\" width=\"768\" height=\"1024\" src=\"https:\/\/www.dochyglas.be\/wp-content\/uploads\/2023\/10\/Installatie-GEBOGEN-RUIT-door-Dochy-768x1024.jpg\" class=\"attachment-large size-large wp-post-image\" alt=\"Gebogen glas plaatsing door Dochy Glas\" srcset=\"https:\/\/www.dochyglas.be\/wp-content\/uploads\/2023\/10\/Installatie-GEBOGEN-RUIT-door-Dochy-768x1024.jpg 768w, https:\/\/www.dochyglas.be\/wp-content\/uploads\/2023\/10\/Installatie-GEBOGEN-RUIT-door-Dochy-225x300.jpg 225w, https:\/\/www.dochyglas.be\/wp-content\/uploads\/2023\/10\/Installatie-GEBOGEN-RUIT-door-Dochy.jpg 1500w\" sizes=\"auto, (max-width: 768px) 100vw, 768px\" \/><\/div><div class=\"w-vwrapper usg_vwrapper_1 align_none valign_top\"><h2 class=\"w-post-elm post_title usg_post_title_1 has_text_color entry-title color_link_inherit\">Fen\u00eatre courbe<\/h2><\/div>\t\t<\/div>\r\n\t<\/article>\r\n\t<article class=\"w-grid-item size_1x1 post-1205 realisatie type-realisatie status-publish has-post-thumbnail hentry realisaties-renovation-du-verre\" data-id=\"1205\">\r\n\t\t<div class=\"w-grid-item-h\">\r\n\t\t\t\t\t\t\t<a ref=\"magnificPopupGrid\" href=\"https:\/\/www.dochyglas.be\/wp-content\/uploads\/2023\/10\/Plaatsing-raamprofielen-glasrenovatie-Dochy-Glas.jpg\" class=\"w-grid-item-anchor\" aria-label=\"R\u00e9paration avec des boulons en croix\" title=\"renovatie van raamprofielen\"><\/a>\r\n\t\t\t\t\t\t<div class=\"w-post-elm post_image usg_post_image_1 stretched\"><img loading=\"lazy\" decoding=\"async\" width=\"768\" height=\"1024\" src=\"https:\/\/www.dochyglas.be\/wp-content\/uploads\/2023\/10\/Plaatsing-raamprofielen-glasrenovatie-Dochy-Glas-768x1024.jpg\" class=\"attachment-large size-large wp-post-image\" alt=\"renovatie van raamprofielen\" srcset=\"https:\/\/www.dochyglas.be\/wp-content\/uploads\/2023\/10\/Plaatsing-raamprofielen-glasrenovatie-Dochy-Glas-768x1024.jpg 768w, https:\/\/www.dochyglas.be\/wp-content\/uploads\/2023\/10\/Plaatsing-raamprofielen-glasrenovatie-Dochy-Glas-225x300.jpg 225w, https:\/\/www.dochyglas.be\/wp-content\/uploads\/2023\/10\/Plaatsing-raamprofielen-glasrenovatie-Dochy-Glas.jpg 1500w\" sizes=\"auto, (max-width: 768px) 100vw, 768px\" \/><\/div><div class=\"w-vwrapper usg_vwrapper_1 align_none valign_top\"><h2 class=\"w-post-elm post_title usg_post_title_1 has_text_color entry-title color_link_inherit\">R\u00e9paration avec des boulons en croix<\/h2><\/div>\t\t<\/div>\r\n\t<\/article>\r\n\t<article class=\"w-grid-item size_1x1 post-1206 realisatie type-realisatie status-publish has-post-thumbnail hentry realisaties-reparation-de-verre\" data-id=\"1206\">\r\n\t\t<div class=\"w-grid-item-h\">\r\n\t\t\t\t\t\t\t<a ref=\"magnificPopupGrid\" href=\"https:\/\/www.dochyglas.be\/wp-content\/uploads\/2023\/10\/Herstelling-glasbreuk-door-Dochy-Glas.jpg\" class=\"w-grid-item-anchor\" aria-label=\"R\u00e9paration de bris de glace\" title=\"glasbreuk herstelling door Dochy Glas\"><\/a>\r\n\t\t\t\t\t\t<div class=\"w-post-elm post_image usg_post_image_1 stretched\"><img loading=\"lazy\" decoding=\"async\" width=\"768\" height=\"1024\" src=\"https:\/\/www.dochyglas.be\/wp-content\/uploads\/2023\/10\/Herstelling-glasbreuk-door-Dochy-Glas-768x1024.jpg\" class=\"attachment-large size-large wp-post-image\" alt=\"glasbreuk herstelling door Dochy Glas\" srcset=\"https:\/\/www.dochyglas.be\/wp-content\/uploads\/2023\/10\/Herstelling-glasbreuk-door-Dochy-Glas-768x1024.jpg 768w, https:\/\/www.dochyglas.be\/wp-content\/uploads\/2023\/10\/Herstelling-glasbreuk-door-Dochy-Glas-225x300.jpg 225w, https:\/\/www.dochyglas.be\/wp-content\/uploads\/2023\/10\/Herstelling-glasbreuk-door-Dochy-Glas.jpg 1500w\" sizes=\"auto, (max-width: 768px) 100vw, 768px\" \/><\/div><div class=\"w-vwrapper usg_vwrapper_1 align_none valign_top\"><h2 class=\"w-post-elm post_title usg_post_title_1 has_text_color entry-title color_link_inherit\">R\u00e9paration de bris de glace<\/h2><\/div>\t\t<\/div>\r\n\t<\/article>\r\n\t<article class=\"w-grid-item size_1x1 post-1207 realisatie type-realisatie status-publish has-post-thumbnail hentry realisaties-vitres-de-projet\" data-id=\"1207\">\r\n\t\t<div class=\"w-grid-item-h\">\r\n\t\t\t\t\t\t\t<a ref=\"magnificPopupGrid\" href=\"https:\/\/www.dochyglas.be\/wp-content\/uploads\/2023\/10\/Glazen-terrasbalustrade-in-een-moderne-villa-door-Dochy-villa.jpg\" class=\"w-grid-item-anchor\" aria-label=\"Balustrade de terrasse en verre\" title=\"Balustrade de terrasse en verre\"><\/a>\r\n\t\t\t\t\t\t<div class=\"w-post-elm post_image usg_post_image_1 stretched\"><img loading=\"lazy\" decoding=\"async\" width=\"1024\" height=\"768\" src=\"https:\/\/www.dochyglas.be\/wp-content\/uploads\/2023\/10\/Glazen-terrasbalustrade-in-een-moderne-villa-door-Dochy-villa-1024x768.jpg\" class=\"attachment-large size-large wp-post-image\" alt=\"\" srcset=\"https:\/\/www.dochyglas.be\/wp-content\/uploads\/2023\/10\/Glazen-terrasbalustrade-in-een-moderne-villa-door-Dochy-villa-1024x768.jpg 1024w, https:\/\/www.dochyglas.be\/wp-content\/uploads\/2023\/10\/Glazen-terrasbalustrade-in-een-moderne-villa-door-Dochy-villa-300x225.jpg 300w, https:\/\/www.dochyglas.be\/wp-content\/uploads\/2023\/10\/Glazen-terrasbalustrade-in-een-moderne-villa-door-Dochy-villa.jpg 2000w\" sizes=\"auto, (max-width: 1024px) 100vw, 1024px\" \/><\/div><div class=\"w-vwrapper usg_vwrapper_1 align_none valign_top\"><h2 class=\"w-post-elm post_title usg_post_title_1 has_text_color entry-title color_link_inherit\">Balustrade de terrasse en verre<\/h2><\/div>\t\t<\/div>\r\n\t<\/article>\r\n\t<article class=\"w-grid-item size_1x1 post-1208 realisatie type-realisatie status-publish has-post-thumbnail hentry realisaties-verre-dinterieur\" data-id=\"1208\">\r\n\t\t<div class=\"w-grid-item-h\">\r\n\t\t\t\t\t\t\t<a ref=\"magnificPopupGrid\" href=\"https:\/\/www.dochyglas.be\/wp-content\/uploads\/2023\/10\/Installatie-afgerond-raam-door-Dochy.jpg\" class=\"w-grid-item-anchor\" aria-label=\"Installation \u00e0 l&rsquo;aide d&rsquo;une grue\" title=\"Installation \u00e0 l&rsquo;aide d&rsquo;une grue\"><\/a>\r\n\t\t\t\t\t\t<div class=\"w-post-elm post_image usg_post_image_1 stretched\"><img loading=\"lazy\" decoding=\"async\" width=\"819\" height=\"1024\" src=\"https:\/\/www.dochyglas.be\/wp-content\/uploads\/2023\/10\/Installatie-afgerond-raam-door-Dochy-819x1024.jpg\" class=\"attachment-large size-large wp-post-image\" alt=\"\" srcset=\"https:\/\/www.dochyglas.be\/wp-content\/uploads\/2023\/10\/Installatie-afgerond-raam-door-Dochy-819x1024.jpg 819w, https:\/\/www.dochyglas.be\/wp-content\/uploads\/2023\/10\/Installatie-afgerond-raam-door-Dochy-240x300.jpg 240w, https:\/\/www.dochyglas.be\/wp-content\/uploads\/2023\/10\/Installatie-afgerond-raam-door-Dochy.jpg 1600w\" sizes=\"auto, (max-width: 819px) 100vw, 819px\" \/><\/div><div class=\"w-vwrapper usg_vwrapper_1 align_none valign_top\"><h2 class=\"w-post-elm post_title usg_post_title_1 has_text_color entry-title color_link_inherit\">Installation \u00e0 l&rsquo;aide d&rsquo;une grue<\/h2><\/div>\t\t<\/div>\r\n\t<\/article>\r\n\t<article class=\"w-grid-item size_1x1 post-1209 realisatie type-realisatie status-publish has-post-thumbnail hentry realisaties-renovation-du-verre\" data-id=\"1209\">\r\n\t\t<div class=\"w-grid-item-h\">\r\n\t\t\t\t\t\t\t<a ref=\"magnificPopupGrid\" href=\"https:\/\/www.dochyglas.be\/wp-content\/uploads\/2023\/10\/Installatie-groot-raam-1ste-verdiep-door-Dochy-e1697544058993.jpg\" class=\"w-grid-item-anchor\" aria-label=\"Installation \u00e0 l&rsquo;aide d&rsquo;une grue\" title=\"Installation \u00e0 l&rsquo;aide d&rsquo;une grue\"><\/a>\r\n\t\t\t\t\t\t<div class=\"w-post-elm post_image usg_post_image_1 stretched\"><img loading=\"lazy\" decoding=\"async\" width=\"1024\" height=\"861\" src=\"https:\/\/www.dochyglas.be\/wp-content\/uploads\/2023\/10\/Installatie-groot-raam-1ste-verdiep-door-Dochy-1024x861.jpg\" class=\"attachment-large size-large wp-post-image\" alt=\"\" srcset=\"https:\/\/www.dochyglas.be\/wp-content\/uploads\/2023\/10\/Installatie-groot-raam-1ste-verdiep-door-Dochy-1024x861.jpg 1024w, https:\/\/www.dochyglas.be\/wp-content\/uploads\/2023\/10\/Installatie-groot-raam-1ste-verdiep-door-Dochy-300x252.jpg 300w, https:\/\/www.dochyglas.be\/wp-content\/uploads\/2023\/10\/Installatie-groot-raam-1ste-verdiep-door-Dochy.jpg 2000w\" sizes=\"auto, (max-width: 1024px) 100vw, 1024px\" \/><\/div><div class=\"w-vwrapper usg_vwrapper_1 align_none valign_top\"><h2 class=\"w-post-elm post_title usg_post_title_1 has_text_color entry-title color_link_inherit\">Installation \u00e0 l&rsquo;aide d&rsquo;une grue<\/h2><\/div>\t\t<\/div>\r\n\t<\/article>\r\n\t<article class=\"w-grid-item size_1x1 post-1210 realisatie type-realisatie status-publish has-post-thumbnail hentry realisaties-reparation-de-verre\" data-id=\"1210\">\r\n\t\t<div class=\"w-grid-item-h\">\r\n\t\t\t\t\t\t\t<a ref=\"magnificPopupGrid\" href=\"https:\/\/www.dochyglas.be\/wp-content\/uploads\/2023\/10\/3-Dochy-installateurs-plaatsen-raam-met-zuignappen.jpg\" class=\"w-grid-item-anchor\" aria-label=\"Installation \u00e0 l&rsquo;aide d&rsquo;une grue\" title=\"Installation \u00e0 l&rsquo;aide d&rsquo;une grue\"><\/a>\r\n\t\t\t\t\t\t<div class=\"w-post-elm post_image usg_post_image_1 stretched\"><img loading=\"lazy\" decoding=\"async\" width=\"1024\" height=\"768\" src=\"https:\/\/www.dochyglas.be\/wp-content\/uploads\/2023\/10\/3-Dochy-installateurs-plaatsen-raam-met-zuignappen-1024x768.jpg\" class=\"attachment-large size-large wp-post-image\" alt=\"\" srcset=\"https:\/\/www.dochyglas.be\/wp-content\/uploads\/2023\/10\/3-Dochy-installateurs-plaatsen-raam-met-zuignappen-1024x768.jpg 1024w, https:\/\/www.dochyglas.be\/wp-content\/uploads\/2023\/10\/3-Dochy-installateurs-plaatsen-raam-met-zuignappen-300x225.jpg 300w, https:\/\/www.dochyglas.be\/wp-content\/uploads\/2023\/10\/3-Dochy-installateurs-plaatsen-raam-met-zuignappen.jpg 2000w\" sizes=\"auto, (max-width: 1024px) 100vw, 1024px\" \/><\/div><div class=\"w-vwrapper usg_vwrapper_1 align_none valign_top\"><h2 class=\"w-post-elm post_title usg_post_title_1 has_text_color entry-title color_link_inherit\">Installation \u00e0 l&rsquo;aide d&rsquo;une grue<\/h2><\/div>\t\t<\/div>\r\n\t<\/article>\r\n<\/div><div class=\"w-grid-preloader\">\t<div class=\"g-preloader type_1\">\r\n\t\t<div><\/div>\r\n\t<\/div>\r\n\t<\/div>\t<div class=\"w-grid-json hidden\" onclick='return {&quot;action&quot;:&quot;us_ajax_grid&quot;,&quot;ajax_url&quot;:&quot;https:\\\/\\\/www.dochyglas.be\\\/wp-admin\\\/admin-ajax.php&quot;,&quot;infinite_scroll&quot;:0,&quot;max_num_pages&quot;:1,&quot;pagination&quot;:&quot;none&quot;,&quot;template_vars&quot;:{&quot;columns&quot;:&quot;4&quot;,&quot;exclude_items&quot;:&quot;none&quot;,&quot;img_size&quot;:&quot;default&quot;,&quot;ignore_items_size&quot;:0,&quot;items_layout&quot;:&quot;428&quot;,&quot;items_offset&quot;:&quot;1&quot;,&quot;load_animation&quot;:&quot;none&quot;,&quot;overriding_link&quot;:&quot;%7B%22type%22%3A%22popup_image%22%7D&quot;,&quot;post_id&quot;:0,&quot;query_args&quot;:{&quot;post_type&quot;:[&quot;realisatie&quot;],&quot;post_status&quot;:[&quot;publish&quot;,&quot;acf-disabled&quot;],&quot;posts_per_page&quot;:999},&quot;orderby_query_args&quot;:{&quot;orderby&quot;:{&quot;date&quot;:&quot;DESC&quot;}},&quot;type&quot;:&quot;grid&quot;,&quot;us_grid_ajax_index&quot;:1,&quot;us_grid_filter_params&quot;:[],&quot;us_grid_index&quot;:1,&quot;_us_grid_post_type&quot;:&quot;realisatie&quot;,&quot;page_args&quot;:[],&quot;lang&quot;:&quot;fr&quot;}}'><\/div>\r\n\t<\/div><\/div><\/div><\/div><\/div><\/div><\/section>\n","protected":false},"excerpt":{"rendered":"","protected":false},"author":1,"featured_media":237,"parent":0,"menu_order":1,"comment_status":"closed","ping_status":"closed","template":"","meta":{"footnotes":""},"class_list":["post-1164","page","type-page","status-publish","has-post-thumbnail","hentry"],"acf":[],"yoast_head":"<!-- This site is optimized with the Yoast SEO plugin v26.4 - https:\/\/yoast.com\/wordpress\/plugins\/seo\/ -->\n<title>R\u00e9alisations de Vitrage | Dochy Glas Veurne<\/title>\n<meta name=\"description\" content=\"Laissez-vous inspirer par ces r\u00e9alisations de vitrage par Dochy Glas en Flandre-Occidentale et ses environs. Contactez-nous.\" \/>\n<meta name=\"robots\" content=\"index, follow, max-snippet:-1, max-image-preview:large, max-video-preview:-1\" \/>\n<link rel=\"canonical\" href=\"https:\/\/www.dochyglas.be\/fr\/realisations\/\" \/>\n<meta property=\"og:locale\" content=\"fr_FR\" \/>\n<meta property=\"og:type\" content=\"article\" \/>\n<meta property=\"og:title\" content=\"R\u00e9alisations de Vitrage | Dochy Glas Veurne\" \/>\n<meta property=\"og:description\" content=\"Laissez-vous inspirer par ces r\u00e9alisations de vitrage par Dochy Glas en Flandre-Occidentale et ses environs. Contactez-nous.\" \/>\n<meta property=\"og:url\" content=\"https:\/\/www.dochyglas.be\/fr\/realisations\/\" \/>\n<meta property=\"og:site_name\" content=\"Dochy Glas\" \/>\n<meta property=\"article:publisher\" content=\"https:\/\/www.facebook.com\/Dochyglas\" \/>\n<meta property=\"article:modified_time\" content=\"2024-03-07T13:13:21+00:00\" \/>\n<meta property=\"og:image\" content=\"https:\/\/www.dochyglas.be\/wp-content\/uploads\/2023\/09\/Dochy_interieur-e1697548767637.jpg\" \/>\n\t<meta property=\"og:image:width\" content=\"2000\" \/>\n\t<meta property=\"og:image:height\" content=\"1499\" \/>\n\t<meta property=\"og:image:type\" content=\"image\/jpeg\" \/>\n<meta name=\"twitter:card\" content=\"summary_large_image\" \/>\n<meta name=\"twitter:label1\" content=\"Dur\u00e9e de lecture estim\u00e9e\" \/>\n\t<meta name=\"twitter:data1\" content=\"1 minute\" \/>\n<script type=\"application\/ld+json\" class=\"yoast-schema-graph\">{\"@context\":\"https:\/\/schema.org\",\"@graph\":[{\"@type\":\"WebPage\",\"@id\":\"https:\/\/www.dochyglas.be\/fr\/realisations\/\",\"url\":\"https:\/\/www.dochyglas.be\/fr\/realisations\/\",\"name\":\"R\u00e9alisations de Vitrage | Dochy Glas Veurne\",\"isPartOf\":{\"@id\":\"https:\/\/www.dochyglas.be\/#website\"},\"primaryImageOfPage\":{\"@id\":\"https:\/\/www.dochyglas.be\/fr\/realisations\/#primaryimage\"},\"image\":{\"@id\":\"https:\/\/www.dochyglas.be\/fr\/realisations\/#primaryimage\"},\"thumbnailUrl\":\"https:\/\/www.dochyglas.be\/wp-content\/uploads\/2023\/09\/Dochy_interieur-e1697548767637.jpg\",\"datePublished\":\"2023-09-26T07:42:23+00:00\",\"dateModified\":\"2024-03-07T13:13:21+00:00\",\"description\":\"Laissez-vous inspirer par ces r\u00e9alisations de vitrage par Dochy Glas en Flandre-Occidentale et ses environs. Contactez-nous.\",\"breadcrumb\":{\"@id\":\"https:\/\/www.dochyglas.be\/fr\/realisations\/#breadcrumb\"},\"inLanguage\":\"fr-FR\",\"potentialAction\":[{\"@type\":\"ReadAction\",\"target\":[\"https:\/\/www.dochyglas.be\/fr\/realisations\/\"]}]},{\"@type\":\"ImageObject\",\"inLanguage\":\"fr-FR\",\"@id\":\"https:\/\/www.dochyglas.be\/fr\/realisations\/#primaryimage\",\"url\":\"https:\/\/www.dochyglas.be\/wp-content\/uploads\/2023\/09\/Dochy_interieur-e1697548767637.jpg\",\"contentUrl\":\"https:\/\/www.dochyglas.be\/wp-content\/uploads\/2023\/09\/Dochy_interieur-e1697548767637.jpg\",\"width\":2000,\"height\":1499},{\"@type\":\"BreadcrumbList\",\"@id\":\"https:\/\/www.dochyglas.be\/fr\/realisations\/#breadcrumb\",\"itemListElement\":[{\"@type\":\"ListItem\",\"position\":1,\"name\":\"Home\",\"item\":\"https:\/\/www.dochyglas.be\/fr\/\"},{\"@type\":\"ListItem\",\"position\":2,\"name\":\"R\u00e9alisations\"}]},{\"@type\":\"WebSite\",\"@id\":\"https:\/\/www.dochyglas.be\/#website\",\"url\":\"https:\/\/www.dochyglas.be\/\",\"name\":\"Dochy Glas\",\"description\":\"Glass solutions\",\"publisher\":{\"@id\":\"https:\/\/www.dochyglas.be\/#organization\"},\"alternateName\":\"Dochy\",\"potentialAction\":[{\"@type\":\"SearchAction\",\"target\":{\"@type\":\"EntryPoint\",\"urlTemplate\":\"https:\/\/www.dochyglas.be\/?s={search_term_string}\"},\"query-input\":{\"@type\":\"PropertyValueSpecification\",\"valueRequired\":true,\"valueName\":\"search_term_string\"}}],\"inLanguage\":\"fr-FR\"},{\"@type\":\"Organization\",\"@id\":\"https:\/\/www.dochyglas.be\/#organization\",\"name\":\"Dochy Glas\",\"alternateName\":\"Dochy Glass solutions\",\"url\":\"https:\/\/www.dochyglas.be\/\",\"logo\":{\"@type\":\"ImageObject\",\"inLanguage\":\"fr-FR\",\"@id\":\"https:\/\/www.dochyglas.be\/#\/schema\/logo\/image\/\",\"url\":\"https:\/\/www.dochyglas.be\/wp-content\/uploads\/2023\/09\/DochyGlas_logo_kleur-e1695737229567.png\",\"contentUrl\":\"https:\/\/www.dochyglas.be\/wp-content\/uploads\/2023\/09\/DochyGlas_logo_kleur-e1695737229567.png\",\"width\":6853,\"height\":3160,\"caption\":\"Dochy Glas\"},\"image\":{\"@id\":\"https:\/\/www.dochyglas.be\/#\/schema\/logo\/image\/\"},\"sameAs\":[\"https:\/\/www.facebook.com\/Dochyglas\",\"https:\/\/www.instagram.com\/dochyglas\/\"]}]}<\/script>\n<!-- \/ Yoast SEO plugin. -->","yoast_head_json":{"title":"R\u00e9alisations de Vitrage | Dochy Glas Veurne","description":"Laissez-vous inspirer par ces r\u00e9alisations de vitrage par Dochy Glas en Flandre-Occidentale et ses environs. Contactez-nous.","robots":{"index":"index","follow":"follow","max-snippet":"max-snippet:-1","max-image-preview":"max-image-preview:large","max-video-preview":"max-video-preview:-1"},"canonical":"https:\/\/www.dochyglas.be\/fr\/realisations\/","og_locale":"fr_FR","og_type":"article","og_title":"R\u00e9alisations de Vitrage | Dochy Glas Veurne","og_description":"Laissez-vous inspirer par ces r\u00e9alisations de vitrage par Dochy Glas en Flandre-Occidentale et ses environs. Contactez-nous.","og_url":"https:\/\/www.dochyglas.be\/fr\/realisations\/","og_site_name":"Dochy Glas","article_publisher":"https:\/\/www.facebook.com\/Dochyglas","article_modified_time":"2024-03-07T13:13:21+00:00","og_image":[{"width":2000,"height":1499,"url":"https:\/\/www.dochyglas.be\/wp-content\/uploads\/2023\/09\/Dochy_interieur-e1697548767637.jpg","type":"image\/jpeg"}],"twitter_card":"summary_large_image","twitter_misc":{"Dur\u00e9e de lecture estim\u00e9e":"1 minute"},"schema":{"@context":"https:\/\/schema.org","@graph":[{"@type":"WebPage","@id":"https:\/\/www.dochyglas.be\/fr\/realisations\/","url":"https:\/\/www.dochyglas.be\/fr\/realisations\/","name":"R\u00e9alisations de Vitrage | Dochy Glas Veurne","isPartOf":{"@id":"https:\/\/www.dochyglas.be\/#website"},"primaryImageOfPage":{"@id":"https:\/\/www.dochyglas.be\/fr\/realisations\/#primaryimage"},"image":{"@id":"https:\/\/www.dochyglas.be\/fr\/realisations\/#primaryimage"},"thumbnailUrl":"https:\/\/www.dochyglas.be\/wp-content\/uploads\/2023\/09\/Dochy_interieur-e1697548767637.jpg","datePublished":"2023-09-26T07:42:23+00:00","dateModified":"2024-03-07T13:13:21+00:00","description":"Laissez-vous inspirer par ces r\u00e9alisations de vitrage par Dochy Glas en Flandre-Occidentale et ses environs. Contactez-nous.","breadcrumb":{"@id":"https:\/\/www.dochyglas.be\/fr\/realisations\/#breadcrumb"},"inLanguage":"fr-FR","potentialAction":[{"@type":"ReadAction","target":["https:\/\/www.dochyglas.be\/fr\/realisations\/"]}]},{"@type":"ImageObject","inLanguage":"fr-FR","@id":"https:\/\/www.dochyglas.be\/fr\/realisations\/#primaryimage","url":"https:\/\/www.dochyglas.be\/wp-content\/uploads\/2023\/09\/Dochy_interieur-e1697548767637.jpg","contentUrl":"https:\/\/www.dochyglas.be\/wp-content\/uploads\/2023\/09\/Dochy_interieur-e1697548767637.jpg","width":2000,"height":1499},{"@type":"BreadcrumbList","@id":"https:\/\/www.dochyglas.be\/fr\/realisations\/#breadcrumb","itemListElement":[{"@type":"ListItem","position":1,"name":"Home","item":"https:\/\/www.dochyglas.be\/fr\/"},{"@type":"ListItem","position":2,"name":"R\u00e9alisations"}]},{"@type":"WebSite","@id":"https:\/\/www.dochyglas.be\/#website","url":"https:\/\/www.dochyglas.be\/","name":"Dochy Glas","description":"Glass solutions","publisher":{"@id":"https:\/\/www.dochyglas.be\/#organization"},"alternateName":"Dochy","potentialAction":[{"@type":"SearchAction","target":{"@type":"EntryPoint","urlTemplate":"https:\/\/www.dochyglas.be\/?s={search_term_string}"},"query-input":{"@type":"PropertyValueSpecification","valueRequired":true,"valueName":"search_term_string"}}],"inLanguage":"fr-FR"},{"@type":"Organization","@id":"https:\/\/www.dochyglas.be\/#organization","name":"Dochy Glas","alternateName":"Dochy Glass solutions","url":"https:\/\/www.dochyglas.be\/","logo":{"@type":"ImageObject","inLanguage":"fr-FR","@id":"https:\/\/www.dochyglas.be\/#\/schema\/logo\/image\/","url":"https:\/\/www.dochyglas.be\/wp-content\/uploads\/2023\/09\/DochyGlas_logo_kleur-e1695737229567.png","contentUrl":"https:\/\/www.dochyglas.be\/wp-content\/uploads\/2023\/09\/DochyGlas_logo_kleur-e1695737229567.png","width":6853,"height":3160,"caption":"Dochy Glas"},"image":{"@id":"https:\/\/www.dochyglas.be\/#\/schema\/logo\/image\/"},"sameAs":["https:\/\/www.facebook.com\/Dochyglas","https:\/\/www.instagram.com\/dochyglas\/"]}]}},"_links":{"self":[{"href":"https:\/\/www.dochyglas.be\/fr\/wp-json\/wp\/v2\/pages\/1164","targetHints":{"allow":["GET"]}}],"collection":[{"href":"https:\/\/www.dochyglas.be\/fr\/wp-json\/wp\/v2\/pages"}],"about":[{"href":"https:\/\/www.dochyglas.be\/fr\/wp-json\/wp\/v2\/types\/page"}],"author":[{"embeddable":true,"href":"https:\/\/www.dochyglas.be\/fr\/wp-json\/wp\/v2\/users\/1"}],"replies":[{"embeddable":true,"href":"https:\/\/www.dochyglas.be\/fr\/wp-json\/wp\/v2\/comments?post=1164"}],"version-history":[{"count":1,"href":"https:\/\/www.dochyglas.be\/fr\/wp-json\/wp\/v2\/pages\/1164\/revisions"}],"predecessor-version":[{"id":1165,"href":"https:\/\/www.dochyglas.be\/fr\/wp-json\/wp\/v2\/pages\/1164\/revisions\/1165"}],"wp:featuredmedia":[{"embeddable":true,"href":"https:\/\/www.dochyglas.be\/fr\/wp-json\/wp\/v2\/media\/237"}],"wp:attachment":[{"href":"https:\/\/www.dochyglas.be\/fr\/wp-json\/wp\/v2\/media?parent=1164"}],"curies":[{"name":"wp","href":"https:\/\/api.w.org\/{rel}","templated":true}]}}