{"id":1410,"date":"2024-03-15T16:14:48","date_gmt":"2024-03-15T14:14:48","guid":{"rendered":"https:\/\/www.dochyglas.be\/renovation-du-verre\/vacuumglas\/"},"modified":"2024-03-19T09:10:42","modified_gmt":"2024-03-19T07:10:42","slug":"verre-sous-vide","status":"publish","type":"page","link":"https:\/\/www.dochyglas.be\/fr\/renovation-du-verre\/verre-sous-vide\/","title":{"rendered":"Verre sous-vide"},"content":{"rendered":"<section class=\"l-section wpb_row detail height_auto\"><div class=\"l-section-h i-cf\"><div class=\"g-cols vc_row via_flex valign_bottom type_boxes stacking_default\"><div class=\"vc_col-sm-12 wpb_column vc_column_container minheightbanner has_bg_color\"><div class=\"vc_column-inner us_custom_4952fdb2\"><div class=\"vc_column-overlay\" style=\"background:rgba(0,0,0,0.70)\"><\/div><div class=\"wpb_wrapper\"><div class=\"g-cols wpb_row via_flex valign_top type_default stacking_default\"><div class=\"vc_col-sm-7 wpb_column vc_column_container\"><div class=\"vc_column-inner\"><div class=\"wpb_wrapper\"><div class=\"wpb_text_column us_custom_6df4bc3a has_text_color\"><div class=\"wpb_wrapper\"><h1>BENGglas, le vitrage <em>le plus isolant<\/em> au monde (U=0.4) !<\/h1>\n<\/div><\/div><div class=\"w-separator size_small\"><\/div><nav class=\"g-breadcrumbs us_custom_6df4bc3a has_text_color separator_icon align_none\" itemscope itemtype=\"http:\/\/schema.org\/BreadcrumbList\"><div class=\"g-breadcrumbs-item\" itemscope itemprop=\"itemListElement\" itemtype=\"http:\/\/schema.org\/ListItem\"><a itemprop=\"item\" href=\"https:\/\/www.dochyglas.be\/fr\/\"><span itemprop=\"name\">Accueil<\/span><\/a><meta itemprop=\"position\" content=\"1\"\/><\/div><div class=\"g-breadcrumbs-separator\"><i class=\"far fa-angle-right\"><\/i><\/div><div class=\"g-breadcrumbs-item\">Pages<\/div><\/nav><\/div><\/div><\/div><div class=\"vc_col-sm-5 wpb_column vc_column_container\"><div class=\"vc_column-inner\"><div class=\"wpb_wrapper\"><\/div><\/div><\/div><\/div><\/div><\/div><\/div><\/div><\/div><\/section><section class=\"l-section wpb_row height_auto\"><div class=\"l-section-h i-cf\"><div class=\"g-cols vc_row via_flex valign_top type_boxes stacking_default\"><div class=\"vc_col-sm-12 vc_col-lg-6 vc_col-md-6 vc_col-xs-12 wpb_column vc_column_container\"><div class=\"vc_column-inner\"><div class=\"wpb_wrapper\"><div class=\"w-separator size_medium\"><\/div><div class=\"w-image align_none\"><div class=\"w-image-h\"><img loading=\"lazy\" decoding=\"async\" width=\"1024\" height=\"234\" src=\"https:\/\/www.dochyglas.be\/wp-content\/uploads\/2024\/03\/Logo-BENGglas-FR-1024x234.png\" class=\"attachment-large size-large\" alt=\"\" srcset=\"https:\/\/www.dochyglas.be\/wp-content\/uploads\/2024\/03\/Logo-BENGglas-FR-1024x234.png 1024w, https:\/\/www.dochyglas.be\/wp-content\/uploads\/2024\/03\/Logo-BENGglas-FR-300x69.png 300w, https:\/\/www.dochyglas.be\/wp-content\/uploads\/2024\/03\/Logo-BENGglas-FR.png 1652w\" sizes=\"auto, (max-width: 1024px) 100vw, 1024px\" \/><\/div><\/div><\/div><\/div><\/div><div class=\"vc_col-sm-12 vc_col-lg-6 vc_col-md-6 vc_col-xs-12 wpb_column vc_column_container\"><div class=\"vc_column-inner\"><div class=\"wpb_wrapper\"><div class=\"wpb_text_column\"><div class=\"wpb_wrapper\"><p>Le nouveau vitrage sous-vide Bengglas est r\u00e9volutionnaire dans son domaine.<\/p>\n<p>Il y a diff\u00e9rents types de Bengglas :<\/p>\n<ul>\n<li>BENGglas Max standard U0.5<\/li>\n<li>BENGglas Max 4-saisons U0.4<\/li>\n<li>BENGglas Extra clair U0.5<\/li>\n<li>Tout types de combinaisons avec des vitrages sp\u00e9ciaux<\/li>\n<\/ul>\n<p>Plus d\u2019informations : \u00a0<a href=\"http:\/\/www.bengglas.nl\">www.bengglas.nl<\/a><\/p>\n<\/div><\/div><div class=\"w-separator size_small\"><\/div><div class=\"w-btn-wrapper align_none\"><a class=\"w-btn us-btn-style_2\" href=\"https:\/\/www.dochyglas.be\/fr\/contact\/\"><span class=\"w-btn-label\">Contactez-nous<\/span><\/a><\/div><\/div><\/div><\/div><\/div><\/div><\/section><section class=\"l-section wpb_row height_small\"><div class=\"l-section-h i-cf\"><div class=\"g-cols vc_row via_flex valign_middle type_default stacking_default\"><div class=\"vc_col-sm-5 wpb_column vc_column_container imgresp has_bg_color\"><div class=\"vc_column-inner us_custom_5e134dd3\"><div class=\"wpb_wrapper\"><div class=\"w-image align_none\"><div class=\"w-image-h\"><img loading=\"lazy\" decoding=\"async\" width=\"920\" height=\"625\" src=\"https:\/\/www.dochyglas.be\/wp-content\/uploads\/2024\/03\/benglas.png\" class=\"attachment-large size-large\" alt=\"bengglas\" srcset=\"https:\/\/www.dochyglas.be\/wp-content\/uploads\/2024\/03\/benglas.png 920w, https:\/\/www.dochyglas.be\/wp-content\/uploads\/2024\/03\/benglas-300x204.png 300w\" sizes=\"auto, (max-width: 920px) 100vw, 920px\" \/><\/div><\/div><\/div><\/div><\/div><div class=\"vc_col-sm-7 wpb_column vc_column_container has_bg_color\"><div class=\"vc_column-inner us_custom_e103e871\"><div class=\"wpb_wrapper\"><div class=\"wpb_text_column\"><div class=\"wpb_wrapper\"><h3>Les diff\u00e9rents <em>avantages<\/em> du BENGglas<\/h3>\n<p>Il repr\u00e9sente de multiples avantages par rapport au vitrages traditionnels :<\/p>\n<ul>\n<li><u>Isolation thermique<\/u> (U) de 0.4 ou 0.5<\/li>\n<li><u>Isolation accoustique<\/u> de 36dB<\/li>\n<li>Vitrage double <u>ultra fin<\/u> (\u00e0 partir de 8.3mm)<\/li>\n<li>Vitrage tremp\u00e9 <u>: 5x plus fort<\/u> que le vitrage traditionnel<\/li>\n<li><u>Garantie<\/u> d\u00e9gressive de <u>15ans<\/u> ; dur\u00e9e de vie estim\u00e9e \u00e0 50ans<\/li>\n<li>Double vitrage <u>soud\u00e9\/\u00e9maill\u00e9<\/u> et non coll\u00e9 ; Bord de 12mm<\/li>\n<\/ul>\n<\/div><\/div><div class=\"w-separator size_small\"><\/div><div class=\"w-btn-wrapper align_none\"><a class=\"w-btn us-btn-style_1\" href=\"tel:+3258311253\"><span class=\"w-btn-label\">Appelez: +32 58 31 12 53<\/span><\/a><\/div><\/div><\/div><\/div><\/div><\/div><\/section><section class=\"l-section wpb_row height_auto\"><div class=\"l-section-h i-cf\"><div class=\"g-cols vc_row via_flex valign_top type_default stacking_default\"><div class=\"vc_col-sm-12 wpb_column vc_column_container\"><div class=\"vc_column-inner\"><div class=\"wpb_wrapper\"><div class=\"w-grid type_carousel layout_1452 cols_3 ratio_1x1\" id=\"us_grid_1\" style=\"--gap:1.5rem;\"><style>.layout_1452 .w-grid-item-h:before{padding-bottom:100%}.layout_1452 .w-grid-item-h{}.layout_1452 .usg_post_image_1{position:absolute!important;left:0!important;top:0!important;bottom:0!important;right:0!important}@media (min-width:1025px) and (max-width:1380px){.layout_1452 .usg_post_image_1{position:absolute!important;left:0!important;top:0!important;bottom:0!important;right:0!important}}@media (min-width:769px) and (max-width:1024px){.layout_1452 .usg_post_image_1{position:absolute!important;left:0!important;top:0!important;bottom:0!important;right:0!important}}@media (max-width:768px){.layout_1452 .usg_post_image_1{position:absolute!important;left:0!important;top:0!important;bottom:0!important;right:0!important}}<\/style><div class=\"w-grid-list owl-carousel navstyle_circle navpos_outside with_dots\">\t<article class=\"w-grid-item post-1445 attachment type-attachment status-inherit hentry\" data-id=\"1445\">\r\n\t\t<div class=\"w-grid-item-h\">\r\n\t\t\t\t\t\t<div class=\"w-post-elm post_image usg_post_image_1 stretched\"><img loading=\"lazy\" decoding=\"async\" width=\"1024\" height=\"680\" src=\"https:\/\/www.dochyglas.be\/wp-content\/uploads\/2024\/03\/BENGglas_vacuumglas_Isolatie_Renovatie-1024x680.jpg\" class=\"attachment-large size-large\" alt=\"\" srcset=\"https:\/\/www.dochyglas.be\/wp-content\/uploads\/2024\/03\/BENGglas_vacuumglas_Isolatie_Renovatie-1024x680.jpg 1024w, https:\/\/www.dochyglas.be\/wp-content\/uploads\/2024\/03\/BENGglas_vacuumglas_Isolatie_Renovatie-300x199.jpg 300w\" sizes=\"auto, (max-width: 1024px) 100vw, 1024px\" \/><\/div>\t\t<\/div>\r\n\t<\/article>\r\n\t<article class=\"w-grid-item post-1443 attachment type-attachment status-inherit hentry\" data-id=\"1443\">\r\n\t\t<div class=\"w-grid-item-h\">\r\n\t\t\t\t\t\t<div class=\"w-post-elm post_image usg_post_image_1 stretched\"><img loading=\"lazy\" decoding=\"async\" width=\"1024\" height=\"587\" src=\"https:\/\/www.dochyglas.be\/wp-content\/uploads\/2024\/03\/BENGglas_HR_Triple__Campagnebeeldt-1024x587.png\" class=\"attachment-large size-large\" alt=\"\" srcset=\"https:\/\/www.dochyglas.be\/wp-content\/uploads\/2024\/03\/BENGglas_HR_Triple__Campagnebeeldt-1024x587.png 1024w, https:\/\/www.dochyglas.be\/wp-content\/uploads\/2024\/03\/BENGglas_HR_Triple__Campagnebeeldt-300x172.png 300w\" sizes=\"auto, (max-width: 1024px) 100vw, 1024px\" \/><\/div>\t\t<\/div>\r\n\t<\/article>\r\n\t<article class=\"w-grid-item post-1439 attachment type-attachment status-inherit hentry\" data-id=\"1439\">\r\n\t\t<div class=\"w-grid-item-h\">\r\n\t\t\t\t\t\t<div class=\"w-post-elm post_image usg_post_image_1 stretched\"><img loading=\"lazy\" decoding=\"async\" width=\"1024\" height=\"685\" src=\"https:\/\/www.dochyglas.be\/wp-content\/uploads\/2024\/03\/BENG-max_zijaanzicht-1024x685.jpg\" class=\"attachment-large size-large\" alt=\"\" srcset=\"https:\/\/www.dochyglas.be\/wp-content\/uploads\/2024\/03\/BENG-max_zijaanzicht-1024x685.jpg 1024w, https:\/\/www.dochyglas.be\/wp-content\/uploads\/2024\/03\/BENG-max_zijaanzicht-300x201.jpg 300w\" sizes=\"auto, (max-width: 1024px) 100vw, 1024px\" \/><\/div>\t\t<\/div>\r\n\t<\/article>\r\n\t<article class=\"w-grid-item post-1437 attachment type-attachment status-inherit hentry\" data-id=\"1437\">\r\n\t\t<div class=\"w-grid-item-h\">\r\n\t\t\t\t\t\t<div class=\"w-post-elm post_image usg_post_image_1 stretched\"><img loading=\"lazy\" decoding=\"async\" width=\"1024\" height=\"685\" src=\"https:\/\/www.dochyglas.be\/wp-content\/uploads\/2024\/03\/BENG-max_updated-1024x685.jpg\" class=\"attachment-large size-large\" alt=\"\" srcset=\"https:\/\/www.dochyglas.be\/wp-content\/uploads\/2024\/03\/BENG-max_updated-1024x685.jpg 1024w, https:\/\/www.dochyglas.be\/wp-content\/uploads\/2024\/03\/BENG-max_updated-300x201.jpg 300w\" sizes=\"auto, (max-width: 1024px) 100vw, 1024px\" \/><\/div>\t\t<\/div>\r\n\t<\/article>\r\n\t<article class=\"w-grid-item post-1435 attachment type-attachment status-inherit hentry\" data-id=\"1435\">\r\n\t\t<div class=\"w-grid-item-h\">\r\n\t\t\t\t\t\t<div class=\"w-post-elm post_image usg_post_image_1 stretched\"><img loading=\"lazy\" decoding=\"async\" width=\"1024\" height=\"685\" src=\"https:\/\/www.dochyglas.be\/wp-content\/uploads\/2024\/03\/BENG-max_detail-updated-1024x685.jpg\" class=\"attachment-large size-large\" alt=\"\" srcset=\"https:\/\/www.dochyglas.be\/wp-content\/uploads\/2024\/03\/BENG-max_detail-updated-1024x685.jpg 1024w, https:\/\/www.dochyglas.be\/wp-content\/uploads\/2024\/03\/BENG-max_detail-updated-300x201.jpg 300w\" sizes=\"auto, (max-width: 1024px) 100vw, 1024px\" \/><\/div>\t\t<\/div>\r\n\t<\/article>\r\n\t<article class=\"w-grid-item post-1431 attachment type-attachment status-inherit hentry\" data-id=\"1431\">\r\n\t\t<div class=\"w-grid-item-h\">\r\n\t\t\t\t\t\t<div class=\"w-post-elm post_image usg_post_image_1 stretched\"><img loading=\"lazy\" decoding=\"async\" width=\"1024\" height=\"660\" src=\"https:\/\/www.dochyglas.be\/wp-content\/uploads\/2024\/03\/Artikel-2-glas-in-bestaande-kozijnen-plaatsing-e1649751599894-1024x660.jpg\" class=\"attachment-large size-large\" alt=\"\" srcset=\"https:\/\/www.dochyglas.be\/wp-content\/uploads\/2024\/03\/Artikel-2-glas-in-bestaande-kozijnen-plaatsing-e1649751599894-1024x660.jpg 1024w, https:\/\/www.dochyglas.be\/wp-content\/uploads\/2024\/03\/Artikel-2-glas-in-bestaande-kozijnen-plaatsing-e1649751599894-300x193.jpg 300w, https:\/\/www.dochyglas.be\/wp-content\/uploads\/2024\/03\/Artikel-2-glas-in-bestaande-kozijnen-plaatsing-e1649751599894.jpg 1299w\" sizes=\"auto, (max-width: 1024px) 100vw, 1024px\" \/><\/div>\t\t<\/div>\r\n\t<\/article>\r\n<\/div>\t<div class=\"g-preloader type_1\">\r\n\t\t<div><\/div>\r\n\t<\/div>\r\n\t\t<div class=\"w-grid-json hidden\" onclick='return {&quot;action&quot;:&quot;us_ajax_grid&quot;,&quot;ajax_url&quot;:&quot;https:\\\/\\\/www.dochyglas.be\\\/wp-admin\\\/admin-ajax.php&quot;,&quot;infinite_scroll&quot;:0,&quot;max_num_pages&quot;:1,&quot;pagination&quot;:&quot;none&quot;,&quot;template_vars&quot;:{&quot;columns&quot;:&quot;3&quot;,&quot;exclude_items&quot;:&quot;none&quot;,&quot;img_size&quot;:&quot;default&quot;,&quot;ignore_items_size&quot;:0,&quot;items_layout&quot;:&quot;1452&quot;,&quot;items_offset&quot;:&quot;1&quot;,&quot;load_animation&quot;:&quot;none&quot;,&quot;overriding_link&quot;:&quot;%7B%22url%22%3A%22%22%7D&quot;,&quot;post_id&quot;:0,&quot;query_args&quot;:{&quot;post_type&quot;:[&quot;attachment&quot;],&quot;post__in&quot;:[&quot;1442&quot;,&quot;1430&quot;,&quot;1438&quot;,&quot;1436&quot;,&quot;1444&quot;,&quot;1434&quot;],&quot;post_status&quot;:&quot;inherit&quot;,&quot;post_mime_type&quot;:&quot;image&quot;,&quot;posts_per_page&quot;:&quot;10&quot;},&quot;orderby_query_args&quot;:{&quot;orderby&quot;:{&quot;date&quot;:&quot;DESC&quot;}},&quot;type&quot;:&quot;carousel&quot;,&quot;us_grid_ajax_index&quot;:1,&quot;us_grid_filter_params&quot;:[],&quot;us_grid_index&quot;:1,&quot;_us_grid_post_type&quot;:&quot;attachment&quot;,&quot;page_args&quot;:[],&quot;lang&quot;:&quot;fr&quot;},&quot;carousel_settings&quot;:{&quot;autoHeight&quot;:0,&quot;autoplay&quot;:1,&quot;carousel_fade&quot;:0,&quot;center&quot;:0,&quot;dots&quot;:1,&quot;items&quot;:&quot;3&quot;,&quot;loop&quot;:true,&quot;nav&quot;:0,&quot;slideby&quot;:&quot;1&quot;,&quot;smooth_play&quot;:0,&quot;speed&quot;:250,&quot;timeout&quot;:3000,&quot;transition&quot;:&quot;&quot;,&quot;aria_labels&quot;:{&quot;prev&quot;:&quot;Pr\\u00e9c\\u00e9dent&quot;,&quot;next&quot;:&quot;Suivant&quot;}},&quot;carousel_breakpoints&quot;:{&quot;0&quot;:{&quot;autoHeight&quot;:0,&quot;autoplay&quot;:1,&quot;autoplayHoverPause&quot;:1,&quot;items&quot;:1,&quot;loop&quot;:true,&quot;stagePadding&quot;:0},&quot;769&quot;:{&quot;autoHeight&quot;:0,&quot;autoplay&quot;:1,&quot;autoplayHoverPause&quot;:1,&quot;items&quot;:2,&quot;loop&quot;:true,&quot;stagePadding&quot;:0},&quot;1025&quot;:{&quot;autoHeight&quot;:0,&quot;autoplay&quot;:1,&quot;autoplayHoverPause&quot;:1,&quot;items&quot;:3,&quot;loop&quot;:true,&quot;stagePadding&quot;:0},&quot;1381&quot;:{&quot;items&quot;:3,&quot;stagePadding&quot;:0}}}'><\/div>\r\n\t<\/div><\/div><\/div><\/div><\/div><\/div><\/section>\n","protected":false},"excerpt":{"rendered":"","protected":false},"author":3,"featured_media":1405,"parent":957,"menu_order":5,"comment_status":"closed","ping_status":"closed","template":"","meta":{"footnotes":""},"class_list":["post-1410","page","type-page","status-publish","has-post-thumbnail","hentry"],"acf":[],"yoast_head":"<!-- This site is optimized with the Yoast SEO plugin v26.4 - https:\/\/yoast.com\/wordpress\/plugins\/seo\/ -->\n<title>Vitrage sous-vide Bengglas | Dochy Glas<\/title>\n<meta name=\"description\" content=\"Le nouveau vitrage sous-vide Bengglas est r\u00e9volutionnaire dans son domaine. Contactez Dochy Glas \u00e0 Veurne pour un devis sur mesure.\" \/>\n<meta name=\"robots\" content=\"index, follow, max-snippet:-1, max-image-preview:large, max-video-preview:-1\" \/>\n<link rel=\"canonical\" href=\"https:\/\/www.dochyglas.be\/fr\/renovation-du-verre\/verre-sous-vide\/\" \/>\n<meta property=\"og:locale\" content=\"fr_FR\" \/>\n<meta property=\"og:type\" content=\"article\" \/>\n<meta property=\"og:title\" content=\"Vitrage sous-vide Bengglas | Dochy Glas\" \/>\n<meta property=\"og:description\" content=\"Le nouveau vitrage sous-vide Bengglas est r\u00e9volutionnaire dans son domaine. Contactez Dochy Glas \u00e0 Veurne pour un devis sur mesure.\" \/>\n<meta property=\"og:url\" content=\"https:\/\/www.dochyglas.be\/fr\/renovation-du-verre\/verre-sous-vide\/\" \/>\n<meta property=\"og:site_name\" content=\"Dochy Glas\" \/>\n<meta property=\"article:publisher\" content=\"https:\/\/www.facebook.com\/Dochyglas\" \/>\n<meta property=\"article:modified_time\" content=\"2024-03-19T07:10:42+00:00\" \/>\n<meta property=\"og:image\" content=\"https:\/\/www.dochyglas.be\/wp-content\/uploads\/2024\/03\/benglas.png\" \/>\n\t<meta property=\"og:image:width\" content=\"920\" \/>\n\t<meta property=\"og:image:height\" content=\"625\" \/>\n\t<meta property=\"og:image:type\" content=\"image\/png\" \/>\n<meta name=\"twitter:card\" content=\"summary_large_image\" \/>\n<meta name=\"twitter:label1\" content=\"Dur\u00e9e de lecture estim\u00e9e\" \/>\n\t<meta name=\"twitter:data1\" content=\"1 minute\" \/>\n<script type=\"application\/ld+json\" class=\"yoast-schema-graph\">{\"@context\":\"https:\/\/schema.org\",\"@graph\":[{\"@type\":\"WebPage\",\"@id\":\"https:\/\/www.dochyglas.be\/fr\/renovation-du-verre\/verre-sous-vide\/\",\"url\":\"https:\/\/www.dochyglas.be\/fr\/renovation-du-verre\/verre-sous-vide\/\",\"name\":\"Vitrage sous-vide Bengglas | Dochy Glas\",\"isPartOf\":{\"@id\":\"https:\/\/www.dochyglas.be\/#website\"},\"primaryImageOfPage\":{\"@id\":\"https:\/\/www.dochyglas.be\/fr\/renovation-du-verre\/verre-sous-vide\/#primaryimage\"},\"image\":{\"@id\":\"https:\/\/www.dochyglas.be\/fr\/renovation-du-verre\/verre-sous-vide\/#primaryimage\"},\"thumbnailUrl\":\"https:\/\/www.dochyglas.be\/wp-content\/uploads\/2024\/03\/benglas.png\",\"datePublished\":\"2024-03-15T14:14:48+00:00\",\"dateModified\":\"2024-03-19T07:10:42+00:00\",\"description\":\"Le nouveau vitrage sous-vide Bengglas est r\u00e9volutionnaire dans son domaine. Contactez Dochy Glas \u00e0 Veurne pour un devis sur mesure.\",\"breadcrumb\":{\"@id\":\"https:\/\/www.dochyglas.be\/fr\/renovation-du-verre\/verre-sous-vide\/#breadcrumb\"},\"inLanguage\":\"fr-FR\",\"potentialAction\":[{\"@type\":\"ReadAction\",\"target\":[\"https:\/\/www.dochyglas.be\/fr\/renovation-du-verre\/verre-sous-vide\/\"]}]},{\"@type\":\"ImageObject\",\"inLanguage\":\"fr-FR\",\"@id\":\"https:\/\/www.dochyglas.be\/fr\/renovation-du-verre\/verre-sous-vide\/#primaryimage\",\"url\":\"https:\/\/www.dochyglas.be\/wp-content\/uploads\/2024\/03\/benglas.png\",\"contentUrl\":\"https:\/\/www.dochyglas.be\/wp-content\/uploads\/2024\/03\/benglas.png\",\"width\":920,\"height\":625,\"caption\":\"bengglas\"},{\"@type\":\"BreadcrumbList\",\"@id\":\"https:\/\/www.dochyglas.be\/fr\/renovation-du-verre\/verre-sous-vide\/#breadcrumb\",\"itemListElement\":[{\"@type\":\"ListItem\",\"position\":1,\"name\":\"Home\",\"item\":\"https:\/\/www.dochyglas.be\/fr\/\"},{\"@type\":\"ListItem\",\"position\":2,\"name\":\"R\u00e9novation du verre\",\"item\":\"https:\/\/www.dochyglas.be\/fr\/renovation-du-verre\/\"},{\"@type\":\"ListItem\",\"position\":3,\"name\":\"Verre sous-vide\"}]},{\"@type\":\"WebSite\",\"@id\":\"https:\/\/www.dochyglas.be\/#website\",\"url\":\"https:\/\/www.dochyglas.be\/\",\"name\":\"Dochy Glas\",\"description\":\"Glass solutions\",\"publisher\":{\"@id\":\"https:\/\/www.dochyglas.be\/#organization\"},\"alternateName\":\"Dochy\",\"potentialAction\":[{\"@type\":\"SearchAction\",\"target\":{\"@type\":\"EntryPoint\",\"urlTemplate\":\"https:\/\/www.dochyglas.be\/?s={search_term_string}\"},\"query-input\":{\"@type\":\"PropertyValueSpecification\",\"valueRequired\":true,\"valueName\":\"search_term_string\"}}],\"inLanguage\":\"fr-FR\"},{\"@type\":\"Organization\",\"@id\":\"https:\/\/www.dochyglas.be\/#organization\",\"name\":\"Dochy Glas\",\"alternateName\":\"Dochy Glass solutions\",\"url\":\"https:\/\/www.dochyglas.be\/\",\"logo\":{\"@type\":\"ImageObject\",\"inLanguage\":\"fr-FR\",\"@id\":\"https:\/\/www.dochyglas.be\/#\/schema\/logo\/image\/\",\"url\":\"https:\/\/www.dochyglas.be\/wp-content\/uploads\/2023\/09\/DochyGlas_logo_kleur-e1695737229567.png\",\"contentUrl\":\"https:\/\/www.dochyglas.be\/wp-content\/uploads\/2023\/09\/DochyGlas_logo_kleur-e1695737229567.png\",\"width\":6853,\"height\":3160,\"caption\":\"Dochy Glas\"},\"image\":{\"@id\":\"https:\/\/www.dochyglas.be\/#\/schema\/logo\/image\/\"},\"sameAs\":[\"https:\/\/www.facebook.com\/Dochyglas\",\"https:\/\/www.instagram.com\/dochyglas\/\"]}]}<\/script>\n<!-- \/ Yoast SEO plugin. -->","yoast_head_json":{"title":"Vitrage sous-vide Bengglas | Dochy Glas","description":"Le nouveau vitrage sous-vide Bengglas est r\u00e9volutionnaire dans son domaine. Contactez Dochy Glas \u00e0 Veurne pour un devis sur mesure.","robots":{"index":"index","follow":"follow","max-snippet":"max-snippet:-1","max-image-preview":"max-image-preview:large","max-video-preview":"max-video-preview:-1"},"canonical":"https:\/\/www.dochyglas.be\/fr\/renovation-du-verre\/verre-sous-vide\/","og_locale":"fr_FR","og_type":"article","og_title":"Vitrage sous-vide Bengglas | Dochy Glas","og_description":"Le nouveau vitrage sous-vide Bengglas est r\u00e9volutionnaire dans son domaine. Contactez Dochy Glas \u00e0 Veurne pour un devis sur mesure.","og_url":"https:\/\/www.dochyglas.be\/fr\/renovation-du-verre\/verre-sous-vide\/","og_site_name":"Dochy Glas","article_publisher":"https:\/\/www.facebook.com\/Dochyglas","article_modified_time":"2024-03-19T07:10:42+00:00","og_image":[{"width":920,"height":625,"url":"https:\/\/www.dochyglas.be\/wp-content\/uploads\/2024\/03\/benglas.png","type":"image\/png"}],"twitter_card":"summary_large_image","twitter_misc":{"Dur\u00e9e de lecture estim\u00e9e":"1 minute"},"schema":{"@context":"https:\/\/schema.org","@graph":[{"@type":"WebPage","@id":"https:\/\/www.dochyglas.be\/fr\/renovation-du-verre\/verre-sous-vide\/","url":"https:\/\/www.dochyglas.be\/fr\/renovation-du-verre\/verre-sous-vide\/","name":"Vitrage sous-vide Bengglas | Dochy Glas","isPartOf":{"@id":"https:\/\/www.dochyglas.be\/#website"},"primaryImageOfPage":{"@id":"https:\/\/www.dochyglas.be\/fr\/renovation-du-verre\/verre-sous-vide\/#primaryimage"},"image":{"@id":"https:\/\/www.dochyglas.be\/fr\/renovation-du-verre\/verre-sous-vide\/#primaryimage"},"thumbnailUrl":"https:\/\/www.dochyglas.be\/wp-content\/uploads\/2024\/03\/benglas.png","datePublished":"2024-03-15T14:14:48+00:00","dateModified":"2024-03-19T07:10:42+00:00","description":"Le nouveau vitrage sous-vide Bengglas est r\u00e9volutionnaire dans son domaine. Contactez Dochy Glas \u00e0 Veurne pour un devis sur mesure.","breadcrumb":{"@id":"https:\/\/www.dochyglas.be\/fr\/renovation-du-verre\/verre-sous-vide\/#breadcrumb"},"inLanguage":"fr-FR","potentialAction":[{"@type":"ReadAction","target":["https:\/\/www.dochyglas.be\/fr\/renovation-du-verre\/verre-sous-vide\/"]}]},{"@type":"ImageObject","inLanguage":"fr-FR","@id":"https:\/\/www.dochyglas.be\/fr\/renovation-du-verre\/verre-sous-vide\/#primaryimage","url":"https:\/\/www.dochyglas.be\/wp-content\/uploads\/2024\/03\/benglas.png","contentUrl":"https:\/\/www.dochyglas.be\/wp-content\/uploads\/2024\/03\/benglas.png","width":920,"height":625,"caption":"bengglas"},{"@type":"BreadcrumbList","@id":"https:\/\/www.dochyglas.be\/fr\/renovation-du-verre\/verre-sous-vide\/#breadcrumb","itemListElement":[{"@type":"ListItem","position":1,"name":"Home","item":"https:\/\/www.dochyglas.be\/fr\/"},{"@type":"ListItem","position":2,"name":"R\u00e9novation du verre","item":"https:\/\/www.dochyglas.be\/fr\/renovation-du-verre\/"},{"@type":"ListItem","position":3,"name":"Verre sous-vide"}]},{"@type":"WebSite","@id":"https:\/\/www.dochyglas.be\/#website","url":"https:\/\/www.dochyglas.be\/","name":"Dochy Glas","description":"Glass solutions","publisher":{"@id":"https:\/\/www.dochyglas.be\/#organization"},"alternateName":"Dochy","potentialAction":[{"@type":"SearchAction","target":{"@type":"EntryPoint","urlTemplate":"https:\/\/www.dochyglas.be\/?s={search_term_string}"},"query-input":{"@type":"PropertyValueSpecification","valueRequired":true,"valueName":"search_term_string"}}],"inLanguage":"fr-FR"},{"@type":"Organization","@id":"https:\/\/www.dochyglas.be\/#organization","name":"Dochy Glas","alternateName":"Dochy Glass solutions","url":"https:\/\/www.dochyglas.be\/","logo":{"@type":"ImageObject","inLanguage":"fr-FR","@id":"https:\/\/www.dochyglas.be\/#\/schema\/logo\/image\/","url":"https:\/\/www.dochyglas.be\/wp-content\/uploads\/2023\/09\/DochyGlas_logo_kleur-e1695737229567.png","contentUrl":"https:\/\/www.dochyglas.be\/wp-content\/uploads\/2023\/09\/DochyGlas_logo_kleur-e1695737229567.png","width":6853,"height":3160,"caption":"Dochy Glas"},"image":{"@id":"https:\/\/www.dochyglas.be\/#\/schema\/logo\/image\/"},"sameAs":["https:\/\/www.facebook.com\/Dochyglas","https:\/\/www.instagram.com\/dochyglas\/"]}]}},"_links":{"self":[{"href":"https:\/\/www.dochyglas.be\/fr\/wp-json\/wp\/v2\/pages\/1410","targetHints":{"allow":["GET"]}}],"collection":[{"href":"https:\/\/www.dochyglas.be\/fr\/wp-json\/wp\/v2\/pages"}],"about":[{"href":"https:\/\/www.dochyglas.be\/fr\/wp-json\/wp\/v2\/types\/page"}],"author":[{"embeddable":true,"href":"https:\/\/www.dochyglas.be\/fr\/wp-json\/wp\/v2\/users\/3"}],"replies":[{"embeddable":true,"href":"https:\/\/www.dochyglas.be\/fr\/wp-json\/wp\/v2\/comments?post=1410"}],"version-history":[{"count":9,"href":"https:\/\/www.dochyglas.be\/fr\/wp-json\/wp\/v2\/pages\/1410\/revisions"}],"predecessor-version":[{"id":1455,"href":"https:\/\/www.dochyglas.be\/fr\/wp-json\/wp\/v2\/pages\/1410\/revisions\/1455"}],"up":[{"embeddable":true,"href":"https:\/\/www.dochyglas.be\/fr\/wp-json\/wp\/v2\/pages\/957"}],"wp:featuredmedia":[{"embeddable":true,"href":"https:\/\/www.dochyglas.be\/fr\/wp-json\/wp\/v2\/media\/1405"}],"wp:attachment":[{"href":"https:\/\/www.dochyglas.be\/fr\/wp-json\/wp\/v2\/media?parent=1410"}],"curies":[{"name":"wp","href":"https:\/\/api.w.org\/{rel}","templated":true}]}}