{"id":943,"date":"2023-09-26T09:49:07","date_gmt":"2023-09-26T07:49:07","guid":{"rendered":"https:\/\/www.dochyglas.be\/spiegels-en-gelakt-glas\/"},"modified":"2023-12-19T13:34:29","modified_gmt":"2023-12-19T11:34:29","slug":"miroirs-et-verre-laque","status":"publish","type":"page","link":"https:\/\/www.dochyglas.be\/fr\/verre-dinterieur\/miroirs-et-verre-laque\/","title":{"rendered":"Miroirs et verre laqu\u00e9"},"content":{"rendered":"<section class=\"l-section wpb_row detail height_auto\"><div class=\"l-section-h i-cf\"><div class=\"g-cols vc_row via_flex valign_bottom type_boxes stacking_default\"><div class=\"vc_col-sm-12 wpb_column vc_column_container minheightbanner has_bg_color\"><div class=\"vc_column-inner us_custom_a6309500\"><div class=\"vc_column-overlay\" style=\"background:rgba(0,0,0,0.70)\"><\/div><div class=\"wpb_wrapper\"><div class=\"g-cols wpb_row via_flex valign_top type_default stacking_default\"><div class=\"vc_col-sm-7 wpb_column vc_column_container\"><div class=\"vc_column-inner\"><div class=\"wpb_wrapper\"><div class=\"wpb_text_column us_custom_6df4bc3a has_text_color\"><div class=\"wpb_wrapper\"><h1>D\u00e9couvrez les nombreuses applications <em>des miroirs et du vitrage en verre laqu\u00e9<\/em><\/h1>\n<\/div><\/div><div class=\"w-separator size_small\"><\/div><nav class=\"g-breadcrumbs us_custom_6df4bc3a has_text_color separator_icon align_none\" itemscope itemtype=\"http:\/\/schema.org\/BreadcrumbList\"><div class=\"g-breadcrumbs-item\" itemscope itemprop=\"itemListElement\" itemtype=\"http:\/\/schema.org\/ListItem\"><a itemprop=\"item\" href=\"https:\/\/www.dochyglas.be\/fr\/\"><span itemprop=\"name\">Accueil<\/span><\/a><meta itemprop=\"position\" content=\"1\"\/><\/div><div class=\"g-breadcrumbs-separator\"><i class=\"far fa-angle-right\"><\/i><\/div><div class=\"g-breadcrumbs-item\">Pages<\/div><\/nav><\/div><\/div><\/div><div class=\"vc_col-sm-5 wpb_column vc_column_container\"><div class=\"vc_column-inner\"><div class=\"wpb_wrapper\"><\/div><\/div><\/div><\/div><\/div><\/div><\/div><\/div><\/div><\/section><section class=\"l-section wpb_row height_auto\"><div class=\"l-section-h i-cf\"><div class=\"g-cols vc_row via_flex valign_top type_boxes stacking_default\"><div class=\"vc_col-sm-12 vc_col-lg-6 vc_col-md-6 vc_col-xs-12 wpb_column vc_column_container\"><div class=\"vc_column-inner\"><div class=\"wpb_wrapper\"><div class=\"wpb_text_column\"><div class=\"wpb_wrapper\"><h2><em>Dochy Glas<\/em> vous propose un large \u00e9ventail de solutions en miroirs et verre laqu\u00e9 pour votre maison.<\/h2>\n<p>Que vous recherchiez un miroir d\u00e9coratif pour votre salle de bains ou un mur en miroir pour votre salle de sport, nous avons la solution pour vous.<\/p>\n<\/div><\/div><\/div><\/div><\/div><div class=\"vc_col-sm-12 vc_col-lg-6 vc_col-md-6 vc_col-xs-12 wpb_column vc_column_container\"><div class=\"vc_column-inner\"><div class=\"wpb_wrapper\"><div class=\"wpb_text_column\"><div class=\"wpb_wrapper\"><h4><strong>Miroirs<\/strong><\/h4>\n<p>Nos miroirs sont disponibles dans diff\u00e9rentes tailles et styles, notamment des miroirs rectangulaires classiques, des miroirs ronds, des miroirs avec des bords biseaut\u00e9s, et bien plus encore. Nous pouvons \u00e9galement fabriquer des miroirs sur mesure pour r\u00e9pondre \u00e0 vos besoins sp\u00e9cifiques.<\/p>\n<h4><strong>Verre laqu\u00e9<\/strong><\/h4>\n<p>En plus de cela, nous proposons des solutions en verre laqu\u00e9 adapt\u00e9es \u00e0 diff\u00e9rents projets (de r\u00e9novation) dans votre maison, tels que des cr\u00e9dences de cuisine, des panneaux de rev\u00eatement mural, des plateaux de table et des portes.<\/p>\n<p><strong>Le verre laqu\u00e9 est disponible dans diff\u00e9rentes couleurs et finitions et peut \u00eatre fabriqu\u00e9 sur mesure pour correspondre \u00e0 vos besoins sp\u00e9cifiques.<\/strong><\/p>\n<\/div><\/div><div class=\"w-separator size_small\"><\/div><div class=\"w-btn-wrapper align_none\"><a class=\"w-btn us-btn-style_2\" href=\"https:\/\/www.dochyglas.be\/fr\/contact\/\"><span class=\"w-btn-label\">Contactez-nous<\/span><\/a><\/div><\/div><\/div><\/div><\/div><\/div><\/section><section class=\"l-section wpb_row height_small\"><div class=\"l-section-h i-cf\"><div class=\"g-cols vc_row via_flex valign_middle type_boxes stacking_default\" style=\"--additional-gap:20px;\"><div class=\"vc_col-sm-12 vc_col-lg-6 vc_col-md-6 vc_col-xs-12 wpb_column vc_column_container padbottop has_bg_color\"><div class=\"vc_column-inner us_custom_60d4c9ca\"><div class=\"vc_column-overlay\" style=\"background:rgba(26,26,26,0.50)\"><\/div><div class=\"wpb_wrapper\"><div class=\"wpb_text_column us_custom_6df4bc3a has_text_color\"><div class=\"wpb_wrapper\"><h3>Des possibilit\u00e9s illimit\u00e9es<\/h3>\n<p>Nos conseillers techniques travaillent avec vous pour cr\u00e9er le design parfait pour votre projet de miroir ou de verre laqu\u00e9. Nous assurons une production et une installation fluides.<\/p>\n<\/div><\/div><div class=\"w-separator size_small\"><\/div><div class=\"w-btn-wrapper align_none\"><a class=\"w-btn us-btn-style_1\" href=\"tel:+3258311253\"><span class=\"w-btn-label\">T\u00e9l: +32 58 31 12 53<\/span><\/a><\/div><\/div><\/div><\/div><div class=\"vc_col-sm-12 vc_col-lg-6 vc_col-md-6 vc_col-xs-12 wpb_column vc_column_container\"><div class=\"vc_column-inner\"><div class=\"wpb_wrapper\"><div class=\"wpb_text_column\"><div class=\"wpb_wrapper\"><h3>Conseils \u00e0 domicile<\/h3>\n<p>D\u00e9sormais, nous vous offrons la possibilit\u00e9 de faire venir un conseiller technique chez vous. Lorsque vous nous r\u00e9servez un \u00ab\u00a0Conseil \u00e0 domicile\u00a0\u00bb, notre conseiller technique se rend chez vous et prend le temps d&rsquo;\u00e9couter vos besoins. Nous apportons \u00e9galement des \u00e9chantillons et des mat\u00e9riaux pour que vous puissiez imm\u00e9diatement avoir une id\u00e9e du r\u00e9sultat final.<\/p>\n<p>Nos conseillers techniques sont l\u00e0 pour vous aider \u00e0 concr\u00e9tiser vos projets en verre d&rsquo;int\u00e9rieur.<\/p>\n<p><strong>Ce service est <em>GRATUIT<\/em> !<\/strong><\/p>\n<\/div><\/div><\/div><\/div><\/div><\/div><\/div><\/section>\n","protected":false},"excerpt":{"rendered":"D\u00e9couvrez les nombreuses applications des miroirs et du vitrage en verre laqu\u00e9 AccueilPagesDochy Glas vous propose un large \u00e9ventail de solutions en miroirs et verre laqu\u00e9 pour votre maison. Que vous recherchiez un miroir d\u00e9coratif pour votre salle de bains ou un mur en miroir pour votre salle de sport, nous avons la solution pour...","protected":false},"author":1,"featured_media":401,"parent":958,"menu_order":2,"comment_status":"closed","ping_status":"closed","template":"","meta":{"footnotes":""},"class_list":["post-943","page","type-page","status-publish","has-post-thumbnail","hentry"],"acf":[],"yoast_head":"<!-- This site is optimized with the Yoast SEO plugin v26.4 - https:\/\/yoast.com\/wordpress\/plugins\/seo\/ -->\n<title>Miroiterie et Vitrage Laqu\u00e9 | Dochy Glas<\/title>\n<meta name=\"description\" content=\"Miroiterie et vitrage laqu\u00e9 sur mesure. Demandez votre devis \u00e0 Dochy Glas \u00e0 Veurne pour un service rapide et un prix favorable.\" \/>\n<meta name=\"robots\" content=\"index, follow, max-snippet:-1, max-image-preview:large, max-video-preview:-1\" \/>\n<link rel=\"canonical\" href=\"https:\/\/www.dochyglas.be\/fr\/verre-dinterieur\/miroirs-et-verre-laque\/\" \/>\n<meta property=\"og:locale\" content=\"fr_FR\" \/>\n<meta property=\"og:type\" content=\"article\" \/>\n<meta property=\"og:title\" content=\"Miroiterie et Vitrage Laqu\u00e9 | Dochy Glas\" \/>\n<meta property=\"og:description\" content=\"Miroiterie et vitrage laqu\u00e9 sur mesure. Demandez votre devis \u00e0 Dochy Glas \u00e0 Veurne pour un service rapide et un prix favorable.\" \/>\n<meta property=\"og:url\" content=\"https:\/\/www.dochyglas.be\/fr\/verre-dinterieur\/miroirs-et-verre-laque\/\" \/>\n<meta property=\"og:site_name\" content=\"Dochy Glas\" \/>\n<meta property=\"article:publisher\" content=\"https:\/\/www.facebook.com\/Dochyglas\" \/>\n<meta property=\"article:modified_time\" content=\"2023-12-19T11:34:29+00:00\" \/>\n<meta property=\"og:image\" content=\"https:\/\/www.dochyglas.be\/wp-content\/uploads\/2023\/10\/Hoofdzetel-gebouw-Dochy-Glas-Veurne-homepage.jpg\" \/>\n\t<meta property=\"og:image:width\" content=\"2000\" \/>\n\t<meta property=\"og:image:height\" content=\"1126\" \/>\n\t<meta property=\"og:image:type\" content=\"image\/jpeg\" \/>\n<meta name=\"twitter:card\" content=\"summary_large_image\" \/>\n<meta name=\"twitter:label1\" content=\"Dur\u00e9e de lecture estim\u00e9e\" \/>\n\t<meta name=\"twitter:data1\" content=\"2 minutes\" \/>\n<script type=\"application\/ld+json\" class=\"yoast-schema-graph\">{\"@context\":\"https:\/\/schema.org\",\"@graph\":[{\"@type\":\"WebPage\",\"@id\":\"https:\/\/www.dochyglas.be\/fr\/verre-dinterieur\/miroirs-et-verre-laque\/\",\"url\":\"https:\/\/www.dochyglas.be\/fr\/verre-dinterieur\/miroirs-et-verre-laque\/\",\"name\":\"Miroiterie et Vitrage Laqu\u00e9 | Dochy Glas\",\"isPartOf\":{\"@id\":\"https:\/\/www.dochyglas.be\/#website\"},\"primaryImageOfPage\":{\"@id\":\"https:\/\/www.dochyglas.be\/fr\/verre-dinterieur\/miroirs-et-verre-laque\/#primaryimage\"},\"image\":{\"@id\":\"https:\/\/www.dochyglas.be\/fr\/verre-dinterieur\/miroirs-et-verre-laque\/#primaryimage\"},\"thumbnailUrl\":\"https:\/\/www.dochyglas.be\/wp-content\/uploads\/2023\/10\/Hoofdzetel-gebouw-Dochy-Glas-Veurne-homepage.jpg\",\"datePublished\":\"2023-09-26T07:49:07+00:00\",\"dateModified\":\"2023-12-19T11:34:29+00:00\",\"description\":\"Miroiterie et vitrage laqu\u00e9 sur mesure. Demandez votre devis \u00e0 Dochy Glas \u00e0 Veurne pour un service rapide et un prix favorable.\",\"breadcrumb\":{\"@id\":\"https:\/\/www.dochyglas.be\/fr\/verre-dinterieur\/miroirs-et-verre-laque\/#breadcrumb\"},\"inLanguage\":\"fr-FR\",\"potentialAction\":[{\"@type\":\"ReadAction\",\"target\":[\"https:\/\/www.dochyglas.be\/fr\/verre-dinterieur\/miroirs-et-verre-laque\/\"]}]},{\"@type\":\"ImageObject\",\"inLanguage\":\"fr-FR\",\"@id\":\"https:\/\/www.dochyglas.be\/fr\/verre-dinterieur\/miroirs-et-verre-laque\/#primaryimage\",\"url\":\"https:\/\/www.dochyglas.be\/wp-content\/uploads\/2023\/10\/Hoofdzetel-gebouw-Dochy-Glas-Veurne-homepage.jpg\",\"contentUrl\":\"https:\/\/www.dochyglas.be\/wp-content\/uploads\/2023\/10\/Hoofdzetel-gebouw-Dochy-Glas-Veurne-homepage.jpg\",\"width\":2000,\"height\":1126},{\"@type\":\"BreadcrumbList\",\"@id\":\"https:\/\/www.dochyglas.be\/fr\/verre-dinterieur\/miroirs-et-verre-laque\/#breadcrumb\",\"itemListElement\":[{\"@type\":\"ListItem\",\"position\":1,\"name\":\"Home\",\"item\":\"https:\/\/www.dochyglas.be\/fr\/\"},{\"@type\":\"ListItem\",\"position\":2,\"name\":\"Verre pour l&#8217;int\u00e9rieur\",\"item\":\"https:\/\/www.dochyglas.be\/fr\/verre-dinterieur\/\"},{\"@type\":\"ListItem\",\"position\":3,\"name\":\"Miroirs et verre laqu\u00e9\"}]},{\"@type\":\"WebSite\",\"@id\":\"https:\/\/www.dochyglas.be\/#website\",\"url\":\"https:\/\/www.dochyglas.be\/\",\"name\":\"Dochy Glas\",\"description\":\"Glass solutions\",\"publisher\":{\"@id\":\"https:\/\/www.dochyglas.be\/#organization\"},\"alternateName\":\"Dochy\",\"potentialAction\":[{\"@type\":\"SearchAction\",\"target\":{\"@type\":\"EntryPoint\",\"urlTemplate\":\"https:\/\/www.dochyglas.be\/?s={search_term_string}\"},\"query-input\":{\"@type\":\"PropertyValueSpecification\",\"valueRequired\":true,\"valueName\":\"search_term_string\"}}],\"inLanguage\":\"fr-FR\"},{\"@type\":\"Organization\",\"@id\":\"https:\/\/www.dochyglas.be\/#organization\",\"name\":\"Dochy Glas\",\"alternateName\":\"Dochy Glass solutions\",\"url\":\"https:\/\/www.dochyglas.be\/\",\"logo\":{\"@type\":\"ImageObject\",\"inLanguage\":\"fr-FR\",\"@id\":\"https:\/\/www.dochyglas.be\/#\/schema\/logo\/image\/\",\"url\":\"https:\/\/www.dochyglas.be\/wp-content\/uploads\/2023\/09\/DochyGlas_logo_kleur-e1695737229567.png\",\"contentUrl\":\"https:\/\/www.dochyglas.be\/wp-content\/uploads\/2023\/09\/DochyGlas_logo_kleur-e1695737229567.png\",\"width\":6853,\"height\":3160,\"caption\":\"Dochy Glas\"},\"image\":{\"@id\":\"https:\/\/www.dochyglas.be\/#\/schema\/logo\/image\/\"},\"sameAs\":[\"https:\/\/www.facebook.com\/Dochyglas\",\"https:\/\/www.instagram.com\/dochyglas\/\"]}]}<\/script>\n<!-- \/ Yoast SEO plugin. -->","yoast_head_json":{"title":"Miroiterie et Vitrage Laqu\u00e9 | Dochy Glas","description":"Miroiterie et vitrage laqu\u00e9 sur mesure. Demandez votre devis \u00e0 Dochy Glas \u00e0 Veurne pour un service rapide et un prix favorable.","robots":{"index":"index","follow":"follow","max-snippet":"max-snippet:-1","max-image-preview":"max-image-preview:large","max-video-preview":"max-video-preview:-1"},"canonical":"https:\/\/www.dochyglas.be\/fr\/verre-dinterieur\/miroirs-et-verre-laque\/","og_locale":"fr_FR","og_type":"article","og_title":"Miroiterie et Vitrage Laqu\u00e9 | Dochy Glas","og_description":"Miroiterie et vitrage laqu\u00e9 sur mesure. Demandez votre devis \u00e0 Dochy Glas \u00e0 Veurne pour un service rapide et un prix favorable.","og_url":"https:\/\/www.dochyglas.be\/fr\/verre-dinterieur\/miroirs-et-verre-laque\/","og_site_name":"Dochy Glas","article_publisher":"https:\/\/www.facebook.com\/Dochyglas","article_modified_time":"2023-12-19T11:34:29+00:00","og_image":[{"width":2000,"height":1126,"url":"https:\/\/www.dochyglas.be\/wp-content\/uploads\/2023\/10\/Hoofdzetel-gebouw-Dochy-Glas-Veurne-homepage.jpg","type":"image\/jpeg"}],"twitter_card":"summary_large_image","twitter_misc":{"Dur\u00e9e de lecture estim\u00e9e":"2 minutes"},"schema":{"@context":"https:\/\/schema.org","@graph":[{"@type":"WebPage","@id":"https:\/\/www.dochyglas.be\/fr\/verre-dinterieur\/miroirs-et-verre-laque\/","url":"https:\/\/www.dochyglas.be\/fr\/verre-dinterieur\/miroirs-et-verre-laque\/","name":"Miroiterie et Vitrage Laqu\u00e9 | Dochy Glas","isPartOf":{"@id":"https:\/\/www.dochyglas.be\/#website"},"primaryImageOfPage":{"@id":"https:\/\/www.dochyglas.be\/fr\/verre-dinterieur\/miroirs-et-verre-laque\/#primaryimage"},"image":{"@id":"https:\/\/www.dochyglas.be\/fr\/verre-dinterieur\/miroirs-et-verre-laque\/#primaryimage"},"thumbnailUrl":"https:\/\/www.dochyglas.be\/wp-content\/uploads\/2023\/10\/Hoofdzetel-gebouw-Dochy-Glas-Veurne-homepage.jpg","datePublished":"2023-09-26T07:49:07+00:00","dateModified":"2023-12-19T11:34:29+00:00","description":"Miroiterie et vitrage laqu\u00e9 sur mesure. Demandez votre devis \u00e0 Dochy Glas \u00e0 Veurne pour un service rapide et un prix favorable.","breadcrumb":{"@id":"https:\/\/www.dochyglas.be\/fr\/verre-dinterieur\/miroirs-et-verre-laque\/#breadcrumb"},"inLanguage":"fr-FR","potentialAction":[{"@type":"ReadAction","target":["https:\/\/www.dochyglas.be\/fr\/verre-dinterieur\/miroirs-et-verre-laque\/"]}]},{"@type":"ImageObject","inLanguage":"fr-FR","@id":"https:\/\/www.dochyglas.be\/fr\/verre-dinterieur\/miroirs-et-verre-laque\/#primaryimage","url":"https:\/\/www.dochyglas.be\/wp-content\/uploads\/2023\/10\/Hoofdzetel-gebouw-Dochy-Glas-Veurne-homepage.jpg","contentUrl":"https:\/\/www.dochyglas.be\/wp-content\/uploads\/2023\/10\/Hoofdzetel-gebouw-Dochy-Glas-Veurne-homepage.jpg","width":2000,"height":1126},{"@type":"BreadcrumbList","@id":"https:\/\/www.dochyglas.be\/fr\/verre-dinterieur\/miroirs-et-verre-laque\/#breadcrumb","itemListElement":[{"@type":"ListItem","position":1,"name":"Home","item":"https:\/\/www.dochyglas.be\/fr\/"},{"@type":"ListItem","position":2,"name":"Verre pour l&#8217;int\u00e9rieur","item":"https:\/\/www.dochyglas.be\/fr\/verre-dinterieur\/"},{"@type":"ListItem","position":3,"name":"Miroirs et verre laqu\u00e9"}]},{"@type":"WebSite","@id":"https:\/\/www.dochyglas.be\/#website","url":"https:\/\/www.dochyglas.be\/","name":"Dochy Glas","description":"Glass solutions","publisher":{"@id":"https:\/\/www.dochyglas.be\/#organization"},"alternateName":"Dochy","potentialAction":[{"@type":"SearchAction","target":{"@type":"EntryPoint","urlTemplate":"https:\/\/www.dochyglas.be\/?s={search_term_string}"},"query-input":{"@type":"PropertyValueSpecification","valueRequired":true,"valueName":"search_term_string"}}],"inLanguage":"fr-FR"},{"@type":"Organization","@id":"https:\/\/www.dochyglas.be\/#organization","name":"Dochy Glas","alternateName":"Dochy Glass solutions","url":"https:\/\/www.dochyglas.be\/","logo":{"@type":"ImageObject","inLanguage":"fr-FR","@id":"https:\/\/www.dochyglas.be\/#\/schema\/logo\/image\/","url":"https:\/\/www.dochyglas.be\/wp-content\/uploads\/2023\/09\/DochyGlas_logo_kleur-e1695737229567.png","contentUrl":"https:\/\/www.dochyglas.be\/wp-content\/uploads\/2023\/09\/DochyGlas_logo_kleur-e1695737229567.png","width":6853,"height":3160,"caption":"Dochy Glas"},"image":{"@id":"https:\/\/www.dochyglas.be\/#\/schema\/logo\/image\/"},"sameAs":["https:\/\/www.facebook.com\/Dochyglas","https:\/\/www.instagram.com\/dochyglas\/"]}]}},"_links":{"self":[{"href":"https:\/\/www.dochyglas.be\/fr\/wp-json\/wp\/v2\/pages\/943","targetHints":{"allow":["GET"]}}],"collection":[{"href":"https:\/\/www.dochyglas.be\/fr\/wp-json\/wp\/v2\/pages"}],"about":[{"href":"https:\/\/www.dochyglas.be\/fr\/wp-json\/wp\/v2\/types\/page"}],"author":[{"embeddable":true,"href":"https:\/\/www.dochyglas.be\/fr\/wp-json\/wp\/v2\/users\/1"}],"replies":[{"embeddable":true,"href":"https:\/\/www.dochyglas.be\/fr\/wp-json\/wp\/v2\/comments?post=943"}],"version-history":[{"count":4,"href":"https:\/\/www.dochyglas.be\/fr\/wp-json\/wp\/v2\/pages\/943\/revisions"}],"predecessor-version":[{"id":1330,"href":"https:\/\/www.dochyglas.be\/fr\/wp-json\/wp\/v2\/pages\/943\/revisions\/1330"}],"up":[{"embeddable":true,"href":"https:\/\/www.dochyglas.be\/fr\/wp-json\/wp\/v2\/pages\/958"}],"wp:featuredmedia":[{"embeddable":true,"href":"https:\/\/www.dochyglas.be\/fr\/wp-json\/wp\/v2\/media\/401"}],"wp:attachment":[{"href":"https:\/\/www.dochyglas.be\/fr\/wp-json\/wp\/v2\/media?parent=943"}],"curies":[{"name":"wp","href":"https:\/\/api.w.org\/{rel}","templated":true}]}}