{"id":944,"date":"2023-09-26T09:49:07","date_gmt":"2023-09-26T07:49:07","guid":{"rendered":"https:\/\/www.dochyglas.be\/glazen-wanden-en-vloeren\/"},"modified":"2024-03-07T15:43:05","modified_gmt":"2024-03-07T13:43:05","slug":"cloisons-et-sols-en-verre","status":"publish","type":"page","link":"https:\/\/www.dochyglas.be\/fr\/verre-dinterieur\/cloisons-et-sols-en-verre\/","title":{"rendered":"Cloisons et sols en verre"},"content":{"rendered":"<section class=\"l-section wpb_row detail height_auto\"><div class=\"l-section-h i-cf\"><div class=\"g-cols vc_row via_flex valign_bottom type_boxes stacking_default\"><div class=\"vc_col-sm-12 wpb_column vc_column_container minheightbanner has_bg_color\"><div class=\"vc_column-inner us_custom_02268f46\"><div class=\"vc_column-overlay\" style=\"background:rgba(0,0,0,0.70)\"><\/div><div class=\"wpb_wrapper\"><div class=\"g-cols wpb_row via_flex valign_top type_default stacking_default\"><div class=\"vc_col-sm-7 wpb_column vc_column_container\"><div class=\"vc_column-inner\"><div class=\"wpb_wrapper\"><div class=\"wpb_text_column us_custom_6df4bc3a has_text_color\"><div class=\"wpb_wrapper\"><h1><em>Cloisons vitr\u00e9es et sols<\/em> en verre<\/h1>\n<\/div><\/div><div class=\"w-separator size_small\"><\/div><nav class=\"g-breadcrumbs us_custom_6df4bc3a has_text_color separator_icon align_none\" itemscope itemtype=\"http:\/\/schema.org\/BreadcrumbList\"><div class=\"g-breadcrumbs-item\" itemscope itemprop=\"itemListElement\" itemtype=\"http:\/\/schema.org\/ListItem\"><a itemprop=\"item\" href=\"https:\/\/www.dochyglas.be\/fr\/\"><span itemprop=\"name\">Accueil<\/span><\/a><meta itemprop=\"position\" content=\"1\"\/><\/div><div class=\"g-breadcrumbs-separator\"><i class=\"far fa-angle-right\"><\/i><\/div><div class=\"g-breadcrumbs-item\">Pages<\/div><\/nav><\/div><\/div><\/div><div class=\"vc_col-sm-5 wpb_column vc_column_container\"><div class=\"vc_column-inner\"><div class=\"wpb_wrapper\"><\/div><\/div><\/div><\/div><\/div><\/div><\/div><\/div><\/div><\/section><section class=\"l-section wpb_row height_auto\"><div class=\"l-section-h i-cf\"><div class=\"g-cols vc_row via_flex valign_top type_boxes stacking_default\"><div class=\"vc_col-sm-12 vc_col-lg-6 vc_col-md-6 vc_col-xs-12 wpb_column vc_column_container\"><div class=\"vc_column-inner\"><div class=\"wpb_wrapper\"><div class=\"wpb_text_column\"><div class=\"wpb_wrapper\"><h2><em>Cr\u00e9ez une atmosph\u00e8re<\/em> ouverte avec des cloisons en verre<\/h2>\n<p>Nos cloisons en verre offrent <em>une solution pour une grande vari\u00e9t\u00e9<\/em> d&rsquo;applications dans votre maison.<\/p>\n<p>Elles peuvent \u00eatre utilis\u00e9es pour cr\u00e9er une atmosph\u00e8re ouverte et a\u00e9r\u00e9e entre diff\u00e9rentes pi\u00e8ces, telles que la cuisine et le salon, ou comme s\u00e9paration entre la chambre \u00e0 coucher et la salle de bains.<\/p>\n<\/div><\/div><\/div><\/div><\/div><div class=\"vc_col-sm-12 vc_col-lg-6 vc_col-md-6 vc_col-xs-12 wpb_column vc_column_container\"><div class=\"vc_column-inner\"><div class=\"wpb_wrapper\"><div class=\"wpb_text_column\"><div class=\"wpb_wrapper\"><p>Les cloisons en verre peuvent \u00e9galement servir de mani\u00e8re moderne et \u00e9l\u00e9gante \u00e0 d\u00e9limiter un bureau \u00e0 domicile ou une salle de sport, par exemple.<\/p>\n<p>Nos cloisons vitr\u00e9es sont s\u00fbres, durables et faciles \u00e0 entretenir. Elles sont fabriqu\u00e9es en verre de s\u00e9curit\u00e9 de haute qualit\u00e9, ce qui signifie qu&rsquo;elles sont ax\u00e9es sur la s\u00e9curit\u00e9.<\/p>\n<\/div><\/div><div class=\"w-separator size_small\"><\/div><div class=\"w-btn-wrapper align_none\"><a class=\"w-btn us-btn-style_2\" href=\"https:\/\/www.dochyglas.be\/fr\/contact\/\"><span class=\"w-btn-label\">Contactez-nous<\/span><\/a><\/div><\/div><\/div><\/div><\/div><\/div><\/section><section class=\"l-section wpb_row height_small\"><div class=\"l-section-h i-cf\"><div class=\"g-cols vc_row via_flex valign_top type_boxes stacking_default\"><div class=\"vc_col-sm-5 wpb_column vc_column_container imgresp has_bg_color\"><div class=\"vc_column-inner us_custom_45e1467e\"><div class=\"wpb_wrapper\"><\/div><\/div><\/div><div class=\"vc_col-sm-7 wpb_column vc_column_container has_bg_color\"><div class=\"vc_column-inner us_custom_5e134dd3\"><div class=\"wpb_wrapper\"><div class=\"wpb_text_column\"><div class=\"wpb_wrapper\"><h3>Pourquoi opter pour <em>une cloison en verre<\/em> ?<\/h3>\n<ul>\n<li>Sens de l&rsquo;espace et d&rsquo;ouverture gr\u00e2ce \u00e0 une lumi\u00e8re suppl\u00e9mentaire.<\/li>\n<li>Facilit\u00e9 d&rsquo;entretien, durabilit\u00e9 et r\u00e9sistance \u00e0 l&rsquo;usure.<\/li>\n<li>Am\u00e9lioration de l&rsquo;acoustique de votre maison<\/li>\n<\/ul>\n<h4>Des possibilit\u00e9s illimit\u00e9es<\/h4>\n<p>Chez Dochy Glas, nous proposons une large gamme de cloisons en verre, des solutions standard aux solutions sur mesure. Nos conseillers techniques travaillent en \u00e9troite collaboration avec vous pour cr\u00e9er la solution parfaite adapt\u00e9e \u00e0 vos besoins sp\u00e9cifiques et \u00e0 vos pr\u00e9f\u00e9rences en mati\u00e8re de design.<\/p>\n<p>Si vous souhaitez en savoir plus sur nos cloisons en verre et comment elles peuvent \u00eatre utilis\u00e9es dans votre maison, n&rsquo;h\u00e9sitez pas \u00e0 nous contacter et \u00e0 d\u00e9couvrir les nombreuses possibilit\u00e9s offertes par Dochy Glas. Nous fournissons des produits de haute qualit\u00e9 et un excellent service.<\/p>\n<\/div><\/div><\/div><\/div><\/div><\/div><\/div><\/section><section class=\"l-section wpb_row height_auto\"><div class=\"l-section-h i-cf\"><div class=\"g-cols vc_row via_flex valign_top type_boxes stacking_default\"><div class=\"vc_col-sm-12 vc_col-lg-6 vc_col-md-6 vc_col-xs-12 wpb_column vc_column_container\"><div class=\"vc_column-inner\"><div class=\"wpb_wrapper\"><div class=\"wpb_text_column\"><div class=\"wpb_wrapper\"><h2>Donnez une dimension exclusive \u00e0 votre int\u00e9rieur &#8211; les dalles en verre sont \u00e0 la mode!<\/h2>\n<p>Cherchez-vous un moyen de donner \u00e0 votre int\u00e9rieur une apparence unique ? Voulez-vous cr\u00e9er un espace qui impressionne ? Optez pour des dalles en verre de Dochy Glas et choisissez un int\u00e9rieur \u00e9l\u00e9gant, durable et unique !<\/p>\n<\/div><\/div><\/div><\/div><\/div><div class=\"vc_col-sm-12 vc_col-lg-6 vc_col-md-6 vc_col-xs-12 wpb_column vc_column_container\"><div class=\"vc_column-inner\"><div class=\"wpb_wrapper\"><div class=\"wpb_text_column\"><div class=\"wpb_wrapper\"><p>Chez Dochy Glas, nous installons des dalles en verre sur mesure qui ajoutent une grande valeur \u00e0 votre maison.<\/p>\n<p>Contactez-nous pour discuter avec nos conseillers techniques de la fa\u00e7on dont nous pouvons concr\u00e9tiser votre r\u00eave !<\/p>\n<\/div><\/div><div class=\"w-separator size_small\"><\/div><div class=\"w-btn-wrapper align_none\"><a class=\"w-btn us-btn-style_2\" href=\"https:\/\/www.dochyglas.be\/fr\/contact\/\"><span class=\"w-btn-label\">Contactez-nous<\/span><\/a><\/div><\/div><\/div><\/div><\/div><\/div><\/section><section class=\"l-section wpb_row height_small\"><div class=\"l-section-h i-cf\"><div class=\"g-cols vc_row via_flex valign_top type_boxes stacking_default\"><div class=\"vc_col-sm-5 wpb_column vc_column_container imgresp has_bg_color\"><div class=\"vc_column-inner us_custom_7426834e\"><div class=\"wpb_wrapper\"><\/div><\/div><\/div><div class=\"vc_col-sm-7 wpb_column vc_column_container has_bg_color\"><div class=\"vc_column-inner us_custom_5e134dd3\"><div class=\"wpb_wrapper\"><div class=\"wpb_text_column\"><div class=\"wpb_wrapper\"><h3>Pourquoi opter pour <em>une dalle en verre<\/em> ?<\/h3>\n<p>Les dalles en verre ne sont pas seulement \u00e9l\u00e9gants et exclusifs, mais ils offrent \u00e9galement plusieurs avantages pratiques.<\/p>\n<ul>\n<li>Une sensation d&rsquo;espace et de lumi\u00e8re dans votre int\u00e9rieur.<\/li>\n<li>Le verre est durable et r\u00e9sistant aux rayures.<\/li>\n<li>Les planchers en verre cr\u00e9ent une sensation de connexion entre les espaces de votre maison.<\/li>\n<\/ul>\n<h4>Des possibilit\u00e9s illimit\u00e9es<\/h4>\n<p>Il est possible de combiner des dalles en verre avec d&rsquo;autres mat\u00e9riaux, tels que le bois ou la pierre, pour cr\u00e9er une apparence encore plus unique.<\/p>\n<\/div><\/div><\/div><\/div><\/div><\/div><\/div><\/section><section class=\"l-section wpb_row height_auto\"><div class=\"l-section-h i-cf\"><div class=\"g-cols vc_row via_flex valign_top type_boxes stacking_default\"><div class=\"vc_col-sm-12 wpb_column vc_column_container\"><div class=\"vc_column-inner\"><div class=\"wpb_wrapper\"><div class=\"wpb_text_column\"><div class=\"wpb_wrapper\"><h3>Conseils \u00e0 domicile<\/h3>\n<p>D\u00e9sormais, nous vous offrons la possibilit\u00e9 de faire venir un conseiller technique chez vous. Lorsque vous nous r\u00e9servez un \u00ab\u00a0Conseil \u00e0 domicile\u00a0\u00bb, notre conseiller technique se rend chez vous et prend le temps d&rsquo;\u00e9couter vos besoins. Nous apportons \u00e9galement des \u00e9chantillons et des mat\u00e9riaux pour que vous puissiez imm\u00e9diatement avoir une id\u00e9e du r\u00e9sultat final.<\/p>\n<p>Nos conseillers techniques sont l\u00e0 pour vous aider \u00e0 concr\u00e9tiser vos projets en verre d&rsquo;int\u00e9rieur.<\/p>\n<p><strong>Ce service est <em>GRATUIT<\/em> !<\/strong><\/p>\n<\/div><\/div><\/div><\/div><\/div><\/div><\/div><\/section>\n","protected":false},"excerpt":{"rendered":"Cloisons vitr\u00e9es et sols en verre AccueilPagesCr\u00e9ez une atmosph\u00e8re ouverte avec des cloisons en verre Nos cloisons en verre offrent une solution pour une grande vari\u00e9t\u00e9 d&rsquo;applications dans votre maison. Elles peuvent \u00eatre utilis\u00e9es pour cr\u00e9er une atmosph\u00e8re ouverte et a\u00e9r\u00e9e entre diff\u00e9rentes pi\u00e8ces, telles que la cuisine et le salon, ou comme s\u00e9paration entre...","protected":false},"author":1,"featured_media":709,"parent":958,"menu_order":3,"comment_status":"closed","ping_status":"closed","template":"","meta":{"footnotes":""},"class_list":["post-944","page","type-page","status-publish","has-post-thumbnail","hentry"],"acf":[],"yoast_head":"<!-- This site is optimized with the Yoast SEO plugin v26.4 - https:\/\/yoast.com\/wordpress\/plugins\/seo\/ -->\n<title>Cloisons Vitr\u00e9es et Sols en Verre | Dochy Glas<\/title>\n<meta name=\"description\" content=\"Des cloisons vitr\u00e9es et des sols en verre ? Chez Dochy Glas, nous avons toute l&#039;expertise pour r\u00e9aliser votre projet. Contactez-nous.\" \/>\n<meta name=\"robots\" content=\"index, follow, max-snippet:-1, max-image-preview:large, max-video-preview:-1\" \/>\n<link rel=\"canonical\" href=\"https:\/\/www.dochyglas.be\/fr\/verre-dinterieur\/cloisons-et-sols-en-verre\/\" \/>\n<meta property=\"og:locale\" content=\"fr_FR\" \/>\n<meta property=\"og:type\" content=\"article\" \/>\n<meta property=\"og:title\" content=\"Cloisons Vitr\u00e9es et Sols en Verre | Dochy Glas\" \/>\n<meta property=\"og:description\" content=\"Des cloisons vitr\u00e9es et des sols en verre ? Chez Dochy Glas, nous avons toute l&#039;expertise pour r\u00e9aliser votre projet. Contactez-nous.\" \/>\n<meta property=\"og:url\" content=\"https:\/\/www.dochyglas.be\/fr\/verre-dinterieur\/cloisons-et-sols-en-verre\/\" \/>\n<meta property=\"og:site_name\" content=\"Dochy Glas\" \/>\n<meta property=\"article:publisher\" content=\"https:\/\/www.facebook.com\/Dochyglas\" \/>\n<meta property=\"article:modified_time\" content=\"2024-03-07T13:43:05+00:00\" \/>\n<meta property=\"og:image\" content=\"https:\/\/www.dochyglas.be\/wp-content\/uploads\/2023\/10\/zwembad-glazen-wanden-rechts.jpg\" \/>\n\t<meta property=\"og:image:width\" content=\"2000\" \/>\n\t<meta property=\"og:image:height\" content=\"1499\" \/>\n\t<meta property=\"og:image:type\" content=\"image\/jpeg\" \/>\n<meta name=\"twitter:card\" content=\"summary_large_image\" \/>\n<meta name=\"twitter:label1\" content=\"Dur\u00e9e de lecture estim\u00e9e\" \/>\n\t<meta name=\"twitter:data1\" content=\"3 minutes\" \/>\n<script type=\"application\/ld+json\" class=\"yoast-schema-graph\">{\"@context\":\"https:\/\/schema.org\",\"@graph\":[{\"@type\":\"WebPage\",\"@id\":\"https:\/\/www.dochyglas.be\/fr\/verre-dinterieur\/cloisons-et-sols-en-verre\/\",\"url\":\"https:\/\/www.dochyglas.be\/fr\/verre-dinterieur\/cloisons-et-sols-en-verre\/\",\"name\":\"Cloisons Vitr\u00e9es et Sols en Verre | Dochy Glas\",\"isPartOf\":{\"@id\":\"https:\/\/www.dochyglas.be\/#website\"},\"primaryImageOfPage\":{\"@id\":\"https:\/\/www.dochyglas.be\/fr\/verre-dinterieur\/cloisons-et-sols-en-verre\/#primaryimage\"},\"image\":{\"@id\":\"https:\/\/www.dochyglas.be\/fr\/verre-dinterieur\/cloisons-et-sols-en-verre\/#primaryimage\"},\"thumbnailUrl\":\"https:\/\/www.dochyglas.be\/wp-content\/uploads\/2023\/10\/zwembad-glazen-wanden-rechts.jpg\",\"datePublished\":\"2023-09-26T07:49:07+00:00\",\"dateModified\":\"2024-03-07T13:43:05+00:00\",\"description\":\"Des cloisons vitr\u00e9es et des sols en verre ? Chez Dochy Glas, nous avons toute l'expertise pour r\u00e9aliser votre projet. Contactez-nous.\",\"breadcrumb\":{\"@id\":\"https:\/\/www.dochyglas.be\/fr\/verre-dinterieur\/cloisons-et-sols-en-verre\/#breadcrumb\"},\"inLanguage\":\"fr-FR\",\"potentialAction\":[{\"@type\":\"ReadAction\",\"target\":[\"https:\/\/www.dochyglas.be\/fr\/verre-dinterieur\/cloisons-et-sols-en-verre\/\"]}]},{\"@type\":\"ImageObject\",\"inLanguage\":\"fr-FR\",\"@id\":\"https:\/\/www.dochyglas.be\/fr\/verre-dinterieur\/cloisons-et-sols-en-verre\/#primaryimage\",\"url\":\"https:\/\/www.dochyglas.be\/wp-content\/uploads\/2023\/10\/zwembad-glazen-wanden-rechts.jpg\",\"contentUrl\":\"https:\/\/www.dochyglas.be\/wp-content\/uploads\/2023\/10\/zwembad-glazen-wanden-rechts.jpg\",\"width\":2000,\"height\":1499,\"caption\":\"glazen wanden op maat binnenzwembad\"},{\"@type\":\"BreadcrumbList\",\"@id\":\"https:\/\/www.dochyglas.be\/fr\/verre-dinterieur\/cloisons-et-sols-en-verre\/#breadcrumb\",\"itemListElement\":[{\"@type\":\"ListItem\",\"position\":1,\"name\":\"Home\",\"item\":\"https:\/\/www.dochyglas.be\/fr\/\"},{\"@type\":\"ListItem\",\"position\":2,\"name\":\"Verre pour l&#8217;int\u00e9rieur\",\"item\":\"https:\/\/www.dochyglas.be\/fr\/verre-dinterieur\/\"},{\"@type\":\"ListItem\",\"position\":3,\"name\":\"Cloisons et sols en verre\"}]},{\"@type\":\"WebSite\",\"@id\":\"https:\/\/www.dochyglas.be\/#website\",\"url\":\"https:\/\/www.dochyglas.be\/\",\"name\":\"Dochy Glas\",\"description\":\"Glass solutions\",\"publisher\":{\"@id\":\"https:\/\/www.dochyglas.be\/#organization\"},\"alternateName\":\"Dochy\",\"potentialAction\":[{\"@type\":\"SearchAction\",\"target\":{\"@type\":\"EntryPoint\",\"urlTemplate\":\"https:\/\/www.dochyglas.be\/?s={search_term_string}\"},\"query-input\":{\"@type\":\"PropertyValueSpecification\",\"valueRequired\":true,\"valueName\":\"search_term_string\"}}],\"inLanguage\":\"fr-FR\"},{\"@type\":\"Organization\",\"@id\":\"https:\/\/www.dochyglas.be\/#organization\",\"name\":\"Dochy Glas\",\"alternateName\":\"Dochy Glass solutions\",\"url\":\"https:\/\/www.dochyglas.be\/\",\"logo\":{\"@type\":\"ImageObject\",\"inLanguage\":\"fr-FR\",\"@id\":\"https:\/\/www.dochyglas.be\/#\/schema\/logo\/image\/\",\"url\":\"https:\/\/www.dochyglas.be\/wp-content\/uploads\/2023\/09\/DochyGlas_logo_kleur-e1695737229567.png\",\"contentUrl\":\"https:\/\/www.dochyglas.be\/wp-content\/uploads\/2023\/09\/DochyGlas_logo_kleur-e1695737229567.png\",\"width\":6853,\"height\":3160,\"caption\":\"Dochy Glas\"},\"image\":{\"@id\":\"https:\/\/www.dochyglas.be\/#\/schema\/logo\/image\/\"},\"sameAs\":[\"https:\/\/www.facebook.com\/Dochyglas\",\"https:\/\/www.instagram.com\/dochyglas\/\"]}]}<\/script>\n<!-- \/ Yoast SEO plugin. -->","yoast_head_json":{"title":"Cloisons Vitr\u00e9es et Sols en Verre | Dochy Glas","description":"Des cloisons vitr\u00e9es et des sols en verre ? Chez Dochy Glas, nous avons toute l'expertise pour r\u00e9aliser votre projet. Contactez-nous.","robots":{"index":"index","follow":"follow","max-snippet":"max-snippet:-1","max-image-preview":"max-image-preview:large","max-video-preview":"max-video-preview:-1"},"canonical":"https:\/\/www.dochyglas.be\/fr\/verre-dinterieur\/cloisons-et-sols-en-verre\/","og_locale":"fr_FR","og_type":"article","og_title":"Cloisons Vitr\u00e9es et Sols en Verre | Dochy Glas","og_description":"Des cloisons vitr\u00e9es et des sols en verre ? Chez Dochy Glas, nous avons toute l'expertise pour r\u00e9aliser votre projet. Contactez-nous.","og_url":"https:\/\/www.dochyglas.be\/fr\/verre-dinterieur\/cloisons-et-sols-en-verre\/","og_site_name":"Dochy Glas","article_publisher":"https:\/\/www.facebook.com\/Dochyglas","article_modified_time":"2024-03-07T13:43:05+00:00","og_image":[{"width":2000,"height":1499,"url":"https:\/\/www.dochyglas.be\/wp-content\/uploads\/2023\/10\/zwembad-glazen-wanden-rechts.jpg","type":"image\/jpeg"}],"twitter_card":"summary_large_image","twitter_misc":{"Dur\u00e9e de lecture estim\u00e9e":"3 minutes"},"schema":{"@context":"https:\/\/schema.org","@graph":[{"@type":"WebPage","@id":"https:\/\/www.dochyglas.be\/fr\/verre-dinterieur\/cloisons-et-sols-en-verre\/","url":"https:\/\/www.dochyglas.be\/fr\/verre-dinterieur\/cloisons-et-sols-en-verre\/","name":"Cloisons Vitr\u00e9es et Sols en Verre | Dochy Glas","isPartOf":{"@id":"https:\/\/www.dochyglas.be\/#website"},"primaryImageOfPage":{"@id":"https:\/\/www.dochyglas.be\/fr\/verre-dinterieur\/cloisons-et-sols-en-verre\/#primaryimage"},"image":{"@id":"https:\/\/www.dochyglas.be\/fr\/verre-dinterieur\/cloisons-et-sols-en-verre\/#primaryimage"},"thumbnailUrl":"https:\/\/www.dochyglas.be\/wp-content\/uploads\/2023\/10\/zwembad-glazen-wanden-rechts.jpg","datePublished":"2023-09-26T07:49:07+00:00","dateModified":"2024-03-07T13:43:05+00:00","description":"Des cloisons vitr\u00e9es et des sols en verre ? Chez Dochy Glas, nous avons toute l'expertise pour r\u00e9aliser votre projet. Contactez-nous.","breadcrumb":{"@id":"https:\/\/www.dochyglas.be\/fr\/verre-dinterieur\/cloisons-et-sols-en-verre\/#breadcrumb"},"inLanguage":"fr-FR","potentialAction":[{"@type":"ReadAction","target":["https:\/\/www.dochyglas.be\/fr\/verre-dinterieur\/cloisons-et-sols-en-verre\/"]}]},{"@type":"ImageObject","inLanguage":"fr-FR","@id":"https:\/\/www.dochyglas.be\/fr\/verre-dinterieur\/cloisons-et-sols-en-verre\/#primaryimage","url":"https:\/\/www.dochyglas.be\/wp-content\/uploads\/2023\/10\/zwembad-glazen-wanden-rechts.jpg","contentUrl":"https:\/\/www.dochyglas.be\/wp-content\/uploads\/2023\/10\/zwembad-glazen-wanden-rechts.jpg","width":2000,"height":1499,"caption":"glazen wanden op maat binnenzwembad"},{"@type":"BreadcrumbList","@id":"https:\/\/www.dochyglas.be\/fr\/verre-dinterieur\/cloisons-et-sols-en-verre\/#breadcrumb","itemListElement":[{"@type":"ListItem","position":1,"name":"Home","item":"https:\/\/www.dochyglas.be\/fr\/"},{"@type":"ListItem","position":2,"name":"Verre pour l&#8217;int\u00e9rieur","item":"https:\/\/www.dochyglas.be\/fr\/verre-dinterieur\/"},{"@type":"ListItem","position":3,"name":"Cloisons et sols en verre"}]},{"@type":"WebSite","@id":"https:\/\/www.dochyglas.be\/#website","url":"https:\/\/www.dochyglas.be\/","name":"Dochy Glas","description":"Glass solutions","publisher":{"@id":"https:\/\/www.dochyglas.be\/#organization"},"alternateName":"Dochy","potentialAction":[{"@type":"SearchAction","target":{"@type":"EntryPoint","urlTemplate":"https:\/\/www.dochyglas.be\/?s={search_term_string}"},"query-input":{"@type":"PropertyValueSpecification","valueRequired":true,"valueName":"search_term_string"}}],"inLanguage":"fr-FR"},{"@type":"Organization","@id":"https:\/\/www.dochyglas.be\/#organization","name":"Dochy Glas","alternateName":"Dochy Glass solutions","url":"https:\/\/www.dochyglas.be\/","logo":{"@type":"ImageObject","inLanguage":"fr-FR","@id":"https:\/\/www.dochyglas.be\/#\/schema\/logo\/image\/","url":"https:\/\/www.dochyglas.be\/wp-content\/uploads\/2023\/09\/DochyGlas_logo_kleur-e1695737229567.png","contentUrl":"https:\/\/www.dochyglas.be\/wp-content\/uploads\/2023\/09\/DochyGlas_logo_kleur-e1695737229567.png","width":6853,"height":3160,"caption":"Dochy Glas"},"image":{"@id":"https:\/\/www.dochyglas.be\/#\/schema\/logo\/image\/"},"sameAs":["https:\/\/www.facebook.com\/Dochyglas","https:\/\/www.instagram.com\/dochyglas\/"]}]}},"_links":{"self":[{"href":"https:\/\/www.dochyglas.be\/fr\/wp-json\/wp\/v2\/pages\/944","targetHints":{"allow":["GET"]}}],"collection":[{"href":"https:\/\/www.dochyglas.be\/fr\/wp-json\/wp\/v2\/pages"}],"about":[{"href":"https:\/\/www.dochyglas.be\/fr\/wp-json\/wp\/v2\/types\/page"}],"author":[{"embeddable":true,"href":"https:\/\/www.dochyglas.be\/fr\/wp-json\/wp\/v2\/users\/1"}],"replies":[{"embeddable":true,"href":"https:\/\/www.dochyglas.be\/fr\/wp-json\/wp\/v2\/comments?post=944"}],"version-history":[{"count":6,"href":"https:\/\/www.dochyglas.be\/fr\/wp-json\/wp\/v2\/pages\/944\/revisions"}],"predecessor-version":[{"id":1381,"href":"https:\/\/www.dochyglas.be\/fr\/wp-json\/wp\/v2\/pages\/944\/revisions\/1381"}],"up":[{"embeddable":true,"href":"https:\/\/www.dochyglas.be\/fr\/wp-json\/wp\/v2\/pages\/958"}],"wp:featuredmedia":[{"embeddable":true,"href":"https:\/\/www.dochyglas.be\/fr\/wp-json\/wp\/v2\/media\/709"}],"wp:attachment":[{"href":"https:\/\/www.dochyglas.be\/fr\/wp-json\/wp\/v2\/media?parent=944"}],"curies":[{"name":"wp","href":"https:\/\/api.w.org\/{rel}","templated":true}]}}