{"id":945,"date":"2023-09-26T09:49:07","date_gmt":"2023-09-26T07:49:07","guid":{"rendered":"https:\/\/www.dochyglas.be\/balustrades-voor-binnen\/"},"modified":"2024-01-31T11:52:41","modified_gmt":"2024-01-31T09:52:41","slug":"garde-corps-pour-linterieur","status":"publish","type":"page","link":"https:\/\/www.dochyglas.be\/fr\/verre-dinterieur\/garde-corps-pour-linterieur\/","title":{"rendered":"Garde-corps pour l&rsquo;int\u00e9rieur"},"content":{"rendered":"<section class=\"l-section wpb_row detail height_auto\"><div class=\"l-section-h i-cf\"><div class=\"g-cols vc_row via_flex valign_bottom type_boxes stacking_default\"><div class=\"vc_col-sm-12 wpb_column vc_column_container minheightbanner has_bg_color\"><div class=\"vc_column-inner us_custom_63133b7c\"><div class=\"vc_column-overlay\" style=\"background:rgba(0,0,0,0.70)\"><\/div><div class=\"wpb_wrapper\"><div class=\"g-cols wpb_row via_flex valign_top type_default stacking_default\"><div class=\"vc_col-sm-7 wpb_column vc_column_container\"><div class=\"vc_column-inner\"><div class=\"wpb_wrapper\"><div class=\"wpb_text_column us_custom_6df4bc3a has_text_color\"><div class=\"wpb_wrapper\"><h1><em>Optez pour un garde-corps en verre<\/em> &#8211; pour une touche de modernit\u00e9 et de s\u00e9curit\u00e9<\/h1>\n<\/div><\/div><div class=\"w-separator size_small\"><\/div><nav class=\"g-breadcrumbs us_custom_6df4bc3a has_text_color separator_icon align_none\" itemscope itemtype=\"http:\/\/schema.org\/BreadcrumbList\"><div class=\"g-breadcrumbs-item\" itemscope itemprop=\"itemListElement\" itemtype=\"http:\/\/schema.org\/ListItem\"><a itemprop=\"item\" href=\"https:\/\/www.dochyglas.be\/fr\/\"><span itemprop=\"name\">Accueil<\/span><\/a><meta itemprop=\"position\" content=\"1\"\/><\/div><div class=\"g-breadcrumbs-separator\"><i class=\"far fa-angle-right\"><\/i><\/div><div class=\"g-breadcrumbs-item\">Pages<\/div><\/nav><\/div><\/div><\/div><div class=\"vc_col-sm-5 wpb_column vc_column_container\"><div class=\"vc_column-inner\"><div class=\"wpb_wrapper\"><\/div><\/div><\/div><\/div><\/div><\/div><\/div><\/div><\/div><\/section><section class=\"l-section wpb_row height_auto\"><div class=\"l-section-h i-cf\"><div class=\"g-cols vc_row via_flex valign_top type_boxes stacking_default\"><div class=\"vc_col-sm-12 vc_col-lg-6 vc_col-md-6 vc_col-xs-12 wpb_column vc_column_container\"><div class=\"vc_column-inner\"><div class=\"wpb_wrapper\"><div class=\"wpb_text_column\"><div class=\"wpb_wrapper\"><h2>Un garde-corps en verre est un ajout magnifique <em>\u00e0 votre int\u00e9rieur<\/em>.<\/h2>\n<p>Nos garde-corps ne sont pas seulement s\u00fbrs et fonctionnels, ils conf\u00e8rent \u00e9galement une allure moderne et \u00e9l\u00e9gante \u00e0 votre maison. Dochy Glas propose un large \u00e9ventail de garde-corps en verre, adapt\u00e9s \u00e0 diff\u00e9rentes applications dans votre int\u00e9rieur.<\/p>\n<\/div><\/div><\/div><\/div><\/div><div class=\"vc_col-sm-12 vc_col-lg-6 vc_col-md-6 vc_col-xs-12 wpb_column vc_column_container\"><div class=\"vc_column-inner\"><div class=\"wpb_wrapper\"><div class=\"wpb_text_column\"><div class=\"wpb_wrapper\"><p>Les garde-corps en verre sont principalement install\u00e9s dans les zones de circulation les plus critiques de la maison : le palier, l&rsquo;escalier, &#8230; La s\u00e9curit\u00e9 est notre priorit\u00e9, et l&rsquo;utilisation de mat\u00e9riaux robustes est donc essentielle.<\/p>\n<p><strong>Un garde-corps en verre avec du verre de s\u00e9curit\u00e9 de <em>Dochy Glas<\/em> est un choix judicieux.<\/strong><\/p>\n<p>Notre \u00e9quipe assure une installation sans couture, de sorte que votre garde-corps soit non seulement esth\u00e9tique, mais aussi s\u00fbr et facile \u00e0 entretenir. N&rsquo;h\u00e9sitez pas \u00e0 nous contacter et \u00e0 consulter notre conseiller technique pour transformer votre cage d&rsquo;escalier en une pi\u00e8ce ma\u00eetresse \u00e9blouissante.<\/p>\n<\/div><\/div><div class=\"w-separator size_small\"><\/div><div class=\"w-btn-wrapper align_none\"><a class=\"w-btn us-btn-style_2\" href=\"https:\/\/www.dochyglas.be\/fr\/contact\/\"><span class=\"w-btn-label\">Contactez-nous<\/span><\/a><\/div><\/div><\/div><\/div><\/div><\/div><\/section><section class=\"l-section wpb_row height_small\"><div class=\"l-section-h i-cf\"><div class=\"g-cols vc_row via_flex valign_middle type_boxes stacking_default\" style=\"--additional-gap:20px;\"><div class=\"vc_col-sm-12 vc_col-lg-6 vc_col-md-6 vc_col-xs-12 wpb_column vc_column_container padbottop has_bg_color\"><div class=\"vc_column-inner us_custom_2e7d2306\"><div class=\"vc_column-overlay\" style=\"background:rgba(26,26,26,0.50)\"><\/div><div class=\"wpb_wrapper\"><div class=\"wpb_text_column us_custom_6df4bc3a has_text_color\"><div class=\"wpb_wrapper\"><h3>Pourquoi opter pour un garde-corps en verre ?<\/h3>\n<p>Un garde-corps en verre offre plusieurs avantages par rapport \u00e0 d&rsquo;autres mat\u00e9riaux tels que le bois ou le m\u00e9tal.<\/p>\n<ul>\n<li>Le verre est durable, facile \u00e0 entretenir et r\u00e9sistant aux rayures.<\/li>\n<li>Votre espace int\u00e9rieur semble plus grand.<\/li>\n<li>Un atout esth\u00e9tique contemporain pour votre int\u00e9rieur.<\/li>\n<\/ul>\n<\/div><\/div><div class=\"w-separator size_small\"><\/div><div class=\"w-btn-wrapper align_none\"><a class=\"w-btn us-btn-style_1\" href=\"tel:+3258311253\"><span class=\"w-btn-label\">T\u00e9l: +32 58 31 12 53<\/span><\/a><\/div><\/div><\/div><\/div><div class=\"vc_col-sm-12 vc_col-lg-6 vc_col-md-6 vc_col-xs-12 wpb_column vc_column_container\"><div class=\"vc_column-inner\"><div class=\"wpb_wrapper\"><div class=\"wpb_text_column\"><div class=\"wpb_wrapper\"><h3>Conseils \u00e0 domicile<\/h3>\n<p>D\u00e9sormais, nous vous offrons la possibilit\u00e9 de faire venir un conseiller technique chez vous. Lorsque vous nous r\u00e9servez un \u00ab\u00a0Conseil \u00e0 domicile\u00a0\u00bb, notre conseiller technique se rend chez vous et prend le temps d&rsquo;\u00e9couter vos besoins. Nous apportons \u00e9galement des \u00e9chantillons et des mat\u00e9riaux pour que vous puissiez imm\u00e9diatement avoir une id\u00e9e du r\u00e9sultat final.<\/p>\n<p>Nos conseillers techniques sont l\u00e0 pour vous aider \u00e0 concr\u00e9tiser vos projets en verre d&rsquo;int\u00e9rieur.<\/p>\n<p><strong>Ce service est <em>GRATUIT<\/em> !<\/strong><\/p>\n<\/div><\/div><div class=\"w-separator size_small\"><\/div><div class=\"w-btn-wrapper align_none\"><a class=\"w-btn us-btn-style_2\" href=\"https:\/\/www.dochyglas.be\/fr\/contact\/\"><span class=\"w-btn-label\">Contactez-nous<\/span><\/a><\/div><\/div><\/div><\/div><\/div><\/div><\/section>\n","protected":false},"excerpt":{"rendered":"Optez pour un garde-corps en verre &#8211; pour une touche de modernit\u00e9 et de s\u00e9curit\u00e9 AccueilPagesUn garde-corps en verre est un ajout magnifique \u00e0 votre int\u00e9rieur. Nos garde-corps ne sont pas seulement s\u00fbrs et fonctionnels, ils conf\u00e8rent \u00e9galement une allure moderne et \u00e9l\u00e9gante \u00e0 votre maison. Dochy Glas propose un large \u00e9ventail de garde-corps en...","protected":false},"author":1,"featured_media":717,"parent":958,"menu_order":4,"comment_status":"closed","ping_status":"closed","template":"","meta":{"footnotes":""},"class_list":["post-945","page","type-page","status-publish","has-post-thumbnail","hentry"],"acf":[],"yoast_head":"<!-- This site is optimized with the Yoast SEO plugin v26.4 - https:\/\/yoast.com\/wordpress\/plugins\/seo\/ -->\n<title>Garde-corps en verre pour votre int\u00e9rieur | Dochy Glas<\/title>\n<meta name=\"description\" content=\"Pensez \u00e0 installer un garde-corps en verre \u00e0 l&#039;int\u00e9rieur de votre habitation pour allier s\u00e9curit\u00e9 et design. Demandez votre devis.\" \/>\n<meta name=\"robots\" content=\"index, follow, max-snippet:-1, max-image-preview:large, max-video-preview:-1\" \/>\n<link rel=\"canonical\" href=\"https:\/\/www.dochyglas.be\/fr\/verre-dinterieur\/garde-corps-pour-linterieur\/\" \/>\n<meta property=\"og:locale\" content=\"fr_FR\" \/>\n<meta property=\"og:type\" content=\"article\" \/>\n<meta property=\"og:title\" content=\"Garde-corps en verre pour votre int\u00e9rieur | Dochy Glas\" \/>\n<meta property=\"og:description\" content=\"Pensez \u00e0 installer un garde-corps en verre \u00e0 l&#039;int\u00e9rieur de votre habitation pour allier s\u00e9curit\u00e9 et design. Demandez votre devis.\" \/>\n<meta property=\"og:url\" content=\"https:\/\/www.dochyglas.be\/fr\/verre-dinterieur\/garde-corps-pour-linterieur\/\" \/>\n<meta property=\"og:site_name\" content=\"Dochy Glas\" \/>\n<meta property=\"article:publisher\" content=\"https:\/\/www.facebook.com\/Dochyglas\" \/>\n<meta property=\"article:modified_time\" content=\"2024-01-31T09:52:41+00:00\" \/>\n<meta property=\"og:image\" content=\"https:\/\/www.dochyglas.be\/wp-content\/uploads\/2023\/10\/2-balustrade-binnen-e1697548188288.jpg\" \/>\n\t<meta property=\"og:image:width\" content=\"2362\" \/>\n\t<meta property=\"og:image:height\" content=\"1770\" \/>\n\t<meta property=\"og:image:type\" content=\"image\/jpeg\" \/>\n<meta name=\"twitter:card\" content=\"summary_large_image\" \/>\n<meta name=\"twitter:label1\" content=\"Dur\u00e9e de lecture estim\u00e9e\" \/>\n\t<meta name=\"twitter:data1\" content=\"2 minutes\" \/>\n<script type=\"application\/ld+json\" class=\"yoast-schema-graph\">{\"@context\":\"https:\/\/schema.org\",\"@graph\":[{\"@type\":\"WebPage\",\"@id\":\"https:\/\/www.dochyglas.be\/fr\/verre-dinterieur\/garde-corps-pour-linterieur\/\",\"url\":\"https:\/\/www.dochyglas.be\/fr\/verre-dinterieur\/garde-corps-pour-linterieur\/\",\"name\":\"Garde-corps en verre pour votre int\u00e9rieur | Dochy Glas\",\"isPartOf\":{\"@id\":\"https:\/\/www.dochyglas.be\/#website\"},\"primaryImageOfPage\":{\"@id\":\"https:\/\/www.dochyglas.be\/fr\/verre-dinterieur\/garde-corps-pour-linterieur\/#primaryimage\"},\"image\":{\"@id\":\"https:\/\/www.dochyglas.be\/fr\/verre-dinterieur\/garde-corps-pour-linterieur\/#primaryimage\"},\"thumbnailUrl\":\"https:\/\/www.dochyglas.be\/wp-content\/uploads\/2023\/10\/2-balustrade-binnen-e1697548188288.jpg\",\"datePublished\":\"2023-09-26T07:49:07+00:00\",\"dateModified\":\"2024-01-31T09:52:41+00:00\",\"description\":\"Pensez \u00e0 installer un garde-corps en verre \u00e0 l'int\u00e9rieur de votre habitation pour allier s\u00e9curit\u00e9 et design. Demandez votre devis.\",\"breadcrumb\":{\"@id\":\"https:\/\/www.dochyglas.be\/fr\/verre-dinterieur\/garde-corps-pour-linterieur\/#breadcrumb\"},\"inLanguage\":\"fr-FR\",\"potentialAction\":[{\"@type\":\"ReadAction\",\"target\":[\"https:\/\/www.dochyglas.be\/fr\/verre-dinterieur\/garde-corps-pour-linterieur\/\"]}]},{\"@type\":\"ImageObject\",\"inLanguage\":\"fr-FR\",\"@id\":\"https:\/\/www.dochyglas.be\/fr\/verre-dinterieur\/garde-corps-pour-linterieur\/#primaryimage\",\"url\":\"https:\/\/www.dochyglas.be\/wp-content\/uploads\/2023\/10\/2-balustrade-binnen-e1697548188288.jpg\",\"contentUrl\":\"https:\/\/www.dochyglas.be\/wp-content\/uploads\/2023\/10\/2-balustrade-binnen-e1697548188288.jpg\",\"width\":2362,\"height\":1770,\"caption\":\"glazen balustrade trap\"},{\"@type\":\"BreadcrumbList\",\"@id\":\"https:\/\/www.dochyglas.be\/fr\/verre-dinterieur\/garde-corps-pour-linterieur\/#breadcrumb\",\"itemListElement\":[{\"@type\":\"ListItem\",\"position\":1,\"name\":\"Home\",\"item\":\"https:\/\/www.dochyglas.be\/fr\/\"},{\"@type\":\"ListItem\",\"position\":2,\"name\":\"Verre pour l&#8217;int\u00e9rieur\",\"item\":\"https:\/\/www.dochyglas.be\/fr\/verre-dinterieur\/\"},{\"@type\":\"ListItem\",\"position\":3,\"name\":\"Garde-corps pour l&#8217;int\u00e9rieur\"}]},{\"@type\":\"WebSite\",\"@id\":\"https:\/\/www.dochyglas.be\/#website\",\"url\":\"https:\/\/www.dochyglas.be\/\",\"name\":\"Dochy Glas\",\"description\":\"Glass solutions\",\"publisher\":{\"@id\":\"https:\/\/www.dochyglas.be\/#organization\"},\"alternateName\":\"Dochy\",\"potentialAction\":[{\"@type\":\"SearchAction\",\"target\":{\"@type\":\"EntryPoint\",\"urlTemplate\":\"https:\/\/www.dochyglas.be\/?s={search_term_string}\"},\"query-input\":{\"@type\":\"PropertyValueSpecification\",\"valueRequired\":true,\"valueName\":\"search_term_string\"}}],\"inLanguage\":\"fr-FR\"},{\"@type\":\"Organization\",\"@id\":\"https:\/\/www.dochyglas.be\/#organization\",\"name\":\"Dochy Glas\",\"alternateName\":\"Dochy Glass solutions\",\"url\":\"https:\/\/www.dochyglas.be\/\",\"logo\":{\"@type\":\"ImageObject\",\"inLanguage\":\"fr-FR\",\"@id\":\"https:\/\/www.dochyglas.be\/#\/schema\/logo\/image\/\",\"url\":\"https:\/\/www.dochyglas.be\/wp-content\/uploads\/2023\/09\/DochyGlas_logo_kleur-e1695737229567.png\",\"contentUrl\":\"https:\/\/www.dochyglas.be\/wp-content\/uploads\/2023\/09\/DochyGlas_logo_kleur-e1695737229567.png\",\"width\":6853,\"height\":3160,\"caption\":\"Dochy Glas\"},\"image\":{\"@id\":\"https:\/\/www.dochyglas.be\/#\/schema\/logo\/image\/\"},\"sameAs\":[\"https:\/\/www.facebook.com\/Dochyglas\",\"https:\/\/www.instagram.com\/dochyglas\/\"]}]}<\/script>\n<!-- \/ Yoast SEO plugin. -->","yoast_head_json":{"title":"Garde-corps en verre pour votre int\u00e9rieur | Dochy Glas","description":"Pensez \u00e0 installer un garde-corps en verre \u00e0 l'int\u00e9rieur de votre habitation pour allier s\u00e9curit\u00e9 et design. Demandez votre devis.","robots":{"index":"index","follow":"follow","max-snippet":"max-snippet:-1","max-image-preview":"max-image-preview:large","max-video-preview":"max-video-preview:-1"},"canonical":"https:\/\/www.dochyglas.be\/fr\/verre-dinterieur\/garde-corps-pour-linterieur\/","og_locale":"fr_FR","og_type":"article","og_title":"Garde-corps en verre pour votre int\u00e9rieur | Dochy Glas","og_description":"Pensez \u00e0 installer un garde-corps en verre \u00e0 l'int\u00e9rieur de votre habitation pour allier s\u00e9curit\u00e9 et design. Demandez votre devis.","og_url":"https:\/\/www.dochyglas.be\/fr\/verre-dinterieur\/garde-corps-pour-linterieur\/","og_site_name":"Dochy Glas","article_publisher":"https:\/\/www.facebook.com\/Dochyglas","article_modified_time":"2024-01-31T09:52:41+00:00","og_image":[{"width":2362,"height":1770,"url":"https:\/\/www.dochyglas.be\/wp-content\/uploads\/2023\/10\/2-balustrade-binnen-e1697548188288.jpg","type":"image\/jpeg"}],"twitter_card":"summary_large_image","twitter_misc":{"Dur\u00e9e de lecture estim\u00e9e":"2 minutes"},"schema":{"@context":"https:\/\/schema.org","@graph":[{"@type":"WebPage","@id":"https:\/\/www.dochyglas.be\/fr\/verre-dinterieur\/garde-corps-pour-linterieur\/","url":"https:\/\/www.dochyglas.be\/fr\/verre-dinterieur\/garde-corps-pour-linterieur\/","name":"Garde-corps en verre pour votre int\u00e9rieur | Dochy Glas","isPartOf":{"@id":"https:\/\/www.dochyglas.be\/#website"},"primaryImageOfPage":{"@id":"https:\/\/www.dochyglas.be\/fr\/verre-dinterieur\/garde-corps-pour-linterieur\/#primaryimage"},"image":{"@id":"https:\/\/www.dochyglas.be\/fr\/verre-dinterieur\/garde-corps-pour-linterieur\/#primaryimage"},"thumbnailUrl":"https:\/\/www.dochyglas.be\/wp-content\/uploads\/2023\/10\/2-balustrade-binnen-e1697548188288.jpg","datePublished":"2023-09-26T07:49:07+00:00","dateModified":"2024-01-31T09:52:41+00:00","description":"Pensez \u00e0 installer un garde-corps en verre \u00e0 l'int\u00e9rieur de votre habitation pour allier s\u00e9curit\u00e9 et design. Demandez votre devis.","breadcrumb":{"@id":"https:\/\/www.dochyglas.be\/fr\/verre-dinterieur\/garde-corps-pour-linterieur\/#breadcrumb"},"inLanguage":"fr-FR","potentialAction":[{"@type":"ReadAction","target":["https:\/\/www.dochyglas.be\/fr\/verre-dinterieur\/garde-corps-pour-linterieur\/"]}]},{"@type":"ImageObject","inLanguage":"fr-FR","@id":"https:\/\/www.dochyglas.be\/fr\/verre-dinterieur\/garde-corps-pour-linterieur\/#primaryimage","url":"https:\/\/www.dochyglas.be\/wp-content\/uploads\/2023\/10\/2-balustrade-binnen-e1697548188288.jpg","contentUrl":"https:\/\/www.dochyglas.be\/wp-content\/uploads\/2023\/10\/2-balustrade-binnen-e1697548188288.jpg","width":2362,"height":1770,"caption":"glazen balustrade trap"},{"@type":"BreadcrumbList","@id":"https:\/\/www.dochyglas.be\/fr\/verre-dinterieur\/garde-corps-pour-linterieur\/#breadcrumb","itemListElement":[{"@type":"ListItem","position":1,"name":"Home","item":"https:\/\/www.dochyglas.be\/fr\/"},{"@type":"ListItem","position":2,"name":"Verre pour l&#8217;int\u00e9rieur","item":"https:\/\/www.dochyglas.be\/fr\/verre-dinterieur\/"},{"@type":"ListItem","position":3,"name":"Garde-corps pour l&#8217;int\u00e9rieur"}]},{"@type":"WebSite","@id":"https:\/\/www.dochyglas.be\/#website","url":"https:\/\/www.dochyglas.be\/","name":"Dochy Glas","description":"Glass solutions","publisher":{"@id":"https:\/\/www.dochyglas.be\/#organization"},"alternateName":"Dochy","potentialAction":[{"@type":"SearchAction","target":{"@type":"EntryPoint","urlTemplate":"https:\/\/www.dochyglas.be\/?s={search_term_string}"},"query-input":{"@type":"PropertyValueSpecification","valueRequired":true,"valueName":"search_term_string"}}],"inLanguage":"fr-FR"},{"@type":"Organization","@id":"https:\/\/www.dochyglas.be\/#organization","name":"Dochy Glas","alternateName":"Dochy Glass solutions","url":"https:\/\/www.dochyglas.be\/","logo":{"@type":"ImageObject","inLanguage":"fr-FR","@id":"https:\/\/www.dochyglas.be\/#\/schema\/logo\/image\/","url":"https:\/\/www.dochyglas.be\/wp-content\/uploads\/2023\/09\/DochyGlas_logo_kleur-e1695737229567.png","contentUrl":"https:\/\/www.dochyglas.be\/wp-content\/uploads\/2023\/09\/DochyGlas_logo_kleur-e1695737229567.png","width":6853,"height":3160,"caption":"Dochy Glas"},"image":{"@id":"https:\/\/www.dochyglas.be\/#\/schema\/logo\/image\/"},"sameAs":["https:\/\/www.facebook.com\/Dochyglas","https:\/\/www.instagram.com\/dochyglas\/"]}]}},"_links":{"self":[{"href":"https:\/\/www.dochyglas.be\/fr\/wp-json\/wp\/v2\/pages\/945","targetHints":{"allow":["GET"]}}],"collection":[{"href":"https:\/\/www.dochyglas.be\/fr\/wp-json\/wp\/v2\/pages"}],"about":[{"href":"https:\/\/www.dochyglas.be\/fr\/wp-json\/wp\/v2\/types\/page"}],"author":[{"embeddable":true,"href":"https:\/\/www.dochyglas.be\/fr\/wp-json\/wp\/v2\/users\/1"}],"replies":[{"embeddable":true,"href":"https:\/\/www.dochyglas.be\/fr\/wp-json\/wp\/v2\/comments?post=945"}],"version-history":[{"count":5,"href":"https:\/\/www.dochyglas.be\/fr\/wp-json\/wp\/v2\/pages\/945\/revisions"}],"predecessor-version":[{"id":1365,"href":"https:\/\/www.dochyglas.be\/fr\/wp-json\/wp\/v2\/pages\/945\/revisions\/1365"}],"up":[{"embeddable":true,"href":"https:\/\/www.dochyglas.be\/fr\/wp-json\/wp\/v2\/pages\/958"}],"wp:featuredmedia":[{"embeddable":true,"href":"https:\/\/www.dochyglas.be\/fr\/wp-json\/wp\/v2\/media\/717"}],"wp:attachment":[{"href":"https:\/\/www.dochyglas.be\/fr\/wp-json\/wp\/v2\/media?parent=945"}],"curies":[{"name":"wp","href":"https:\/\/api.w.org\/{rel}","templated":true}]}}