{"id":947,"date":"2023-09-26T09:47:02","date_gmt":"2023-09-26T07:47:02","guid":{"rendered":"https:\/\/www.dochyglas.be\/vervanging-dubbel-glas\/"},"modified":"2023-12-07T09:10:16","modified_gmt":"2023-12-07T07:10:16","slug":"remplacement-du-double-vitrage","status":"publish","type":"page","link":"https:\/\/www.dochyglas.be\/fr\/renovation-du-verre\/remplacement-du-double-vitrage\/","title":{"rendered":"Remplacement du double vitrage"},"content":{"rendered":"<section class=\"l-section wpb_row detail height_auto\"><div class=\"l-section-h i-cf\"><div class=\"g-cols vc_row via_flex valign_bottom type_boxes stacking_default\"><div class=\"vc_col-sm-12 wpb_column vc_column_container minheightbanner has_bg_color\"><div class=\"vc_column-inner us_custom_dfa22e8a\"><div class=\"vc_column-overlay\" style=\"background:rgba(0,0,0,0.70)\"><\/div><div class=\"wpb_wrapper\"><div class=\"g-cols wpb_row via_flex valign_top type_default stacking_default\"><div class=\"vc_col-sm-7 wpb_column vc_column_container\"><div class=\"vc_column-inner\"><div class=\"wpb_wrapper\"><div class=\"wpb_text_column us_custom_6df4bc3a has_text_color\"><div class=\"wpb_wrapper\"><h1><em>Remplacement du double vitrage<\/em> par du vitrage super isolant (HR++)<\/h1>\n<\/div><\/div><div class=\"w-separator size_small\"><\/div><nav class=\"g-breadcrumbs us_custom_6df4bc3a has_text_color separator_icon align_none\" itemscope itemtype=\"http:\/\/schema.org\/BreadcrumbList\"><div class=\"g-breadcrumbs-item\" itemscope itemprop=\"itemListElement\" itemtype=\"http:\/\/schema.org\/ListItem\"><a itemprop=\"item\" href=\"https:\/\/www.dochyglas.be\/fr\/\"><span itemprop=\"name\">Accueil<\/span><\/a><meta itemprop=\"position\" content=\"1\"\/><\/div><div class=\"g-breadcrumbs-separator\"><i class=\"far fa-angle-right\"><\/i><\/div><div class=\"g-breadcrumbs-item\">Pages<\/div><\/nav><\/div><\/div><\/div><div class=\"vc_col-sm-5 wpb_column vc_column_container\"><div class=\"vc_column-inner\"><div class=\"wpb_wrapper\"><\/div><\/div><\/div><\/div><\/div><\/div><\/div><\/div><\/div><\/section><section class=\"l-section wpb_row height_auto\"><div class=\"l-section-h i-cf\"><div class=\"g-cols vc_row via_flex valign_top type_boxes stacking_default\"><div class=\"vc_col-sm-12 vc_col-lg-6 vc_col-md-6 vc_col-xs-12 wpb_column vc_column_container\"><div class=\"vc_column-inner\"><div class=\"wpb_wrapper\"><div class=\"wpb_text_column\"><div class=\"wpb_wrapper\"><h2>Votre <em>ancien vitrage<\/em> a besoin d&rsquo;\u00eatre remplac\u00e9 ?<\/h2>\n<\/div><\/div><\/div><\/div><\/div><div class=\"vc_col-sm-12 vc_col-lg-6 vc_col-md-6 vc_col-xs-12 wpb_column vc_column_container\"><div class=\"vc_column-inner\"><div class=\"wpb_wrapper\"><div class=\"wpb_text_column\"><div class=\"wpb_wrapper\"><p>Lors d&rsquo;une r\u00e9novation durable de votre habitation, la pose de double ou triple vitrage super isolant (HR++) est absolument essentielle. Non seulement vous \u00e9conomisez sur votre facture d&rsquo;\u00e9nergie, mais vous cr\u00e9ez \u00e9galement une atmosph\u00e8re plus confortable. De plus, le vitrage super isolant augmente consid\u00e9rablement la valeur de votre propri\u00e9t\u00e9.<\/p>\n<\/div><\/div><div class=\"w-separator size_small\"><\/div><div class=\"w-btn-wrapper align_none\"><a class=\"w-btn us-btn-style_2\" href=\"https:\/\/www.dochyglas.be\/fr\/contact\/\"><span class=\"w-btn-label\">Contactez-nous<\/span><\/a><\/div><\/div><\/div><\/div><\/div><\/div><\/section><section class=\"l-section wpb_row height_small\"><div class=\"l-section-h i-cf\"><div class=\"g-cols vc_row via_flex valign_top type_boxes stacking_default\"><div class=\"vc_col-sm-5 wpb_column vc_column_container imgresp has_bg_color\"><div class=\"vc_column-inner us_custom_90d96da5\"><div class=\"wpb_wrapper\"><\/div><\/div><\/div><div class=\"vc_col-sm-7 wpb_column vc_column_container has_bg_color\"><div class=\"vc_column-inner us_custom_5e134dd3\"><div class=\"wpb_wrapper\"><div class=\"wpb_text_column\"><div class=\"wpb_wrapper\"><h3>Pourquoi opter pour le vitrage HR++ plut\u00f4t que pour un vitrage isolant standard ?<\/h3>\n<\/div><\/div><div class=\"w-separator size_small\"><\/div><div class=\"wpb_text_column\"><div class=\"wpb_wrapper\"><ul>\n<li>Le vitrage HR++ est une version plus avanc\u00e9e et plus efficace du simple double vitrage (K3.0) en termes d&rsquo;isolation et d&rsquo;\u00e9conomie d&rsquo;\u00e9nergie.<\/li>\n<li>Le vitrage HR++ offre un bon \u00e9quilibre entre co\u00fbts, \u00e9paisseur et performances. C&rsquo;est une option \u00e0 envisager pour la plupart des habitations.<\/li>\n<\/ul>\n<p>Nos conseillers techniques sont l\u00e0 pour vous aider \u00e0 choisir la solution vitrage la plus efficace pour votre habitation et vous fournir un devis clair et transparent.<\/p>\n<\/div><\/div><\/div><\/div><\/div><\/div><\/div><\/section><section class=\"l-section wpb_row height_auto\"><div class=\"l-section-h i-cf\"><div class=\"g-cols vc_row via_flex valign_top type_boxes stacking_default\"><div class=\"vc_col-sm-6 wpb_column vc_column_container\"><div class=\"vc_column-inner\"><div class=\"wpb_wrapper\"><div class=\"wpb_text_column\"><div class=\"wpb_wrapper\"><h3>Retirez <em>votre vitrage HR++<\/em> dans notre magasin de verre<\/h3>\n<p>\u00cates-vous un bricoleur habile ou un professionnel du b\u00e2timent ? Alors vous \u00eates au bon endroit chez Dochy Glas ! Dans notre succursale \u00e0 Veurne, nous vous offrons la possibilit\u00e9 de retirer le vitrage HR++ sur mesure pour une installation par vos soins.<\/p>\n<ul>\n<li>Pas de frais de d\u00e9placement<\/li>\n<li>Pas de frais d&rsquo;installation<\/li>\n<li>Contr\u00f4le total de votre propre planification<\/li>\n<\/ul>\n<\/div><\/div><\/div><\/div><\/div><div class=\"vc_col-sm-6 wpb_column vc_column_container\"><div class=\"vc_column-inner\"><div class=\"wpb_wrapper\"><div class=\"wpb_text_column\"><div class=\"wpb_wrapper\"><h3>R\u00e9novation de vitrage durable avec le soutien du gouvernement.<\/h3>\n<p>Renseignez-vous sur les <span style=\"text-decoration: underline;\"><a href=\"https:\/\/www.dochyglas.be\/fr\/subsides-et-assurances\/\">subventions<\/a><\/span>\u00a0accord\u00e9es par les autorit\u00e9s pour l&rsquo;installation de vitrage \u00e0 haut rendement (super isolant).<\/p>\n<\/div><\/div><div class=\"w-separator size_small\"><\/div><div class=\"w-btn-wrapper align_none\"><a class=\"w-btn us-btn-style_2\" href=\"https:\/\/www.dochyglas.be\/fr\/contact\/\"><span class=\"w-btn-label\">Contactez-nous<\/span><\/a><\/div><\/div><\/div><\/div><\/div><\/div><\/section>\n","protected":false},"excerpt":{"rendered":"Remplacement du double vitrage par du vitrage super isolant (HR++) AccueilPagesVotre ancien vitrage a besoin d&rsquo;\u00eatre remplac\u00e9 ? Lors d&rsquo;une r\u00e9novation durable de votre habitation, la pose de double ou triple vitrage super isolant (HR++) est absolument essentielle. Non seulement vous \u00e9conomisez sur votre facture d&rsquo;\u00e9nergie, mais vous cr\u00e9ez \u00e9galement une atmosph\u00e8re plus confortable. De...","protected":false},"author":1,"featured_media":239,"parent":957,"menu_order":1,"comment_status":"closed","ping_status":"closed","template":"","meta":{"footnotes":""},"class_list":["post-947","page","type-page","status-publish","has-post-thumbnail","hentry"],"acf":[],"yoast_head":"<!-- This site is optimized with the Yoast SEO plugin v26.4 - https:\/\/yoast.com\/wordpress\/plugins\/seo\/ -->\n<title>Superisolerend HR++ Glas | Dochy Glas<\/title>\n<meta name=\"description\" content=\"Laat uw dubbel glas vervangen door superisolerend HR++ glas met de expertise van Dochy Glas. Neem vrijblijvend contact op.\" \/>\n<meta name=\"robots\" content=\"index, follow, max-snippet:-1, max-image-preview:large, max-video-preview:-1\" \/>\n<link rel=\"canonical\" href=\"https:\/\/www.dochyglas.be\/fr\/renovation-du-verre\/remplacement-du-double-vitrage\/\" \/>\n<meta property=\"og:locale\" content=\"fr_FR\" \/>\n<meta property=\"og:type\" content=\"article\" \/>\n<meta property=\"og:title\" content=\"Superisolerend HR++ Glas | Dochy Glas\" \/>\n<meta property=\"og:description\" content=\"Laat uw dubbel glas vervangen door superisolerend HR++ glas met de expertise van Dochy Glas. Neem vrijblijvend contact op.\" \/>\n<meta property=\"og:url\" content=\"https:\/\/www.dochyglas.be\/fr\/renovation-du-verre\/remplacement-du-double-vitrage\/\" \/>\n<meta property=\"og:site_name\" content=\"Dochy Glas\" \/>\n<meta property=\"article:publisher\" content=\"https:\/\/www.facebook.com\/Dochyglas\" \/>\n<meta property=\"article:modified_time\" content=\"2023-12-07T07:10:16+00:00\" \/>\n<meta property=\"og:image\" content=\"https:\/\/www.dochyglas.be\/wp-content\/uploads\/2023\/09\/Dochy_werkmannen_glas.jpg\" \/>\n\t<meta property=\"og:image:width\" content=\"1500\" \/>\n\t<meta property=\"og:image:height\" content=\"2000\" \/>\n\t<meta property=\"og:image:type\" content=\"image\/jpeg\" \/>\n<meta name=\"twitter:card\" content=\"summary_large_image\" \/>\n<meta name=\"twitter:label1\" content=\"Dur\u00e9e de lecture estim\u00e9e\" \/>\n\t<meta name=\"twitter:data1\" content=\"2 minutes\" \/>\n<script type=\"application\/ld+json\" class=\"yoast-schema-graph\">{\"@context\":\"https:\/\/schema.org\",\"@graph\":[{\"@type\":\"WebPage\",\"@id\":\"https:\/\/www.dochyglas.be\/fr\/renovation-du-verre\/remplacement-du-double-vitrage\/\",\"url\":\"https:\/\/www.dochyglas.be\/fr\/renovation-du-verre\/remplacement-du-double-vitrage\/\",\"name\":\"Superisolerend HR++ Glas | Dochy Glas\",\"isPartOf\":{\"@id\":\"https:\/\/www.dochyglas.be\/#website\"},\"primaryImageOfPage\":{\"@id\":\"https:\/\/www.dochyglas.be\/fr\/renovation-du-verre\/remplacement-du-double-vitrage\/#primaryimage\"},\"image\":{\"@id\":\"https:\/\/www.dochyglas.be\/fr\/renovation-du-verre\/remplacement-du-double-vitrage\/#primaryimage\"},\"thumbnailUrl\":\"https:\/\/www.dochyglas.be\/wp-content\/uploads\/2023\/09\/Dochy_werkmannen_glas.jpg\",\"datePublished\":\"2023-09-26T07:47:02+00:00\",\"dateModified\":\"2023-12-07T07:10:16+00:00\",\"description\":\"Laat uw dubbel glas vervangen door superisolerend HR++ glas met de expertise van Dochy Glas. Neem vrijblijvend contact op.\",\"breadcrumb\":{\"@id\":\"https:\/\/www.dochyglas.be\/fr\/renovation-du-verre\/remplacement-du-double-vitrage\/#breadcrumb\"},\"inLanguage\":\"fr-FR\",\"potentialAction\":[{\"@type\":\"ReadAction\",\"target\":[\"https:\/\/www.dochyglas.be\/fr\/renovation-du-verre\/remplacement-du-double-vitrage\/\"]}]},{\"@type\":\"ImageObject\",\"inLanguage\":\"fr-FR\",\"@id\":\"https:\/\/www.dochyglas.be\/fr\/renovation-du-verre\/remplacement-du-double-vitrage\/#primaryimage\",\"url\":\"https:\/\/www.dochyglas.be\/wp-content\/uploads\/2023\/09\/Dochy_werkmannen_glas.jpg\",\"contentUrl\":\"https:\/\/www.dochyglas.be\/wp-content\/uploads\/2023\/09\/Dochy_werkmannen_glas.jpg\",\"width\":1500,\"height\":2000},{\"@type\":\"BreadcrumbList\",\"@id\":\"https:\/\/www.dochyglas.be\/fr\/renovation-du-verre\/remplacement-du-double-vitrage\/#breadcrumb\",\"itemListElement\":[{\"@type\":\"ListItem\",\"position\":1,\"name\":\"Home\",\"item\":\"https:\/\/www.dochyglas.be\/fr\/\"},{\"@type\":\"ListItem\",\"position\":2,\"name\":\"R\u00e9novation du verre\",\"item\":\"https:\/\/www.dochyglas.be\/fr\/renovation-du-verre\/\"},{\"@type\":\"ListItem\",\"position\":3,\"name\":\"Remplacement du double vitrage\"}]},{\"@type\":\"WebSite\",\"@id\":\"https:\/\/www.dochyglas.be\/#website\",\"url\":\"https:\/\/www.dochyglas.be\/\",\"name\":\"Dochy Glas\",\"description\":\"Glass solutions\",\"publisher\":{\"@id\":\"https:\/\/www.dochyglas.be\/#organization\"},\"alternateName\":\"Dochy\",\"potentialAction\":[{\"@type\":\"SearchAction\",\"target\":{\"@type\":\"EntryPoint\",\"urlTemplate\":\"https:\/\/www.dochyglas.be\/?s={search_term_string}\"},\"query-input\":{\"@type\":\"PropertyValueSpecification\",\"valueRequired\":true,\"valueName\":\"search_term_string\"}}],\"inLanguage\":\"fr-FR\"},{\"@type\":\"Organization\",\"@id\":\"https:\/\/www.dochyglas.be\/#organization\",\"name\":\"Dochy Glas\",\"alternateName\":\"Dochy Glass solutions\",\"url\":\"https:\/\/www.dochyglas.be\/\",\"logo\":{\"@type\":\"ImageObject\",\"inLanguage\":\"fr-FR\",\"@id\":\"https:\/\/www.dochyglas.be\/#\/schema\/logo\/image\/\",\"url\":\"https:\/\/www.dochyglas.be\/wp-content\/uploads\/2023\/09\/DochyGlas_logo_kleur-e1695737229567.png\",\"contentUrl\":\"https:\/\/www.dochyglas.be\/wp-content\/uploads\/2023\/09\/DochyGlas_logo_kleur-e1695737229567.png\",\"width\":6853,\"height\":3160,\"caption\":\"Dochy Glas\"},\"image\":{\"@id\":\"https:\/\/www.dochyglas.be\/#\/schema\/logo\/image\/\"},\"sameAs\":[\"https:\/\/www.facebook.com\/Dochyglas\",\"https:\/\/www.instagram.com\/dochyglas\/\"]}]}<\/script>\n<!-- \/ Yoast SEO plugin. -->","yoast_head_json":{"title":"Superisolerend HR++ Glas | Dochy Glas","description":"Laat uw dubbel glas vervangen door superisolerend HR++ glas met de expertise van Dochy Glas. Neem vrijblijvend contact op.","robots":{"index":"index","follow":"follow","max-snippet":"max-snippet:-1","max-image-preview":"max-image-preview:large","max-video-preview":"max-video-preview:-1"},"canonical":"https:\/\/www.dochyglas.be\/fr\/renovation-du-verre\/remplacement-du-double-vitrage\/","og_locale":"fr_FR","og_type":"article","og_title":"Superisolerend HR++ Glas | Dochy Glas","og_description":"Laat uw dubbel glas vervangen door superisolerend HR++ glas met de expertise van Dochy Glas. Neem vrijblijvend contact op.","og_url":"https:\/\/www.dochyglas.be\/fr\/renovation-du-verre\/remplacement-du-double-vitrage\/","og_site_name":"Dochy Glas","article_publisher":"https:\/\/www.facebook.com\/Dochyglas","article_modified_time":"2023-12-07T07:10:16+00:00","og_image":[{"width":1500,"height":2000,"url":"https:\/\/www.dochyglas.be\/wp-content\/uploads\/2023\/09\/Dochy_werkmannen_glas.jpg","type":"image\/jpeg"}],"twitter_card":"summary_large_image","twitter_misc":{"Dur\u00e9e de lecture estim\u00e9e":"2 minutes"},"schema":{"@context":"https:\/\/schema.org","@graph":[{"@type":"WebPage","@id":"https:\/\/www.dochyglas.be\/fr\/renovation-du-verre\/remplacement-du-double-vitrage\/","url":"https:\/\/www.dochyglas.be\/fr\/renovation-du-verre\/remplacement-du-double-vitrage\/","name":"Superisolerend HR++ Glas | Dochy Glas","isPartOf":{"@id":"https:\/\/www.dochyglas.be\/#website"},"primaryImageOfPage":{"@id":"https:\/\/www.dochyglas.be\/fr\/renovation-du-verre\/remplacement-du-double-vitrage\/#primaryimage"},"image":{"@id":"https:\/\/www.dochyglas.be\/fr\/renovation-du-verre\/remplacement-du-double-vitrage\/#primaryimage"},"thumbnailUrl":"https:\/\/www.dochyglas.be\/wp-content\/uploads\/2023\/09\/Dochy_werkmannen_glas.jpg","datePublished":"2023-09-26T07:47:02+00:00","dateModified":"2023-12-07T07:10:16+00:00","description":"Laat uw dubbel glas vervangen door superisolerend HR++ glas met de expertise van Dochy Glas. Neem vrijblijvend contact op.","breadcrumb":{"@id":"https:\/\/www.dochyglas.be\/fr\/renovation-du-verre\/remplacement-du-double-vitrage\/#breadcrumb"},"inLanguage":"fr-FR","potentialAction":[{"@type":"ReadAction","target":["https:\/\/www.dochyglas.be\/fr\/renovation-du-verre\/remplacement-du-double-vitrage\/"]}]},{"@type":"ImageObject","inLanguage":"fr-FR","@id":"https:\/\/www.dochyglas.be\/fr\/renovation-du-verre\/remplacement-du-double-vitrage\/#primaryimage","url":"https:\/\/www.dochyglas.be\/wp-content\/uploads\/2023\/09\/Dochy_werkmannen_glas.jpg","contentUrl":"https:\/\/www.dochyglas.be\/wp-content\/uploads\/2023\/09\/Dochy_werkmannen_glas.jpg","width":1500,"height":2000},{"@type":"BreadcrumbList","@id":"https:\/\/www.dochyglas.be\/fr\/renovation-du-verre\/remplacement-du-double-vitrage\/#breadcrumb","itemListElement":[{"@type":"ListItem","position":1,"name":"Home","item":"https:\/\/www.dochyglas.be\/fr\/"},{"@type":"ListItem","position":2,"name":"R\u00e9novation du verre","item":"https:\/\/www.dochyglas.be\/fr\/renovation-du-verre\/"},{"@type":"ListItem","position":3,"name":"Remplacement du double vitrage"}]},{"@type":"WebSite","@id":"https:\/\/www.dochyglas.be\/#website","url":"https:\/\/www.dochyglas.be\/","name":"Dochy Glas","description":"Glass solutions","publisher":{"@id":"https:\/\/www.dochyglas.be\/#organization"},"alternateName":"Dochy","potentialAction":[{"@type":"SearchAction","target":{"@type":"EntryPoint","urlTemplate":"https:\/\/www.dochyglas.be\/?s={search_term_string}"},"query-input":{"@type":"PropertyValueSpecification","valueRequired":true,"valueName":"search_term_string"}}],"inLanguage":"fr-FR"},{"@type":"Organization","@id":"https:\/\/www.dochyglas.be\/#organization","name":"Dochy Glas","alternateName":"Dochy Glass solutions","url":"https:\/\/www.dochyglas.be\/","logo":{"@type":"ImageObject","inLanguage":"fr-FR","@id":"https:\/\/www.dochyglas.be\/#\/schema\/logo\/image\/","url":"https:\/\/www.dochyglas.be\/wp-content\/uploads\/2023\/09\/DochyGlas_logo_kleur-e1695737229567.png","contentUrl":"https:\/\/www.dochyglas.be\/wp-content\/uploads\/2023\/09\/DochyGlas_logo_kleur-e1695737229567.png","width":6853,"height":3160,"caption":"Dochy Glas"},"image":{"@id":"https:\/\/www.dochyglas.be\/#\/schema\/logo\/image\/"},"sameAs":["https:\/\/www.facebook.com\/Dochyglas","https:\/\/www.instagram.com\/dochyglas\/"]}]}},"_links":{"self":[{"href":"https:\/\/www.dochyglas.be\/fr\/wp-json\/wp\/v2\/pages\/947","targetHints":{"allow":["GET"]}}],"collection":[{"href":"https:\/\/www.dochyglas.be\/fr\/wp-json\/wp\/v2\/pages"}],"about":[{"href":"https:\/\/www.dochyglas.be\/fr\/wp-json\/wp\/v2\/types\/page"}],"author":[{"embeddable":true,"href":"https:\/\/www.dochyglas.be\/fr\/wp-json\/wp\/v2\/users\/1"}],"replies":[{"embeddable":true,"href":"https:\/\/www.dochyglas.be\/fr\/wp-json\/wp\/v2\/comments?post=947"}],"version-history":[{"count":4,"href":"https:\/\/www.dochyglas.be\/fr\/wp-json\/wp\/v2\/pages\/947\/revisions"}],"predecessor-version":[{"id":1293,"href":"https:\/\/www.dochyglas.be\/fr\/wp-json\/wp\/v2\/pages\/947\/revisions\/1293"}],"up":[{"embeddable":true,"href":"https:\/\/www.dochyglas.be\/fr\/wp-json\/wp\/v2\/pages\/957"}],"wp:featuredmedia":[{"embeddable":true,"href":"https:\/\/www.dochyglas.be\/fr\/wp-json\/wp\/v2\/media\/239"}],"wp:attachment":[{"href":"https:\/\/www.dochyglas.be\/fr\/wp-json\/wp\/v2\/media?parent=947"}],"curies":[{"name":"wp","href":"https:\/\/api.w.org\/{rel}","templated":true}]}}