{"id":949,"date":"2023-09-26T09:47:02","date_gmt":"2023-09-26T07:47:02","guid":{"rendered":"https:\/\/www.dochyglas.be\/zonwerend-glas\/"},"modified":"2024-01-31T12:51:29","modified_gmt":"2024-01-31T10:51:29","slug":"vitrage-anti-solaire","status":"publish","type":"page","link":"https:\/\/www.dochyglas.be\/fr\/renovation-du-verre\/vitrage-anti-solaire\/","title":{"rendered":"Vitrage anti-solaire"},"content":{"rendered":"<section class=\"l-section wpb_row detail height_auto\"><div class=\"l-section-h i-cf\"><div class=\"g-cols vc_row via_flex valign_bottom type_boxes stacking_default\"><div class=\"vc_col-sm-12 wpb_column vc_column_container minheightbanner has_bg_color\"><div class=\"vc_column-inner us_custom_11437594\"><div class=\"vc_column-overlay\" style=\"background:rgba(0,0,0,0.70)\"><\/div><div class=\"wpb_wrapper\"><div class=\"g-cols wpb_row via_flex valign_top type_default stacking_default\"><div class=\"vc_col-sm-7 wpb_column vc_column_container\"><div class=\"vc_column-inner\"><div class=\"wpb_wrapper\"><div class=\"wpb_text_column us_custom_6df4bc3a has_text_color\"><div class=\"wpb_wrapper\"><h1>Vivez confortablement et durablement avec <em>le vitrage anti-solaire<\/em>.<\/h1>\n<\/div><\/div><div class=\"w-separator size_small\"><\/div><nav class=\"g-breadcrumbs us_custom_6df4bc3a has_text_color separator_icon align_none\" itemscope itemtype=\"http:\/\/schema.org\/BreadcrumbList\"><div class=\"g-breadcrumbs-item\" itemscope itemprop=\"itemListElement\" itemtype=\"http:\/\/schema.org\/ListItem\"><a itemprop=\"item\" href=\"https:\/\/www.dochyglas.be\/fr\/\"><span itemprop=\"name\">Accueil<\/span><\/a><meta itemprop=\"position\" content=\"1\"\/><\/div><div class=\"g-breadcrumbs-separator\"><i class=\"far fa-angle-right\"><\/i><\/div><div class=\"g-breadcrumbs-item\">Pages<\/div><\/nav><\/div><\/div><\/div><div class=\"vc_col-sm-5 wpb_column vc_column_container\"><div class=\"vc_column-inner\"><div class=\"wpb_wrapper\"><\/div><\/div><\/div><\/div><\/div><\/div><\/div><\/div><\/div><\/section><section class=\"l-section wpb_row height_auto\"><div class=\"l-section-h i-cf\"><div class=\"g-cols vc_row via_flex valign_top type_boxes stacking_default\"><div class=\"vc_col-sm-12 vc_col-lg-6 vc_col-md-6 vc_col-xs-12 wpb_column vc_column_container\"><div class=\"vc_column-inner\"><div class=\"wpb_wrapper\"><div class=\"wpb_text_column\"><div class=\"wpb_wrapper\"><h2><em>Vivez confortablement<\/em> et durablement avec le vitrage anti-solaire.<\/h2>\n<p>Saviez-vous que le vitrage anti-solaire est l&rsquo;un de nos vitres les plus populaires lors de la r\u00e9novation de maisons priv\u00e9es ? Le vitrage anti-solaire pr\u00e9sente en effet de nombreux avantages qui contribuent \u00e0 une atmosph\u00e8re confortable et durable.<\/p>\n<p><strong>Le vitrage anti-solaire est dot\u00e9 d&rsquo;un rev\u00eatement sp\u00e9cial qui bloque la chaleur du soleil tout en laissant entrer la lumi\u00e8re naturelle.<\/strong><\/p>\n<\/div><\/div><\/div><\/div><\/div><div class=\"vc_col-sm-12 vc_col-lg-6 vc_col-md-6 vc_col-xs-12 wpb_column vc_column_container\"><div class=\"vc_column-inner\"><div class=\"wpb_wrapper\"><div class=\"wpb_text_column\"><div class=\"wpb_wrapper\"><p>Les facteurs importants dans le choix du vitrage anti-solaire sont le coefficient de lumi\u00e8re transmise (LT), le facteur solaire (SF ou ZTA) et la valeur U (K-value).<\/p>\n<p>Le vitrage anti-solaire peut \u00e9galement \u00eatre muni d&rsquo;un film de s\u00e9curit\u00e9 et pr\u00e9senter des propri\u00e9t\u00e9s anti-effraction. Nos conseillers techniques peuvent vous aider \u00e0 choisir le type de vitrage appropri\u00e9, \u00e0 concevoir et \u00e0 installer le vitrage anti-solaire.<\/p>\n<\/div><\/div><div class=\"w-separator size_small\"><\/div><div class=\"w-btn-wrapper align_none\"><a class=\"w-btn us-btn-style_2\" href=\"https:\/\/www.dochyglas.be\/fr\/contact\/\"><span class=\"w-btn-label\">Contactez-nous<\/span><\/a><\/div><\/div><\/div><\/div><\/div><\/div><\/section><section class=\"l-section wpb_row height_small\"><div class=\"l-section-h i-cf\"><div class=\"g-cols vc_row via_flex valign_top type_boxes stacking_default\"><div class=\"vc_col-sm-5 wpb_column vc_column_container imgresp has_bg_color\"><div class=\"vc_column-inner us_custom_c4e4064f\"><div class=\"wpb_wrapper\"><\/div><\/div><\/div><div class=\"vc_col-sm-7 wpb_column vc_column_container has_bg_color\"><div class=\"vc_column-inner us_custom_5e134dd3\"><div class=\"wpb_wrapper\"><div class=\"wpb_text_column\"><div class=\"wpb_wrapper\"><h2>Pourquoi opter pour <em>le vitrage anti-solaire <\/em>?<\/h2>\n<ul>\n<li>Le vitrage anti-solaire permet de bloquer la chaleur du soleil, offrant ainsi un climat int\u00e9rieur plus agr\u00e9able<\/li>\n<li>Baisse de la facture d&rsquo;\u00e9nergie<\/li>\n<\/ul>\n<p>Si vous \u00eates int\u00e9ress\u00e9 par le verre anti-solaire pour votre maison, n&rsquo;h\u00e9sitez pas \u00e0 demander un devis sans engagement via notre formulaire. Nos conseillers techniques se feront un plaisir de vous aider \u00e0 choisir la meilleure solution de verre pare-soleil pour votre maison et de vous fournir un devis clair et transparent.<\/p>\n<\/div><\/div><div class=\"w-separator size_small\"><\/div><div class=\"w-btn-wrapper align_none\"><a class=\"w-btn us-btn-style_2\" href=\"https:\/\/www.dochyglas.be\/fr\/contact\/\"><span class=\"w-btn-label\">Devis sans engagement<\/span><\/a><\/div><\/div><\/div><\/div><\/div><\/div><\/section>\n","protected":false},"excerpt":{"rendered":"Vivez confortablement et durablement avec le vitrage anti-solaire. AccueilPagesVivez confortablement et durablement avec le vitrage anti-solaire. Saviez-vous que le vitrage anti-solaire est l&rsquo;un de nos vitres les plus populaires lors de la r\u00e9novation de maisons priv\u00e9es ? Le vitrage anti-solaire pr\u00e9sente en effet de nombreux avantages qui contribuent \u00e0 une atmosph\u00e8re confortable et durable. Le...","protected":false},"author":1,"featured_media":411,"parent":957,"menu_order":3,"comment_status":"closed","ping_status":"closed","template":"","meta":{"footnotes":""},"class_list":["post-949","page","type-page","status-publish","has-post-thumbnail","hentry"],"acf":[],"yoast_head":"<!-- This site is optimized with the Yoast SEO plugin v26.4 - https:\/\/yoast.com\/wordpress\/plugins\/seo\/ -->\n<title>Installation du vitrage anti-solaire | Dochy Glas<\/title>\n<meta name=\"description\" content=\"Dochy Glas propose un gamme de vitrage anti-solaire pour prot\u00e9ger votre maison ou votre b\u00e2timent des rayons du soleil. Demandez votre devis.\" \/>\n<meta name=\"robots\" content=\"index, follow, max-snippet:-1, max-image-preview:large, max-video-preview:-1\" \/>\n<link rel=\"canonical\" href=\"https:\/\/www.dochyglas.be\/fr\/renovation-du-verre\/vitrage-anti-solaire\/\" \/>\n<meta property=\"og:locale\" content=\"fr_FR\" \/>\n<meta property=\"og:type\" content=\"article\" \/>\n<meta property=\"og:title\" content=\"Installation du vitrage anti-solaire | Dochy Glas\" \/>\n<meta property=\"og:description\" content=\"Dochy Glas propose un gamme de vitrage anti-solaire pour prot\u00e9ger votre maison ou votre b\u00e2timent des rayons du soleil. Demandez votre devis.\" \/>\n<meta property=\"og:url\" content=\"https:\/\/www.dochyglas.be\/fr\/renovation-du-verre\/vitrage-anti-solaire\/\" \/>\n<meta property=\"og:site_name\" content=\"Dochy Glas\" \/>\n<meta property=\"article:publisher\" content=\"https:\/\/www.facebook.com\/Dochyglas\" \/>\n<meta property=\"article:modified_time\" content=\"2024-01-31T10:51:29+00:00\" \/>\n<meta property=\"og:image\" content=\"https:\/\/www.dochyglas.be\/wp-content\/uploads\/2023\/10\/Glazen-terrasbalustrade-in-een-moderne-villa-door-Dochy-villa.jpg\" \/>\n\t<meta property=\"og:image:width\" content=\"2000\" \/>\n\t<meta property=\"og:image:height\" content=\"1500\" \/>\n\t<meta property=\"og:image:type\" content=\"image\/jpeg\" \/>\n<meta name=\"twitter:card\" content=\"summary_large_image\" \/>\n<meta name=\"twitter:label1\" content=\"Dur\u00e9e de lecture estim\u00e9e\" \/>\n\t<meta name=\"twitter:data1\" content=\"2 minutes\" \/>\n<script type=\"application\/ld+json\" class=\"yoast-schema-graph\">{\"@context\":\"https:\/\/schema.org\",\"@graph\":[{\"@type\":\"WebPage\",\"@id\":\"https:\/\/www.dochyglas.be\/fr\/renovation-du-verre\/vitrage-anti-solaire\/\",\"url\":\"https:\/\/www.dochyglas.be\/fr\/renovation-du-verre\/vitrage-anti-solaire\/\",\"name\":\"Installation du vitrage anti-solaire | Dochy Glas\",\"isPartOf\":{\"@id\":\"https:\/\/www.dochyglas.be\/#website\"},\"primaryImageOfPage\":{\"@id\":\"https:\/\/www.dochyglas.be\/fr\/renovation-du-verre\/vitrage-anti-solaire\/#primaryimage\"},\"image\":{\"@id\":\"https:\/\/www.dochyglas.be\/fr\/renovation-du-verre\/vitrage-anti-solaire\/#primaryimage\"},\"thumbnailUrl\":\"https:\/\/www.dochyglas.be\/wp-content\/uploads\/2023\/10\/Glazen-terrasbalustrade-in-een-moderne-villa-door-Dochy-villa.jpg\",\"datePublished\":\"2023-09-26T07:47:02+00:00\",\"dateModified\":\"2024-01-31T10:51:29+00:00\",\"description\":\"Dochy Glas propose un gamme de vitrage anti-solaire pour prot\u00e9ger votre maison ou votre b\u00e2timent des rayons du soleil. Demandez votre devis.\",\"breadcrumb\":{\"@id\":\"https:\/\/www.dochyglas.be\/fr\/renovation-du-verre\/vitrage-anti-solaire\/#breadcrumb\"},\"inLanguage\":\"fr-FR\",\"potentialAction\":[{\"@type\":\"ReadAction\",\"target\":[\"https:\/\/www.dochyglas.be\/fr\/renovation-du-verre\/vitrage-anti-solaire\/\"]}]},{\"@type\":\"ImageObject\",\"inLanguage\":\"fr-FR\",\"@id\":\"https:\/\/www.dochyglas.be\/fr\/renovation-du-verre\/vitrage-anti-solaire\/#primaryimage\",\"url\":\"https:\/\/www.dochyglas.be\/wp-content\/uploads\/2023\/10\/Glazen-terrasbalustrade-in-een-moderne-villa-door-Dochy-villa.jpg\",\"contentUrl\":\"https:\/\/www.dochyglas.be\/wp-content\/uploads\/2023\/10\/Glazen-terrasbalustrade-in-een-moderne-villa-door-Dochy-villa.jpg\",\"width\":2000,\"height\":1500},{\"@type\":\"BreadcrumbList\",\"@id\":\"https:\/\/www.dochyglas.be\/fr\/renovation-du-verre\/vitrage-anti-solaire\/#breadcrumb\",\"itemListElement\":[{\"@type\":\"ListItem\",\"position\":1,\"name\":\"Home\",\"item\":\"https:\/\/www.dochyglas.be\/fr\/\"},{\"@type\":\"ListItem\",\"position\":2,\"name\":\"R\u00e9novation du verre\",\"item\":\"https:\/\/www.dochyglas.be\/fr\/renovation-du-verre\/\"},{\"@type\":\"ListItem\",\"position\":3,\"name\":\"Vitrage anti-solaire\"}]},{\"@type\":\"WebSite\",\"@id\":\"https:\/\/www.dochyglas.be\/#website\",\"url\":\"https:\/\/www.dochyglas.be\/\",\"name\":\"Dochy Glas\",\"description\":\"Glass solutions\",\"publisher\":{\"@id\":\"https:\/\/www.dochyglas.be\/#organization\"},\"alternateName\":\"Dochy\",\"potentialAction\":[{\"@type\":\"SearchAction\",\"target\":{\"@type\":\"EntryPoint\",\"urlTemplate\":\"https:\/\/www.dochyglas.be\/?s={search_term_string}\"},\"query-input\":{\"@type\":\"PropertyValueSpecification\",\"valueRequired\":true,\"valueName\":\"search_term_string\"}}],\"inLanguage\":\"fr-FR\"},{\"@type\":\"Organization\",\"@id\":\"https:\/\/www.dochyglas.be\/#organization\",\"name\":\"Dochy Glas\",\"alternateName\":\"Dochy Glass solutions\",\"url\":\"https:\/\/www.dochyglas.be\/\",\"logo\":{\"@type\":\"ImageObject\",\"inLanguage\":\"fr-FR\",\"@id\":\"https:\/\/www.dochyglas.be\/#\/schema\/logo\/image\/\",\"url\":\"https:\/\/www.dochyglas.be\/wp-content\/uploads\/2023\/09\/DochyGlas_logo_kleur-e1695737229567.png\",\"contentUrl\":\"https:\/\/www.dochyglas.be\/wp-content\/uploads\/2023\/09\/DochyGlas_logo_kleur-e1695737229567.png\",\"width\":6853,\"height\":3160,\"caption\":\"Dochy Glas\"},\"image\":{\"@id\":\"https:\/\/www.dochyglas.be\/#\/schema\/logo\/image\/\"},\"sameAs\":[\"https:\/\/www.facebook.com\/Dochyglas\",\"https:\/\/www.instagram.com\/dochyglas\/\"]}]}<\/script>\n<!-- \/ Yoast SEO plugin. -->","yoast_head_json":{"title":"Installation du vitrage anti-solaire | Dochy Glas","description":"Dochy Glas propose un gamme de vitrage anti-solaire pour prot\u00e9ger votre maison ou votre b\u00e2timent des rayons du soleil. Demandez votre devis.","robots":{"index":"index","follow":"follow","max-snippet":"max-snippet:-1","max-image-preview":"max-image-preview:large","max-video-preview":"max-video-preview:-1"},"canonical":"https:\/\/www.dochyglas.be\/fr\/renovation-du-verre\/vitrage-anti-solaire\/","og_locale":"fr_FR","og_type":"article","og_title":"Installation du vitrage anti-solaire | Dochy Glas","og_description":"Dochy Glas propose un gamme de vitrage anti-solaire pour prot\u00e9ger votre maison ou votre b\u00e2timent des rayons du soleil. Demandez votre devis.","og_url":"https:\/\/www.dochyglas.be\/fr\/renovation-du-verre\/vitrage-anti-solaire\/","og_site_name":"Dochy Glas","article_publisher":"https:\/\/www.facebook.com\/Dochyglas","article_modified_time":"2024-01-31T10:51:29+00:00","og_image":[{"width":2000,"height":1500,"url":"https:\/\/www.dochyglas.be\/wp-content\/uploads\/2023\/10\/Glazen-terrasbalustrade-in-een-moderne-villa-door-Dochy-villa.jpg","type":"image\/jpeg"}],"twitter_card":"summary_large_image","twitter_misc":{"Dur\u00e9e de lecture estim\u00e9e":"2 minutes"},"schema":{"@context":"https:\/\/schema.org","@graph":[{"@type":"WebPage","@id":"https:\/\/www.dochyglas.be\/fr\/renovation-du-verre\/vitrage-anti-solaire\/","url":"https:\/\/www.dochyglas.be\/fr\/renovation-du-verre\/vitrage-anti-solaire\/","name":"Installation du vitrage anti-solaire | Dochy Glas","isPartOf":{"@id":"https:\/\/www.dochyglas.be\/#website"},"primaryImageOfPage":{"@id":"https:\/\/www.dochyglas.be\/fr\/renovation-du-verre\/vitrage-anti-solaire\/#primaryimage"},"image":{"@id":"https:\/\/www.dochyglas.be\/fr\/renovation-du-verre\/vitrage-anti-solaire\/#primaryimage"},"thumbnailUrl":"https:\/\/www.dochyglas.be\/wp-content\/uploads\/2023\/10\/Glazen-terrasbalustrade-in-een-moderne-villa-door-Dochy-villa.jpg","datePublished":"2023-09-26T07:47:02+00:00","dateModified":"2024-01-31T10:51:29+00:00","description":"Dochy Glas propose un gamme de vitrage anti-solaire pour prot\u00e9ger votre maison ou votre b\u00e2timent des rayons du soleil. Demandez votre devis.","breadcrumb":{"@id":"https:\/\/www.dochyglas.be\/fr\/renovation-du-verre\/vitrage-anti-solaire\/#breadcrumb"},"inLanguage":"fr-FR","potentialAction":[{"@type":"ReadAction","target":["https:\/\/www.dochyglas.be\/fr\/renovation-du-verre\/vitrage-anti-solaire\/"]}]},{"@type":"ImageObject","inLanguage":"fr-FR","@id":"https:\/\/www.dochyglas.be\/fr\/renovation-du-verre\/vitrage-anti-solaire\/#primaryimage","url":"https:\/\/www.dochyglas.be\/wp-content\/uploads\/2023\/10\/Glazen-terrasbalustrade-in-een-moderne-villa-door-Dochy-villa.jpg","contentUrl":"https:\/\/www.dochyglas.be\/wp-content\/uploads\/2023\/10\/Glazen-terrasbalustrade-in-een-moderne-villa-door-Dochy-villa.jpg","width":2000,"height":1500},{"@type":"BreadcrumbList","@id":"https:\/\/www.dochyglas.be\/fr\/renovation-du-verre\/vitrage-anti-solaire\/#breadcrumb","itemListElement":[{"@type":"ListItem","position":1,"name":"Home","item":"https:\/\/www.dochyglas.be\/fr\/"},{"@type":"ListItem","position":2,"name":"R\u00e9novation du verre","item":"https:\/\/www.dochyglas.be\/fr\/renovation-du-verre\/"},{"@type":"ListItem","position":3,"name":"Vitrage anti-solaire"}]},{"@type":"WebSite","@id":"https:\/\/www.dochyglas.be\/#website","url":"https:\/\/www.dochyglas.be\/","name":"Dochy Glas","description":"Glass solutions","publisher":{"@id":"https:\/\/www.dochyglas.be\/#organization"},"alternateName":"Dochy","potentialAction":[{"@type":"SearchAction","target":{"@type":"EntryPoint","urlTemplate":"https:\/\/www.dochyglas.be\/?s={search_term_string}"},"query-input":{"@type":"PropertyValueSpecification","valueRequired":true,"valueName":"search_term_string"}}],"inLanguage":"fr-FR"},{"@type":"Organization","@id":"https:\/\/www.dochyglas.be\/#organization","name":"Dochy Glas","alternateName":"Dochy Glass solutions","url":"https:\/\/www.dochyglas.be\/","logo":{"@type":"ImageObject","inLanguage":"fr-FR","@id":"https:\/\/www.dochyglas.be\/#\/schema\/logo\/image\/","url":"https:\/\/www.dochyglas.be\/wp-content\/uploads\/2023\/09\/DochyGlas_logo_kleur-e1695737229567.png","contentUrl":"https:\/\/www.dochyglas.be\/wp-content\/uploads\/2023\/09\/DochyGlas_logo_kleur-e1695737229567.png","width":6853,"height":3160,"caption":"Dochy Glas"},"image":{"@id":"https:\/\/www.dochyglas.be\/#\/schema\/logo\/image\/"},"sameAs":["https:\/\/www.facebook.com\/Dochyglas","https:\/\/www.instagram.com\/dochyglas\/"]}]}},"_links":{"self":[{"href":"https:\/\/www.dochyglas.be\/fr\/wp-json\/wp\/v2\/pages\/949","targetHints":{"allow":["GET"]}}],"collection":[{"href":"https:\/\/www.dochyglas.be\/fr\/wp-json\/wp\/v2\/pages"}],"about":[{"href":"https:\/\/www.dochyglas.be\/fr\/wp-json\/wp\/v2\/types\/page"}],"author":[{"embeddable":true,"href":"https:\/\/www.dochyglas.be\/fr\/wp-json\/wp\/v2\/users\/1"}],"replies":[{"embeddable":true,"href":"https:\/\/www.dochyglas.be\/fr\/wp-json\/wp\/v2\/comments?post=949"}],"version-history":[{"count":3,"href":"https:\/\/www.dochyglas.be\/fr\/wp-json\/wp\/v2\/pages\/949\/revisions"}],"predecessor-version":[{"id":1087,"href":"https:\/\/www.dochyglas.be\/fr\/wp-json\/wp\/v2\/pages\/949\/revisions\/1087"}],"up":[{"embeddable":true,"href":"https:\/\/www.dochyglas.be\/fr\/wp-json\/wp\/v2\/pages\/957"}],"wp:featuredmedia":[{"embeddable":true,"href":"https:\/\/www.dochyglas.be\/fr\/wp-json\/wp\/v2\/media\/411"}],"wp:attachment":[{"href":"https:\/\/www.dochyglas.be\/fr\/wp-json\/wp\/v2\/media?parent=949"}],"curies":[{"name":"wp","href":"https:\/\/api.w.org\/{rel}","templated":true}]}}