{"id":951,"date":"2023-09-26T09:47:02","date_gmt":"2023-09-26T07:47:02","guid":{"rendered":"https:\/\/www.dochyglas.be\/inbraakwerend-glas\/"},"modified":"2024-03-07T15:25:07","modified_gmt":"2024-03-07T13:25:07","slug":"vitrage-anti-effraction","status":"publish","type":"page","link":"https:\/\/www.dochyglas.be\/fr\/renovation-du-verre\/vitrage-anti-effraction\/","title":{"rendered":"Vitrage anti-effraction"},"content":{"rendered":"<section class=\"l-section wpb_row detail height_auto\"><div class=\"l-section-h i-cf\"><div class=\"g-cols vc_row via_flex valign_bottom type_boxes stacking_default\"><div class=\"vc_col-sm-12 wpb_column vc_column_container minheightbanner has_bg_color\"><div class=\"vc_column-inner us_custom_d1dee72c\"><div class=\"vc_column-overlay\" style=\"background:rgba(0,0,0,0.70)\"><\/div><div class=\"wpb_wrapper\"><div class=\"g-cols wpb_row via_flex valign_top type_default stacking_default\"><div class=\"vc_col-sm-7 wpb_column vc_column_container\"><div class=\"vc_column-inner\"><div class=\"wpb_wrapper\"><div class=\"wpb_text_column us_custom_6df4bc3a has_text_color\"><div class=\"wpb_wrapper\"><h1>Emp\u00eachez les visiteurs ind\u00e9sirables d&rsquo;entrer gr\u00e2ce au <em>verre anti-effraction<\/em><\/h1>\n<\/div><\/div><div class=\"w-separator size_small\"><\/div><nav class=\"g-breadcrumbs us_custom_6df4bc3a has_text_color separator_icon align_none\" itemscope itemtype=\"http:\/\/schema.org\/BreadcrumbList\"><div class=\"g-breadcrumbs-item\" itemscope itemprop=\"itemListElement\" itemtype=\"http:\/\/schema.org\/ListItem\"><a itemprop=\"item\" href=\"https:\/\/www.dochyglas.be\/fr\/\"><span itemprop=\"name\">Accueil<\/span><\/a><meta itemprop=\"position\" content=\"1\"\/><\/div><div class=\"g-breadcrumbs-separator\"><i class=\"far fa-angle-right\"><\/i><\/div><div class=\"g-breadcrumbs-item\">Pages<\/div><\/nav><\/div><\/div><\/div><div class=\"vc_col-sm-5 wpb_column vc_column_container\"><div class=\"vc_column-inner\"><div class=\"wpb_wrapper\"><\/div><\/div><\/div><\/div><\/div><\/div><\/div><\/div><\/div><\/section><section class=\"l-section wpb_row height_auto\"><div class=\"l-section-h i-cf\"><div class=\"g-cols vc_row via_flex valign_top type_boxes stacking_default\"><div class=\"vc_col-sm-12 vc_col-lg-6 vc_col-md-6 vc_col-xs-12 wpb_column vc_column_container\"><div class=\"vc_column-inner\"><div class=\"wpb_wrapper\"><div class=\"wpb_text_column\"><div class=\"wpb_wrapper\"><h2>En tant que sp\u00e9cialiste, Dochy Glas propose <em>du verre de haute qualit\u00e9<\/em> pour tous types de projets.<\/h2>\n<p>Le verre anti-effraction est l&rsquo;une de nos sp\u00e9cialit\u00e9s. Ce type de verre est extr\u00eamement robuste car il est compos\u00e9 de plusieurs feuilles de verre avec des films de s\u00e9curit\u00e9 qui rendent le verre difficile \u00e0 p\u00e9n\u00e9trer. Le nombre de couches de verre et de polycarbonate peut varier en fonction du niveau de s\u00e9curit\u00e9 requis.<\/p>\n<\/div><\/div><\/div><\/div><\/div><div class=\"vc_col-sm-12 vc_col-lg-6 vc_col-md-6 vc_col-xs-12 wpb_column vc_column_container\"><div class=\"vc_column-inner\"><div class=\"wpb_wrapper\"><div class=\"wpb_text_column\"><div class=\"wpb_wrapper\"><p>Plus il y a de couches, plus le verre est r\u00e9sistant. Cela en fait \u00e9galement un choix id\u00e9al pour les endroits n\u00e9cessitant une s\u00e9curit\u00e9 suppl\u00e9mentaire, tels que les banques, les bijoutiers, les b\u00e2timents gouvernementaux et d&rsquo;autres b\u00e2timents sensibles aux effractions.<\/p>\n<p><strong>Si vous envisagez de r\u00e9nover votre propri\u00e9t\u00e9 et que vous vous inqui\u00e9tez de sa vuln\u00e9rabilit\u00e9 aux effractions, envisagez certainement le verre anti-effraction de Dochy Glas.<\/strong><\/p>\n<\/div><\/div><div class=\"w-separator size_small\"><\/div><div class=\"w-btn-wrapper align_none\"><a class=\"w-btn us-btn-style_2\" href=\"https:\/\/www.dochyglas.be\/fr\/contact\/\"><span class=\"w-btn-label\">Contactez-nous<\/span><\/a><\/div><\/div><\/div><\/div><\/div><\/div><\/section><section class=\"l-section wpb_row height_small\"><div class=\"l-section-h i-cf\"><div class=\"g-cols vc_row via_flex valign_top type_boxes stacking_default\"><div class=\"vc_col-sm-5 wpb_column vc_column_container imgresp has_bg_color\"><div class=\"vc_column-inner us_custom_90d96da5\"><div class=\"wpb_wrapper\"><\/div><\/div><\/div><div class=\"vc_col-sm-7 wpb_column vc_column_container has_bg_color\"><div class=\"vc_column-inner us_custom_5e134dd3\"><div class=\"wpb_wrapper\"><div class=\"wpb_text_column\"><div class=\"wpb_wrapper\"><h3>Pourquoi opter pour le verre <em>anti-effraction<\/em> ?<\/h3>\n<ul>\n<li>Offre un haut niveau de s\u00e9curit\u00e9 et de tranquillit\u00e9 d&rsquo;esprit.<\/li>\n<li>Facile \u00e0 entretenir.<\/li>\n<li>Ajoute de la valeur \u00e0 votre propri\u00e9t\u00e9.<\/li>\n<\/ul>\n<p>Si vous \u00eates int\u00e9ress\u00e9 par le verre anti-effraction, n&rsquo;h\u00e9sitez pas \u00e0 demander un devis sans engagement via notre formulaire. Nos conseillers techniques exp\u00e9riment\u00e9s sont l\u00e0 pour vous aider \u00e0 trouver la meilleure solution pour renforcer la s\u00e9curit\u00e9 de votre propri\u00e9t\u00e9, et vous fournir un devis clair et transparent.<\/p>\n<\/div><\/div><div class=\"w-separator size_small\"><\/div><div class=\"w-btn-wrapper align_none\"><a class=\"w-btn us-btn-style_1\" href=\"tel:+3258311253\"><span class=\"w-btn-label\">T\u00e9l: +32 58 31 12 53<\/span><\/a><\/div><\/div><\/div><\/div><\/div><\/div><\/section>\n","protected":false},"excerpt":{"rendered":"Emp\u00eachez les visiteurs ind\u00e9sirables d&rsquo;entrer gr\u00e2ce au verre anti-effraction AccueilPagesEn tant que sp\u00e9cialiste, Dochy Glas propose du verre de haute qualit\u00e9 pour tous types de projets. Le verre anti-effraction est l&rsquo;une de nos sp\u00e9cialit\u00e9s. Ce type de verre est extr\u00eamement robuste car il est compos\u00e9 de plusieurs feuilles de verre avec des films de s\u00e9curit\u00e9...","protected":false},"author":1,"featured_media":235,"parent":957,"menu_order":5,"comment_status":"closed","ping_status":"closed","template":"","meta":{"footnotes":""},"class_list":["post-951","page","type-page","status-publish","has-post-thumbnail","hentry"],"acf":[],"yoast_head":"<!-- This site is optimized with the Yoast SEO plugin v26.4 - https:\/\/yoast.com\/wordpress\/plugins\/seo\/ -->\n<title>Verre Anti Effraction Dochy Glas<\/title>\n<meta name=\"description\" content=\"Pour la pose de verre antieffraction, Dochy Glas est le partenaire d\u00e9sign\u00e9. Faites confiance \u00e0 notre expertise et notre service rapide.\" \/>\n<meta name=\"robots\" content=\"index, follow, max-snippet:-1, max-image-preview:large, max-video-preview:-1\" \/>\n<link rel=\"canonical\" href=\"https:\/\/www.dochyglas.be\/fr\/renovation-du-verre\/vitrage-anti-effraction\/\" \/>\n<meta property=\"og:locale\" content=\"fr_FR\" \/>\n<meta property=\"og:type\" content=\"article\" \/>\n<meta property=\"og:title\" content=\"Verre Anti Effraction Dochy Glas\" \/>\n<meta property=\"og:description\" content=\"Pour la pose de verre antieffraction, Dochy Glas est le partenaire d\u00e9sign\u00e9. Faites confiance \u00e0 notre expertise et notre service rapide.\" \/>\n<meta property=\"og:url\" content=\"https:\/\/www.dochyglas.be\/fr\/renovation-du-verre\/vitrage-anti-effraction\/\" \/>\n<meta property=\"og:site_name\" content=\"Dochy Glas\" \/>\n<meta property=\"article:publisher\" content=\"https:\/\/www.facebook.com\/Dochyglas\" \/>\n<meta property=\"article:modified_time\" content=\"2024-03-07T13:25:07+00:00\" \/>\n<meta property=\"og:image\" content=\"https:\/\/www.dochyglas.be\/wp-content\/uploads\/2023\/09\/Dochy_glas-e1697546127991.jpg\" \/>\n\t<meta property=\"og:image:width\" content=\"2000\" \/>\n\t<meta property=\"og:image:height\" content=\"1330\" \/>\n\t<meta property=\"og:image:type\" content=\"image\/jpeg\" \/>\n<meta name=\"twitter:card\" content=\"summary_large_image\" \/>\n<meta name=\"twitter:label1\" content=\"Dur\u00e9e de lecture estim\u00e9e\" \/>\n\t<meta name=\"twitter:data1\" content=\"2 minutes\" \/>\n<script type=\"application\/ld+json\" class=\"yoast-schema-graph\">{\"@context\":\"https:\/\/schema.org\",\"@graph\":[{\"@type\":\"WebPage\",\"@id\":\"https:\/\/www.dochyglas.be\/fr\/renovation-du-verre\/vitrage-anti-effraction\/\",\"url\":\"https:\/\/www.dochyglas.be\/fr\/renovation-du-verre\/vitrage-anti-effraction\/\",\"name\":\"Verre Anti Effraction Dochy Glas\",\"isPartOf\":{\"@id\":\"https:\/\/www.dochyglas.be\/#website\"},\"primaryImageOfPage\":{\"@id\":\"https:\/\/www.dochyglas.be\/fr\/renovation-du-verre\/vitrage-anti-effraction\/#primaryimage\"},\"image\":{\"@id\":\"https:\/\/www.dochyglas.be\/fr\/renovation-du-verre\/vitrage-anti-effraction\/#primaryimage\"},\"thumbnailUrl\":\"https:\/\/www.dochyglas.be\/wp-content\/uploads\/2023\/09\/Dochy_glas-e1697546127991.jpg\",\"datePublished\":\"2023-09-26T07:47:02+00:00\",\"dateModified\":\"2024-03-07T13:25:07+00:00\",\"description\":\"Pour la pose de verre antieffraction, Dochy Glas est le partenaire d\u00e9sign\u00e9. Faites confiance \u00e0 notre expertise et notre service rapide.\",\"breadcrumb\":{\"@id\":\"https:\/\/www.dochyglas.be\/fr\/renovation-du-verre\/vitrage-anti-effraction\/#breadcrumb\"},\"inLanguage\":\"fr-FR\",\"potentialAction\":[{\"@type\":\"ReadAction\",\"target\":[\"https:\/\/www.dochyglas.be\/fr\/renovation-du-verre\/vitrage-anti-effraction\/\"]}]},{\"@type\":\"ImageObject\",\"inLanguage\":\"fr-FR\",\"@id\":\"https:\/\/www.dochyglas.be\/fr\/renovation-du-verre\/vitrage-anti-effraction\/#primaryimage\",\"url\":\"https:\/\/www.dochyglas.be\/wp-content\/uploads\/2023\/09\/Dochy_glas-e1697546127991.jpg\",\"contentUrl\":\"https:\/\/www.dochyglas.be\/wp-content\/uploads\/2023\/09\/Dochy_glas-e1697546127991.jpg\",\"width\":2000,\"height\":1330,\"caption\":\"Broken glass on a wooden window frame.\"},{\"@type\":\"BreadcrumbList\",\"@id\":\"https:\/\/www.dochyglas.be\/fr\/renovation-du-verre\/vitrage-anti-effraction\/#breadcrumb\",\"itemListElement\":[{\"@type\":\"ListItem\",\"position\":1,\"name\":\"Home\",\"item\":\"https:\/\/www.dochyglas.be\/fr\/\"},{\"@type\":\"ListItem\",\"position\":2,\"name\":\"R\u00e9novation du verre\",\"item\":\"https:\/\/www.dochyglas.be\/fr\/renovation-du-verre\/\"},{\"@type\":\"ListItem\",\"position\":3,\"name\":\"Vitrage anti-effraction\"}]},{\"@type\":\"WebSite\",\"@id\":\"https:\/\/www.dochyglas.be\/#website\",\"url\":\"https:\/\/www.dochyglas.be\/\",\"name\":\"Dochy Glas\",\"description\":\"Glass solutions\",\"publisher\":{\"@id\":\"https:\/\/www.dochyglas.be\/#organization\"},\"alternateName\":\"Dochy\",\"potentialAction\":[{\"@type\":\"SearchAction\",\"target\":{\"@type\":\"EntryPoint\",\"urlTemplate\":\"https:\/\/www.dochyglas.be\/?s={search_term_string}\"},\"query-input\":{\"@type\":\"PropertyValueSpecification\",\"valueRequired\":true,\"valueName\":\"search_term_string\"}}],\"inLanguage\":\"fr-FR\"},{\"@type\":\"Organization\",\"@id\":\"https:\/\/www.dochyglas.be\/#organization\",\"name\":\"Dochy Glas\",\"alternateName\":\"Dochy Glass solutions\",\"url\":\"https:\/\/www.dochyglas.be\/\",\"logo\":{\"@type\":\"ImageObject\",\"inLanguage\":\"fr-FR\",\"@id\":\"https:\/\/www.dochyglas.be\/#\/schema\/logo\/image\/\",\"url\":\"https:\/\/www.dochyglas.be\/wp-content\/uploads\/2023\/09\/DochyGlas_logo_kleur-e1695737229567.png\",\"contentUrl\":\"https:\/\/www.dochyglas.be\/wp-content\/uploads\/2023\/09\/DochyGlas_logo_kleur-e1695737229567.png\",\"width\":6853,\"height\":3160,\"caption\":\"Dochy Glas\"},\"image\":{\"@id\":\"https:\/\/www.dochyglas.be\/#\/schema\/logo\/image\/\"},\"sameAs\":[\"https:\/\/www.facebook.com\/Dochyglas\",\"https:\/\/www.instagram.com\/dochyglas\/\"]}]}<\/script>\n<!-- \/ Yoast SEO plugin. -->","yoast_head_json":{"title":"Verre Anti Effraction Dochy Glas","description":"Pour la pose de verre antieffraction, Dochy Glas est le partenaire d\u00e9sign\u00e9. Faites confiance \u00e0 notre expertise et notre service rapide.","robots":{"index":"index","follow":"follow","max-snippet":"max-snippet:-1","max-image-preview":"max-image-preview:large","max-video-preview":"max-video-preview:-1"},"canonical":"https:\/\/www.dochyglas.be\/fr\/renovation-du-verre\/vitrage-anti-effraction\/","og_locale":"fr_FR","og_type":"article","og_title":"Verre Anti Effraction Dochy Glas","og_description":"Pour la pose de verre antieffraction, Dochy Glas est le partenaire d\u00e9sign\u00e9. Faites confiance \u00e0 notre expertise et notre service rapide.","og_url":"https:\/\/www.dochyglas.be\/fr\/renovation-du-verre\/vitrage-anti-effraction\/","og_site_name":"Dochy Glas","article_publisher":"https:\/\/www.facebook.com\/Dochyglas","article_modified_time":"2024-03-07T13:25:07+00:00","og_image":[{"width":2000,"height":1330,"url":"https:\/\/www.dochyglas.be\/wp-content\/uploads\/2023\/09\/Dochy_glas-e1697546127991.jpg","type":"image\/jpeg"}],"twitter_card":"summary_large_image","twitter_misc":{"Dur\u00e9e de lecture estim\u00e9e":"2 minutes"},"schema":{"@context":"https:\/\/schema.org","@graph":[{"@type":"WebPage","@id":"https:\/\/www.dochyglas.be\/fr\/renovation-du-verre\/vitrage-anti-effraction\/","url":"https:\/\/www.dochyglas.be\/fr\/renovation-du-verre\/vitrage-anti-effraction\/","name":"Verre Anti Effraction Dochy Glas","isPartOf":{"@id":"https:\/\/www.dochyglas.be\/#website"},"primaryImageOfPage":{"@id":"https:\/\/www.dochyglas.be\/fr\/renovation-du-verre\/vitrage-anti-effraction\/#primaryimage"},"image":{"@id":"https:\/\/www.dochyglas.be\/fr\/renovation-du-verre\/vitrage-anti-effraction\/#primaryimage"},"thumbnailUrl":"https:\/\/www.dochyglas.be\/wp-content\/uploads\/2023\/09\/Dochy_glas-e1697546127991.jpg","datePublished":"2023-09-26T07:47:02+00:00","dateModified":"2024-03-07T13:25:07+00:00","description":"Pour la pose de verre antieffraction, Dochy Glas est le partenaire d\u00e9sign\u00e9. Faites confiance \u00e0 notre expertise et notre service rapide.","breadcrumb":{"@id":"https:\/\/www.dochyglas.be\/fr\/renovation-du-verre\/vitrage-anti-effraction\/#breadcrumb"},"inLanguage":"fr-FR","potentialAction":[{"@type":"ReadAction","target":["https:\/\/www.dochyglas.be\/fr\/renovation-du-verre\/vitrage-anti-effraction\/"]}]},{"@type":"ImageObject","inLanguage":"fr-FR","@id":"https:\/\/www.dochyglas.be\/fr\/renovation-du-verre\/vitrage-anti-effraction\/#primaryimage","url":"https:\/\/www.dochyglas.be\/wp-content\/uploads\/2023\/09\/Dochy_glas-e1697546127991.jpg","contentUrl":"https:\/\/www.dochyglas.be\/wp-content\/uploads\/2023\/09\/Dochy_glas-e1697546127991.jpg","width":2000,"height":1330,"caption":"Broken glass on a wooden window frame."},{"@type":"BreadcrumbList","@id":"https:\/\/www.dochyglas.be\/fr\/renovation-du-verre\/vitrage-anti-effraction\/#breadcrumb","itemListElement":[{"@type":"ListItem","position":1,"name":"Home","item":"https:\/\/www.dochyglas.be\/fr\/"},{"@type":"ListItem","position":2,"name":"R\u00e9novation du verre","item":"https:\/\/www.dochyglas.be\/fr\/renovation-du-verre\/"},{"@type":"ListItem","position":3,"name":"Vitrage anti-effraction"}]},{"@type":"WebSite","@id":"https:\/\/www.dochyglas.be\/#website","url":"https:\/\/www.dochyglas.be\/","name":"Dochy Glas","description":"Glass solutions","publisher":{"@id":"https:\/\/www.dochyglas.be\/#organization"},"alternateName":"Dochy","potentialAction":[{"@type":"SearchAction","target":{"@type":"EntryPoint","urlTemplate":"https:\/\/www.dochyglas.be\/?s={search_term_string}"},"query-input":{"@type":"PropertyValueSpecification","valueRequired":true,"valueName":"search_term_string"}}],"inLanguage":"fr-FR"},{"@type":"Organization","@id":"https:\/\/www.dochyglas.be\/#organization","name":"Dochy Glas","alternateName":"Dochy Glass solutions","url":"https:\/\/www.dochyglas.be\/","logo":{"@type":"ImageObject","inLanguage":"fr-FR","@id":"https:\/\/www.dochyglas.be\/#\/schema\/logo\/image\/","url":"https:\/\/www.dochyglas.be\/wp-content\/uploads\/2023\/09\/DochyGlas_logo_kleur-e1695737229567.png","contentUrl":"https:\/\/www.dochyglas.be\/wp-content\/uploads\/2023\/09\/DochyGlas_logo_kleur-e1695737229567.png","width":6853,"height":3160,"caption":"Dochy Glas"},"image":{"@id":"https:\/\/www.dochyglas.be\/#\/schema\/logo\/image\/"},"sameAs":["https:\/\/www.facebook.com\/Dochyglas","https:\/\/www.instagram.com\/dochyglas\/"]}]}},"_links":{"self":[{"href":"https:\/\/www.dochyglas.be\/fr\/wp-json\/wp\/v2\/pages\/951","targetHints":{"allow":["GET"]}}],"collection":[{"href":"https:\/\/www.dochyglas.be\/fr\/wp-json\/wp\/v2\/pages"}],"about":[{"href":"https:\/\/www.dochyglas.be\/fr\/wp-json\/wp\/v2\/types\/page"}],"author":[{"embeddable":true,"href":"https:\/\/www.dochyglas.be\/fr\/wp-json\/wp\/v2\/users\/1"}],"replies":[{"embeddable":true,"href":"https:\/\/www.dochyglas.be\/fr\/wp-json\/wp\/v2\/comments?post=951"}],"version-history":[{"count":4,"href":"https:\/\/www.dochyglas.be\/fr\/wp-json\/wp\/v2\/pages\/951\/revisions"}],"predecessor-version":[{"id":1093,"href":"https:\/\/www.dochyglas.be\/fr\/wp-json\/wp\/v2\/pages\/951\/revisions\/1093"}],"up":[{"embeddable":true,"href":"https:\/\/www.dochyglas.be\/fr\/wp-json\/wp\/v2\/pages\/957"}],"wp:featuredmedia":[{"embeddable":true,"href":"https:\/\/www.dochyglas.be\/fr\/wp-json\/wp\/v2\/media\/235"}],"wp:attachment":[{"href":"https:\/\/www.dochyglas.be\/fr\/wp-json\/wp\/v2\/media?parent=951"}],"curies":[{"name":"wp","href":"https:\/\/api.w.org\/{rel}","templated":true}]}}