{"id":967,"date":"2023-09-26T09:42:23","date_gmt":"2023-09-26T07:42:23","guid":{"rendered":"https:\/\/www.dochyglas.be\/vacatures\/"},"modified":"2023-12-05T16:09:45","modified_gmt":"2023-12-05T14:09:45","slug":"offres-demploi","status":"publish","type":"page","link":"https:\/\/www.dochyglas.be\/fr\/offres-demploi\/","title":{"rendered":"Offres d&#8217;emploi"},"content":{"rendered":"<section class=\"l-section wpb_row detail height_auto\"><div class=\"l-section-h i-cf\"><div class=\"g-cols vc_row via_flex valign_bottom type_boxes stacking_default\"><div class=\"vc_col-sm-12 wpb_column vc_column_container minheightbanner has_bg_color\"><div class=\"vc_column-inner us_custom_63f2ae31\"><div class=\"vc_column-overlay\" style=\"background:rgba(0,0,0,0.70)\"><\/div><div class=\"wpb_wrapper\"><div class=\"g-cols wpb_row via_flex valign_top type_default stacking_default\"><div class=\"vc_col-sm-7 wpb_column vc_column_container\"><div class=\"vc_column-inner\"><div class=\"wpb_wrapper\"><div class=\"wpb_text_column us_custom_6df4bc3a has_text_color\"><div class=\"wpb_wrapper\"><h1>Bienvenue sur la page des offres d&#8217;emploi de <em>Dochy Glas<\/em>!<\/h1>\n<\/div><\/div><\/div><\/div><\/div><div class=\"vc_col-sm-5 wpb_column vc_column_container\"><div class=\"vc_column-inner\"><div class=\"wpb_wrapper\"><\/div><\/div><\/div><\/div><\/div><\/div><\/div><\/div><\/div><\/section><section class=\"l-section wpb_row height_auto\"><div class=\"l-section-h i-cf\"><div class=\"g-cols vc_row via_flex valign_top type_boxes stacking_default\"><div class=\"vc_col-sm-12 vc_col-lg-6 vc_col-md-6 vc_col-xs-12 wpb_column vc_column_container\"><div class=\"vc_column-inner\"><div class=\"wpb_wrapper\"><div class=\"wpb_text_column\"><div class=\"wpb_wrapper\"><h2>Qui sommes-nous ?<\/h2>\n<p>Dochy Glas est un acteur \u00e9tabli depuis plus de 100 ans dans le secteur du verre. Nous sommes situ\u00e9s \u00e0 Veurne, en Flandre-Occidentale, et nous nous adressons aussi bien au march\u00e9 des particuliers qu&rsquo;\u00e0 celui des professionnels. Dochy Glas est sp\u00e9cialis\u00e9 dans la fabrication, la livraison et la pose de produits en verre pour toutes sortes d&rsquo;applications.<\/p>\n<h2>Nos valeurs<\/h2>\n<p>Notre mission est d&rsquo;offrir \u00e0 nos clients des produits en verre de la plus haute qualit\u00e9 et un service de premier ordre, et pour ce faire, nous avons besoin des meilleurs employ\u00e9s.<\/p>\n<\/div><\/div><\/div><\/div><\/div><div class=\"vc_col-sm-12 vc_col-lg-6 vc_col-md-6 vc_col-xs-12 wpb_column vc_column_container\"><div class=\"vc_column-inner\"><div class=\"wpb_wrapper\"><div class=\"wpb_text_column\"><div class=\"wpb_wrapper\"><h2>Pourquoi travailler chez Dochy Glas ?<\/h2>\n<p>Travailler chez Dochy Glas signifie \u00e9voluer dans un environnement dynamique au sein d&rsquo;une \u00e9quipe d\u00e9vou\u00e9e et enthousiaste. Nous sommes fiers de notre expertise et de notre savoir-faire, et nous travaillons en permanence au d\u00e9veloppement de nouvelles techniques et de nouveaux produits. Nous offrons \u00e0 nos employ\u00e9s de nombreuses opportunit\u00e9s pour se d\u00e9velopper et progresser, tant sur le plan personnel que professionnel.<\/p>\n<\/div><\/div><div class=\"w-separator size_small\"><\/div><div class=\"w-btn-wrapper align_none\"><a class=\"w-btn us-btn-style_2\" href=\"https:\/\/www.dochyglas.be\/fr\/contact\/\"><span class=\"w-btn-label\">Prendre rendez-vous<\/span><\/a><\/div><\/div><\/div><\/div><\/div><\/div><\/section><section class=\"l-section wpb_row height_small\"><div class=\"l-section-h i-cf\"><div class=\"g-cols vc_row via_flex valign_middle type_boxes stacking_default\" style=\"--additional-gap:20px;\"><div class=\"vc_col-sm-12 vc_col-lg-6 vc_col-md-6 vc_col-xs-12 wpb_column vc_column_container padbottop has_bg_color\"><div class=\"vc_column-inner us_custom_9afe679e\"><div class=\"vc_column-overlay\" style=\"background:rgba(26,26,26,0.50)\"><\/div><div class=\"wpb_wrapper\"><div class=\"wpb_text_column us_custom_6df4bc3a has_text_color\"><div class=\"wpb_wrapper\"><h3>\u00cates-vous la personne que nous recherchons ?<\/h3>\n<p>Nous sommes toujours \u00e0 la recherche d&#8217;employ\u00e9s passionn\u00e9s et motiv\u00e9s qui souhaitent renforcer notre \u00e9quipe. Que vous soyez un poseur de verre exp\u00e9riment\u00e9, un chef de projet ou un employ\u00e9 administratif, chez Dochy Glas, vous trouverez un poste stimulant et vari\u00e9.<\/p>\n<\/div><\/div><div class=\"w-separator size_small\"><\/div><div class=\"w-btn-wrapper align_none\"><a class=\"w-btn us-btn-style_1\" href=\"tel:+3258311253\"><span class=\"w-btn-label\">T\u00e9l: +32 58 31 12 53<\/span><\/a><\/div><\/div><\/div><\/div><div class=\"vc_col-sm-12 vc_col-lg-6 vc_col-md-6 vc_col-xs-12 wpb_column vc_column_container\"><div class=\"vc_column-inner\"><div class=\"wpb_wrapper\"><div class=\"wpb_text_column\"><div class=\"wpb_wrapper\"><h3>Que pouvons-nous offrir ?<\/h3>\n<p>En tant qu&#8217;employ\u00e9 de Dochy Glas, vous pouvez compter sur une ambiance de travail agr\u00e9able, un salaire conforme au march\u00e9 et d&rsquo;excellents avantages sociaux. Nous offrons \u00e9galement \u00e0 nos employ\u00e9s la possibilit\u00e9 de se perfectionner et de progresser au sein de notre entreprise.<\/p>\n<p>Cherchez-vous un nouveau d\u00e9fi et le travail chez Dochy Glas vous int\u00e9resse ? Consultez nos offres d&#8217;emploi et postulez d\u00e8s aujourd&rsquo;hui ! Nous sommes impatients de vous accueillir au sein de notre \u00e9quipe.<\/p>\n<\/div><\/div><div class=\"w-separator size_small\"><\/div><div class=\"w-btn-wrapper align_none\"><a class=\"w-btn us-btn-style_2\" href=\"https:\/\/www.dochyglas.be\/fr\/contact\/\"><span class=\"w-btn-label\">Contactez-nous<\/span><\/a><\/div><\/div><\/div><\/div><\/div><\/div><\/section>\n","protected":false},"excerpt":{"rendered":"Bienvenue sur la page des offres d&#8217;emploi de Dochy Glas! Qui sommes-nous ? Dochy Glas est un acteur \u00e9tabli depuis plus de 100 ans dans le secteur du verre. Nous sommes situ\u00e9s \u00e0 Veurne, en Flandre-Occidentale, et nous nous adressons aussi bien au march\u00e9 des particuliers qu&rsquo;\u00e0 celui des professionnels. Dochy Glas est sp\u00e9cialis\u00e9 dans...","protected":false},"author":1,"featured_media":407,"parent":0,"menu_order":4,"comment_status":"closed","ping_status":"closed","template":"","meta":{"footnotes":""},"class_list":["post-967","page","type-page","status-publish","has-post-thumbnail","hentry"],"acf":[],"yoast_head":"<!-- This site is optimized with the Yoast SEO plugin v26.4 - https:\/\/yoast.com\/wordpress\/plugins\/seo\/ -->\n<title>Vacatures | Dochy Glas Veurne<\/title>\n<meta name=\"description\" content=\"Solliciteren bij Dochy Glas? Stuur ons uw cv of neem contact op voor onze openstaande vacatures.\" \/>\n<meta name=\"robots\" content=\"index, follow, max-snippet:-1, max-image-preview:large, max-video-preview:-1\" \/>\n<link rel=\"canonical\" href=\"https:\/\/www.dochyglas.be\/vacatures\/\" \/>\n<meta property=\"og:locale\" content=\"fr_FR\" \/>\n<meta property=\"og:type\" content=\"article\" \/>\n<meta property=\"og:title\" content=\"Vacatures | Dochy Glas Veurne\" \/>\n<meta property=\"og:description\" content=\"Solliciteren bij Dochy Glas? Stuur ons uw cv of neem contact op voor onze openstaande vacatures.\" \/>\n<meta property=\"og:url\" content=\"https:\/\/www.dochyglas.be\/vacatures\/\" \/>\n<meta property=\"og:site_name\" content=\"Dochy Glas\" \/>\n<meta property=\"article:publisher\" content=\"https:\/\/www.facebook.com\/Dochyglas\" \/>\n<meta property=\"article:modified_time\" content=\"2023-12-05T14:09:45+00:00\" \/>\n<meta property=\"og:image\" content=\"https:\/\/www.dochyglas.be\/wp-content\/uploads\/2023\/10\/3-Dochy-installateurs-plaatsen-raam-met-zuignappen.jpg\" \/>\n\t<meta property=\"og:image:width\" content=\"2000\" \/>\n\t<meta property=\"og:image:height\" content=\"1500\" \/>\n\t<meta property=\"og:image:type\" content=\"image\/jpeg\" \/>\n<meta name=\"twitter:card\" content=\"summary_large_image\" \/>\n<meta name=\"twitter:label1\" content=\"Dur\u00e9e de lecture estim\u00e9e\" \/>\n\t<meta name=\"twitter:data1\" content=\"2 minutes\" \/>\n<script type=\"application\/ld+json\" class=\"yoast-schema-graph\">{\"@context\":\"https:\/\/schema.org\",\"@graph\":[{\"@type\":\"WebPage\",\"@id\":\"https:\/\/www.dochyglas.be\/vacatures\/\",\"url\":\"https:\/\/www.dochyglas.be\/vacatures\/\",\"name\":\"Vacatures | Dochy Glas Veurne\",\"isPartOf\":{\"@id\":\"https:\/\/www.dochyglas.be\/#website\"},\"primaryImageOfPage\":{\"@id\":\"https:\/\/www.dochyglas.be\/vacatures\/#primaryimage\"},\"image\":{\"@id\":\"https:\/\/www.dochyglas.be\/vacatures\/#primaryimage\"},\"thumbnailUrl\":\"https:\/\/www.dochyglas.be\/wp-content\/uploads\/2023\/10\/3-Dochy-installateurs-plaatsen-raam-met-zuignappen.jpg\",\"datePublished\":\"2023-09-26T07:42:23+00:00\",\"dateModified\":\"2023-12-05T14:09:45+00:00\",\"description\":\"Solliciteren bij Dochy Glas? Stuur ons uw cv of neem contact op voor onze openstaande vacatures.\",\"breadcrumb\":{\"@id\":\"https:\/\/www.dochyglas.be\/vacatures\/#breadcrumb\"},\"inLanguage\":\"fr-FR\",\"potentialAction\":[{\"@type\":\"ReadAction\",\"target\":[\"https:\/\/www.dochyglas.be\/vacatures\/\"]}]},{\"@type\":\"ImageObject\",\"inLanguage\":\"fr-FR\",\"@id\":\"https:\/\/www.dochyglas.be\/vacatures\/#primaryimage\",\"url\":\"https:\/\/www.dochyglas.be\/wp-content\/uploads\/2023\/10\/3-Dochy-installateurs-plaatsen-raam-met-zuignappen.jpg\",\"contentUrl\":\"https:\/\/www.dochyglas.be\/wp-content\/uploads\/2023\/10\/3-Dochy-installateurs-plaatsen-raam-met-zuignappen.jpg\",\"width\":2000,\"height\":1500},{\"@type\":\"BreadcrumbList\",\"@id\":\"https:\/\/www.dochyglas.be\/vacatures\/#breadcrumb\",\"itemListElement\":[{\"@type\":\"ListItem\",\"position\":1,\"name\":\"Home\",\"item\":\"https:\/\/www.dochyglas.be\/fr\/\"},{\"@type\":\"ListItem\",\"position\":2,\"name\":\"Offres d&#8217;emploi\"}]},{\"@type\":\"WebSite\",\"@id\":\"https:\/\/www.dochyglas.be\/#website\",\"url\":\"https:\/\/www.dochyglas.be\/\",\"name\":\"Dochy Glas\",\"description\":\"Glass solutions\",\"publisher\":{\"@id\":\"https:\/\/www.dochyglas.be\/#organization\"},\"alternateName\":\"Dochy\",\"potentialAction\":[{\"@type\":\"SearchAction\",\"target\":{\"@type\":\"EntryPoint\",\"urlTemplate\":\"https:\/\/www.dochyglas.be\/?s={search_term_string}\"},\"query-input\":{\"@type\":\"PropertyValueSpecification\",\"valueRequired\":true,\"valueName\":\"search_term_string\"}}],\"inLanguage\":\"fr-FR\"},{\"@type\":\"Organization\",\"@id\":\"https:\/\/www.dochyglas.be\/#organization\",\"name\":\"Dochy Glas\",\"alternateName\":\"Dochy Glass solutions\",\"url\":\"https:\/\/www.dochyglas.be\/\",\"logo\":{\"@type\":\"ImageObject\",\"inLanguage\":\"fr-FR\",\"@id\":\"https:\/\/www.dochyglas.be\/#\/schema\/logo\/image\/\",\"url\":\"https:\/\/www.dochyglas.be\/wp-content\/uploads\/2023\/09\/DochyGlas_logo_kleur-e1695737229567.png\",\"contentUrl\":\"https:\/\/www.dochyglas.be\/wp-content\/uploads\/2023\/09\/DochyGlas_logo_kleur-e1695737229567.png\",\"width\":6853,\"height\":3160,\"caption\":\"Dochy Glas\"},\"image\":{\"@id\":\"https:\/\/www.dochyglas.be\/#\/schema\/logo\/image\/\"},\"sameAs\":[\"https:\/\/www.facebook.com\/Dochyglas\",\"https:\/\/www.instagram.com\/dochyglas\/\"]}]}<\/script>\n<!-- \/ Yoast SEO plugin. -->","yoast_head_json":{"title":"Vacatures | Dochy Glas Veurne","description":"Solliciteren bij Dochy Glas? Stuur ons uw cv of neem contact op voor onze openstaande vacatures.","robots":{"index":"index","follow":"follow","max-snippet":"max-snippet:-1","max-image-preview":"max-image-preview:large","max-video-preview":"max-video-preview:-1"},"canonical":"https:\/\/www.dochyglas.be\/vacatures\/","og_locale":"fr_FR","og_type":"article","og_title":"Vacatures | Dochy Glas Veurne","og_description":"Solliciteren bij Dochy Glas? Stuur ons uw cv of neem contact op voor onze openstaande vacatures.","og_url":"https:\/\/www.dochyglas.be\/vacatures\/","og_site_name":"Dochy Glas","article_publisher":"https:\/\/www.facebook.com\/Dochyglas","article_modified_time":"2023-12-05T14:09:45+00:00","og_image":[{"width":2000,"height":1500,"url":"https:\/\/www.dochyglas.be\/wp-content\/uploads\/2023\/10\/3-Dochy-installateurs-plaatsen-raam-met-zuignappen.jpg","type":"image\/jpeg"}],"twitter_card":"summary_large_image","twitter_misc":{"Dur\u00e9e de lecture estim\u00e9e":"2 minutes"},"schema":{"@context":"https:\/\/schema.org","@graph":[{"@type":"WebPage","@id":"https:\/\/www.dochyglas.be\/vacatures\/","url":"https:\/\/www.dochyglas.be\/vacatures\/","name":"Vacatures | Dochy Glas Veurne","isPartOf":{"@id":"https:\/\/www.dochyglas.be\/#website"},"primaryImageOfPage":{"@id":"https:\/\/www.dochyglas.be\/vacatures\/#primaryimage"},"image":{"@id":"https:\/\/www.dochyglas.be\/vacatures\/#primaryimage"},"thumbnailUrl":"https:\/\/www.dochyglas.be\/wp-content\/uploads\/2023\/10\/3-Dochy-installateurs-plaatsen-raam-met-zuignappen.jpg","datePublished":"2023-09-26T07:42:23+00:00","dateModified":"2023-12-05T14:09:45+00:00","description":"Solliciteren bij Dochy Glas? Stuur ons uw cv of neem contact op voor onze openstaande vacatures.","breadcrumb":{"@id":"https:\/\/www.dochyglas.be\/vacatures\/#breadcrumb"},"inLanguage":"fr-FR","potentialAction":[{"@type":"ReadAction","target":["https:\/\/www.dochyglas.be\/vacatures\/"]}]},{"@type":"ImageObject","inLanguage":"fr-FR","@id":"https:\/\/www.dochyglas.be\/vacatures\/#primaryimage","url":"https:\/\/www.dochyglas.be\/wp-content\/uploads\/2023\/10\/3-Dochy-installateurs-plaatsen-raam-met-zuignappen.jpg","contentUrl":"https:\/\/www.dochyglas.be\/wp-content\/uploads\/2023\/10\/3-Dochy-installateurs-plaatsen-raam-met-zuignappen.jpg","width":2000,"height":1500},{"@type":"BreadcrumbList","@id":"https:\/\/www.dochyglas.be\/vacatures\/#breadcrumb","itemListElement":[{"@type":"ListItem","position":1,"name":"Home","item":"https:\/\/www.dochyglas.be\/fr\/"},{"@type":"ListItem","position":2,"name":"Offres d&#8217;emploi"}]},{"@type":"WebSite","@id":"https:\/\/www.dochyglas.be\/#website","url":"https:\/\/www.dochyglas.be\/","name":"Dochy Glas","description":"Glass solutions","publisher":{"@id":"https:\/\/www.dochyglas.be\/#organization"},"alternateName":"Dochy","potentialAction":[{"@type":"SearchAction","target":{"@type":"EntryPoint","urlTemplate":"https:\/\/www.dochyglas.be\/?s={search_term_string}"},"query-input":{"@type":"PropertyValueSpecification","valueRequired":true,"valueName":"search_term_string"}}],"inLanguage":"fr-FR"},{"@type":"Organization","@id":"https:\/\/www.dochyglas.be\/#organization","name":"Dochy Glas","alternateName":"Dochy Glass solutions","url":"https:\/\/www.dochyglas.be\/","logo":{"@type":"ImageObject","inLanguage":"fr-FR","@id":"https:\/\/www.dochyglas.be\/#\/schema\/logo\/image\/","url":"https:\/\/www.dochyglas.be\/wp-content\/uploads\/2023\/09\/DochyGlas_logo_kleur-e1695737229567.png","contentUrl":"https:\/\/www.dochyglas.be\/wp-content\/uploads\/2023\/09\/DochyGlas_logo_kleur-e1695737229567.png","width":6853,"height":3160,"caption":"Dochy Glas"},"image":{"@id":"https:\/\/www.dochyglas.be\/#\/schema\/logo\/image\/"},"sameAs":["https:\/\/www.facebook.com\/Dochyglas","https:\/\/www.instagram.com\/dochyglas\/"]}]}},"_links":{"self":[{"href":"https:\/\/www.dochyglas.be\/fr\/wp-json\/wp\/v2\/pages\/967","targetHints":{"allow":["GET"]}}],"collection":[{"href":"https:\/\/www.dochyglas.be\/fr\/wp-json\/wp\/v2\/pages"}],"about":[{"href":"https:\/\/www.dochyglas.be\/fr\/wp-json\/wp\/v2\/types\/page"}],"author":[{"embeddable":true,"href":"https:\/\/www.dochyglas.be\/fr\/wp-json\/wp\/v2\/users\/1"}],"replies":[{"embeddable":true,"href":"https:\/\/www.dochyglas.be\/fr\/wp-json\/wp\/v2\/comments?post=967"}],"version-history":[{"count":3,"href":"https:\/\/www.dochyglas.be\/fr\/wp-json\/wp\/v2\/pages\/967\/revisions"}],"predecessor-version":[{"id":1214,"href":"https:\/\/www.dochyglas.be\/fr\/wp-json\/wp\/v2\/pages\/967\/revisions\/1214"}],"wp:featuredmedia":[{"embeddable":true,"href":"https:\/\/www.dochyglas.be\/fr\/wp-json\/wp\/v2\/media\/407"}],"wp:attachment":[{"href":"https:\/\/www.dochyglas.be\/fr\/wp-json\/wp\/v2\/media?parent=967"}],"curies":[{"name":"wp","href":"https:\/\/api.w.org\/{rel}","templated":true}]}}