{"id":969,"date":"2023-09-22T15:59:17","date_gmt":"2023-09-22T13:59:17","guid":{"rendered":"https:\/\/www.dochyglas.be\/home\/"},"modified":"2023-12-19T16:25:19","modified_gmt":"2023-12-19T14:25:19","slug":"home","status":"publish","type":"page","link":"https:\/\/www.dochyglas.be\/fr\/","title":{"rendered":"Home"},"content":{"rendered":"<section class=\"l-section wpb_row home height_auto\"><div class=\"l-section-h i-cf\"><div class=\"g-cols vc_row via_flex valign_top type_default stacking_default\"><div class=\"vc_col-sm-12 wpb_column vc_column_container\"><div class=\"vc_column-inner\"><div class=\"wpb_wrapper\"><div class=\"w-grid type_carousel layout_368 valign_center\" id=\"us_grid_1\" style=\"--gap:0rem;\"><style>.layout_368 .w-grid-item-h{}.layout_368 .usg_post_image_1{width:100%!important;height:350px!important;z-index:0!important}.layout_368 .usg_html_1{position:absolute!important;left:0!important;top:0!important;bottom:0!important;right:40%!important;z-index:2!important;background:rgba(0,0,0,0.70)!important}.layout_368 .usg_post_custom_field_1{color:#ffffff!important;width:50%!important}@media (min-width:1025px) and (max-width:1380px){.layout_368 .usg_html_1{position:absolute!important;left:0!important;top:0!important;bottom:0!important;right:40%!important;z-index:2!important}.layout_368 .usg_post_custom_field_1{color:#ffffff!important;width:50%!important}}@media (min-width:769px) and (max-width:1024px){.layout_368 .usg_html_1{position:absolute!important;left:0!important;top:0!important;bottom:0!important;right:40%!important;z-index:2!important}.layout_368 .usg_post_custom_field_1{color:#ffffff!important;width:50%!important}}@media (max-width:768px){.layout_368 .usg_html_1{position:absolute!important;left:0!important;top:0!important;bottom:0!important;right:0!important;z-index:2!important}.layout_368 .usg_post_custom_field_1{color:#ffffff!important;width:85%!important}}<\/style><div class=\"w-grid-list owl-carousel navstyle_circle navpos_outside with_dots\">\t<article class=\"w-grid-item post-1011 home_carroussel type-home_carroussel status-publish has-post-thumbnail hentry\" data-id=\"1011\">\r\n\t\t<div class=\"w-grid-item-h\">\r\n\t\t\t\t\t\t<div class=\"w-post-elm post_image usg_post_image_1 has_width has_height stretched\"><img loading=\"lazy\" decoding=\"async\" width=\"819\" height=\"1024\" src=\"https:\/\/www.dochyglas.be\/wp-content\/uploads\/2023\/10\/Installatie-afgerond-raam-in-een-villa-door-Dochy-Glas-819x1024.jpg\" class=\"attachment-large size-large wp-post-image\" alt=\"\" srcset=\"https:\/\/www.dochyglas.be\/wp-content\/uploads\/2023\/10\/Installatie-afgerond-raam-in-een-villa-door-Dochy-Glas-819x1024.jpg 819w, https:\/\/www.dochyglas.be\/wp-content\/uploads\/2023\/10\/Installatie-afgerond-raam-in-een-villa-door-Dochy-Glas-240x300.jpg 240w, https:\/\/www.dochyglas.be\/wp-content\/uploads\/2023\/10\/Installatie-afgerond-raam-in-een-villa-door-Dochy-Glas.jpg 1600w\" sizes=\"auto, (max-width: 819px) 100vw, 819px\" \/><\/div><div class=\"w-html usg_html_1\"><\/div><h1 class=\"w-post-elm post_custom_field usg_post_custom_field_1 has_text_color type_text title color_link_inherit\"><span class=\"w-post-elm-value\"><em>Des solutions<\/em> de la plus haute qualit\u00e9<\/span><\/h1>\t\t<\/div>\r\n\t<\/article>\r\n\t<article class=\"w-grid-item post-1014 home_carroussel type-home_carroussel status-publish has-post-thumbnail hentry\" data-id=\"1014\">\r\n\t\t<div class=\"w-grid-item-h\">\r\n\t\t\t\t\t\t<div class=\"w-post-elm post_image usg_post_image_1 has_width has_height stretched\"><img loading=\"lazy\" decoding=\"async\" width=\"1024\" height=\"767\" src=\"https:\/\/www.dochyglas.be\/wp-content\/uploads\/2023\/10\/Dochy-realisatie-structurele-beglazing-gordijngevel-1024x767.jpg\" class=\"attachment-large size-large wp-post-image\" alt=\"\" srcset=\"https:\/\/www.dochyglas.be\/wp-content\/uploads\/2023\/10\/Dochy-realisatie-structurele-beglazing-gordijngevel-1024x767.jpg 1024w, https:\/\/www.dochyglas.be\/wp-content\/uploads\/2023\/10\/Dochy-realisatie-structurele-beglazing-gordijngevel-300x225.jpg 300w, https:\/\/www.dochyglas.be\/wp-content\/uploads\/2023\/10\/Dochy-realisatie-structurele-beglazing-gordijngevel.jpg 2000w\" sizes=\"auto, (max-width: 1024px) 100vw, 1024px\" \/><\/div><div class=\"w-html usg_html_1\"><\/div><h1 class=\"w-post-elm post_custom_field usg_post_custom_field_1 has_text_color type_text title color_link_inherit\"><span class=\"w-post-elm-value\"><em>Du verre sur mesure<\/em> une solution pour chaque application<\/span><\/h1>\t\t<\/div>\r\n\t<\/article>\r\n\t<article class=\"w-grid-item post-1016 home_carroussel type-home_carroussel status-publish has-post-thumbnail hentry\" data-id=\"1016\">\r\n\t\t<div class=\"w-grid-item-h\">\r\n\t\t\t\t\t\t<div class=\"w-post-elm post_image usg_post_image_1 has_width has_height stretched\"><img loading=\"lazy\" decoding=\"async\" width=\"1024\" height=\"768\" src=\"https:\/\/www.dochyglas.be\/wp-content\/uploads\/2023\/10\/3-Dochy-medewerkers-plaatsen-grote-glaspartij-1024x768.jpg\" class=\"attachment-large size-large wp-post-image\" alt=\"Plaatsen van grote glaspartijen door Dochy Glas\" srcset=\"https:\/\/www.dochyglas.be\/wp-content\/uploads\/2023\/10\/3-Dochy-medewerkers-plaatsen-grote-glaspartij-1024x768.jpg 1024w, https:\/\/www.dochyglas.be\/wp-content\/uploads\/2023\/10\/3-Dochy-medewerkers-plaatsen-grote-glaspartij-300x225.jpg 300w, https:\/\/www.dochyglas.be\/wp-content\/uploads\/2023\/10\/3-Dochy-medewerkers-plaatsen-grote-glaspartij.jpg 2000w\" sizes=\"auto, (max-width: 1024px) 100vw, 1024px\" \/><\/div><div class=\"w-html usg_html_1\"><\/div><h1 class=\"w-post-elm post_custom_field usg_post_custom_field_1 has_text_color type_text title color_link_inherit\"><span class=\"w-post-elm-value\">Un <em>savoir-faire<\/em> de plus de 100 ans<\/span><\/h1>\t\t<\/div>\r\n\t<\/article>\r\n\t<article class=\"w-grid-item post-1019 home_carroussel type-home_carroussel status-publish has-post-thumbnail hentry\" data-id=\"1019\">\r\n\t\t<div class=\"w-grid-item-h\">\r\n\t\t\t\t\t\t<div class=\"w-post-elm post_image usg_post_image_1 has_width has_height stretched\"><img loading=\"lazy\" decoding=\"async\" width=\"1024\" height=\"577\" src=\"https:\/\/www.dochyglas.be\/wp-content\/uploads\/2023\/10\/Hoofdzetel-gebouw-Dochy-Glas-Veurne-homepage-1024x577.jpg\" class=\"attachment-large size-large wp-post-image\" alt=\"\" srcset=\"https:\/\/www.dochyglas.be\/wp-content\/uploads\/2023\/10\/Hoofdzetel-gebouw-Dochy-Glas-Veurne-homepage-1024x577.jpg 1024w, https:\/\/www.dochyglas.be\/wp-content\/uploads\/2023\/10\/Hoofdzetel-gebouw-Dochy-Glas-Veurne-homepage-300x169.jpg 300w, https:\/\/www.dochyglas.be\/wp-content\/uploads\/2023\/10\/Hoofdzetel-gebouw-Dochy-Glas-Veurne-homepage.jpg 2000w\" sizes=\"auto, (max-width: 1024px) 100vw, 1024px\" \/><\/div><div class=\"w-html usg_html_1\"><\/div><h1 class=\"w-post-elm post_custom_field usg_post_custom_field_1 has_text_color type_text title color_link_inherit\"><span class=\"w-post-elm-value\"><em>Votre partenaire<\/em> pour la Flandre Occidentale et le Nord de la France<\/span><\/h1>\t\t<\/div>\r\n\t<\/article>\r\n<\/div>\t<div class=\"g-preloader type_1\">\r\n\t\t<div><\/div>\r\n\t<\/div>\r\n\t\t<div class=\"w-grid-json hidden\" onclick='return {&quot;action&quot;:&quot;us_ajax_grid&quot;,&quot;ajax_url&quot;:&quot;https:\\\/\\\/www.dochyglas.be\\\/wp-admin\\\/admin-ajax.php&quot;,&quot;infinite_scroll&quot;:0,&quot;max_num_pages&quot;:1,&quot;pagination&quot;:&quot;none&quot;,&quot;template_vars&quot;:{&quot;columns&quot;:&quot;1&quot;,&quot;exclude_items&quot;:&quot;none&quot;,&quot;img_size&quot;:&quot;default&quot;,&quot;ignore_items_size&quot;:0,&quot;items_layout&quot;:&quot;368&quot;,&quot;items_offset&quot;:&quot;1&quot;,&quot;load_animation&quot;:&quot;none&quot;,&quot;overriding_link&quot;:&quot;%7B%22url%22%3A%22%22%7D&quot;,&quot;post_id&quot;:0,&quot;query_args&quot;:{&quot;post_type&quot;:[&quot;home_carroussel&quot;],&quot;post_status&quot;:[&quot;publish&quot;,&quot;acf-disabled&quot;],&quot;posts_per_page&quot;:&quot;4&quot;},&quot;orderby_query_args&quot;:{&quot;orderby&quot;:{&quot;date&quot;:&quot;DESC&quot;}},&quot;type&quot;:&quot;carousel&quot;,&quot;us_grid_ajax_index&quot;:1,&quot;us_grid_filter_params&quot;:[],&quot;us_grid_index&quot;:1,&quot;_us_grid_post_type&quot;:&quot;home_carroussel&quot;,&quot;page_args&quot;:[],&quot;lang&quot;:&quot;fr&quot;},&quot;carousel_settings&quot;:{&quot;autoHeight&quot;:0,&quot;autoplay&quot;:1,&quot;carousel_fade&quot;:1,&quot;center&quot;:0,&quot;dots&quot;:1,&quot;items&quot;:&quot;1&quot;,&quot;loop&quot;:true,&quot;nav&quot;:0,&quot;slideby&quot;:&quot;1&quot;,&quot;smooth_play&quot;:1,&quot;speed&quot;:250,&quot;timeout&quot;:3000,&quot;transition&quot;:&quot;&quot;,&quot;aria_labels&quot;:{&quot;prev&quot;:&quot;Pr\\u00e9c\\u00e9dent&quot;,&quot;next&quot;:&quot;Suivant&quot;}},&quot;carousel_breakpoints&quot;:{&quot;0&quot;:{&quot;autoHeight&quot;:0,&quot;autoplay&quot;:1,&quot;autoplayHoverPause&quot;:1,&quot;items&quot;:1,&quot;loop&quot;:true,&quot;stagePadding&quot;:0},&quot;769&quot;:{&quot;autoHeight&quot;:0,&quot;autoplay&quot;:1,&quot;autoplayHoverPause&quot;:1,&quot;items&quot;:1,&quot;loop&quot;:true,&quot;stagePadding&quot;:0},&quot;1025&quot;:{&quot;autoHeight&quot;:0,&quot;autoplay&quot;:1,&quot;autoplayHoverPause&quot;:1,&quot;items&quot;:1,&quot;loop&quot;:true,&quot;stagePadding&quot;:0},&quot;1381&quot;:{&quot;items&quot;:1,&quot;stagePadding&quot;:0}}}'><\/div>\r\n\t<\/div><\/div><\/div><\/div><\/div><\/div><\/section><section class=\"l-section wpb_row us_custom_74e42289 xtrapadbotop height_medium\"><div class=\"l-section-h i-cf\"><div class=\"g-cols vc_row via_flex valign_top type_default stacking_default\"><div class=\"vc_col-sm-12 wpb_column vc_column_container\"><div class=\"vc_column-inner\"><div class=\"wpb_wrapper\"><div class=\"w-grid type_grid layout_354 navigatiehome cols_4 ratio_1x1\" id=\"us_grid_2\" style=\"--gap:1.5rem;\"><style>@media (max-width:1380px){#us_grid_2 .w-grid-item{width:50%}#us_grid_2 .w-grid-item.size_2x1,#us_grid_2 .w-grid-item.size_2x2{width:100%}}@media (max-width:1024px){#us_grid_2 .w-grid-item{width:50%}#us_grid_2 .w-grid-item.size_2x1,#us_grid_2 .w-grid-item.size_2x2{width:100%}}@media (max-width:768px){#us_grid_2 .w-grid-list{margin:0}#us_grid_2 .w-grid-item{width:100%;padding:0;margin-bottom:var(--gap,0px)}}.layout_354 .w-grid-item-h:before{padding-bottom:100%}@media (min-width:769px){.layout_354 .w-grid-item.size_1x2 .w-grid-item-h:before{padding-bottom:calc(200% + var(--gap,0px) * 2)}.layout_354 .w-grid-item.size_2x1 .w-grid-item-h:before{padding-bottom:calc(50% - var(--gap,0px) * 1)}.layout_354 .w-grid-item.size_2x2 .w-grid-item-h:before{padding-bottom:calc(100% - var(--gap,0px) * 0)}}.layout_354 .w-grid-item-h{}.layout_354 .usg_post_image_1{transition-duration:0.3s;transform-origin:50% 50%;transform:scale(1) translate(0%,0%)}.layout_354 .w-grid-item-h:hover .usg_post_image_1{transform:scale(1.1) translate(0%,0%);opacity:1}.layout_354 .usg_vwrapper_1{transition-duration:1s;transform-origin:50% 50%;transform:scale(1) translate(0%,0%);opacity:0}.layout_354 .w-grid-item-h:hover .usg_vwrapper_1{transform:scale(1) translate(0%,0%);opacity:1}.layout_354 .usg_post_custom_field_1{transition-duration:1s;transform-origin:50% 50%;transform:scale(1) translate(0%,0%);opacity:0}.layout_354 .w-grid-item-h:hover .usg_post_custom_field_1{transform:scale(1) translate(0%,0%);opacity:1}.layout_354 .usg_post_image_1{margin-bottom:0px!important}.layout_354 .usg_vwrapper_1{position:absolute!important;left:0!important;bottom:0px!important;right:0!important;background:linear-gradient(transparent,rgba(30,30,30,0.8))!important;padding:5rem 2rem 1.5rem 2rem!important}.layout_354 .usg_post_custom_field_1{position:absolute!important;top:0!important;right:0!important;bottom:0!important;left:0!important}.layout_354 .usg_vwrapper_2{padding:2.5rem!important}.layout_354 .usg_post_title_1{color:var(--color-content-primary)!important}.layout_354 .usg_vwrapper_3{position:relative!important;overflow:hidden!important}.layout_354 .usg_post_custom_field_4{color:#ffffff!important;font-weight:700!important}@media (min-width:1025px) and (max-width:1380px){.layout_354 .usg_post_image_1{margin-bottom:0px!important}.layout_354 .usg_vwrapper_1{position:absolute!important;left:0!important;bottom:0px!important;right:0!important;background:linear-gradient(transparent,rgba(30,30,30,0.8))!important;padding:5rem 2rem 1.5rem 2rem!important}.layout_354 .usg_post_custom_field_1{position:absolute!important;top:0!important;right:0!important;bottom:0!important;left:0!important}.layout_354 .usg_vwrapper_2{padding:2.5rem!important}.layout_354 .usg_post_title_1{color:var(--color-content-primary)!important}.layout_354 .usg_vwrapper_3{position:relative!important;overflow:hidden!important}.layout_354 .usg_post_custom_field_4{color:#ffffff!important;font-weight:700!important}}@media (min-width:769px) and (max-width:1024px){.layout_354 .usg_post_image_1{margin-bottom:0px!important}.layout_354 .usg_vwrapper_1{position:absolute!important;left:0!important;bottom:0px!important;right:0!important;background:linear-gradient(transparent,rgba(30,30,30,0.8))!important;padding:5rem 2rem 1.5rem 2rem!important}.layout_354 .usg_post_custom_field_1{position:absolute!important;top:0!important;right:0!important;bottom:0!important;left:0!important}.layout_354 .usg_vwrapper_2{padding:2.5rem!important}.layout_354 .usg_post_title_1{color:var(--color-content-primary)!important}.layout_354 .usg_vwrapper_3{position:relative!important;overflow:hidden!important}.layout_354 .usg_post_custom_field_4{color:#ffffff!important;font-weight:700!important}}@media (max-width:768px){.layout_354 .usg_post_image_1{margin-bottom:0px!important}.layout_354 .usg_vwrapper_1{position:absolute!important;left:0!important;bottom:0px!important;right:0!important;background:linear-gradient(transparent,rgba(30,30,30,0.8))!important;padding:5rem 2rem 1.5rem 2rem!important}.layout_354 .usg_post_custom_field_1{position:absolute!important;top:0!important;right:0!important;bottom:0!important;left:0!important}.layout_354 .usg_vwrapper_2{padding:2.5rem!important}.layout_354 .usg_post_title_1{color:var(--color-content-primary)!important}.layout_354 .usg_vwrapper_3{position:relative!important;overflow:hidden!important}.layout_354 .usg_post_custom_field_4{color:#ffffff!important;font-weight:700!important}}<\/style><div class=\"w-grid-list\">\t<article class=\"w-grid-item size_1x1 post-956 page type-page status-publish has-post-thumbnail hentry\" data-id=\"956\">\r\n\t\t<div class=\"w-grid-item-h\">\r\n\t\t\t\t\t\t<div class=\"w-vwrapper usg_vwrapper_3 align_none valign_top\"><div class=\"w-post-elm post_image usg_post_image_1 has_ratio\"><div style=\"padding-bottom:75%\"><\/div><img loading=\"lazy\" decoding=\"async\" width=\"1024\" height=\"681\" src=\"https:\/\/www.dochyglas.be\/wp-content\/uploads\/2023\/09\/Dochy_glas-1024x681.jpg\" class=\"attachment-large size-large wp-post-image\" alt=\"Gebroken glas laten herstellen door Dochy Glas\" srcset=\"https:\/\/www.dochyglas.be\/wp-content\/uploads\/2023\/09\/Dochy_glas-1024x681.jpg 1024w, https:\/\/www.dochyglas.be\/wp-content\/uploads\/2023\/09\/Dochy_glas-300x200.jpg 300w, https:\/\/www.dochyglas.be\/wp-content\/uploads\/2023\/09\/Dochy_glas.jpg 2000w\" sizes=\"auto, (max-width: 1024px) 100vw, 1024px\" \/><\/div><div class=\"w-vwrapper usg_vwrapper_1 align_none valign_top\"><p class=\"w-post-elm post_custom_field usg_post_custom_field_4 has_text_color type_text quote color_link_inherit\"><span class=\"w-post-elm-value\">Un service professionel et rapide<\/span><\/p><\/div><\/div><div class=\"w-vwrapper usg_vwrapper_2 align_none valign_top\"><h3 class=\"w-post-elm post_title usg_post_title_1 has_text_color entry-title color_link_inherit\">R\u00e9paration de verre<\/h3><div class=\"w-post-elm post_custom_field usg_post_custom_field_3 type_text pagina_links color_link_inherit\"><p><a href=\"\/fr\/reparation-de-verre\/casse-de-vitre\/\">Casse de vitre<\/a><br \/>\n<a href=\"\/fr\/reparation-de-verre\/condensation-dans-le-double-vitrage\/\">Condensation dans le double vitrage<\/a><\/p>\n<\/div><\/div>\t\t<\/div>\r\n\t<\/article>\r\n\t<article class=\"w-grid-item size_1x1 post-957 page type-page status-publish has-post-thumbnail hentry\" data-id=\"957\">\r\n\t\t<div class=\"w-grid-item-h\">\r\n\t\t\t\t\t\t<div class=\"w-vwrapper usg_vwrapper_3 align_none valign_top\"><div class=\"w-post-elm post_image usg_post_image_1 has_ratio\"><div style=\"padding-bottom:75%\"><\/div><img loading=\"lazy\" decoding=\"async\" width=\"768\" height=\"1024\" src=\"https:\/\/www.dochyglas.be\/wp-content\/uploads\/2023\/09\/Dochy_werkmannen_glas-768x1024.jpg\" class=\"attachment-large size-large wp-post-image\" alt=\"\" srcset=\"https:\/\/www.dochyglas.be\/wp-content\/uploads\/2023\/09\/Dochy_werkmannen_glas-768x1024.jpg 768w, https:\/\/www.dochyglas.be\/wp-content\/uploads\/2023\/09\/Dochy_werkmannen_glas-225x300.jpg 225w, https:\/\/www.dochyglas.be\/wp-content\/uploads\/2023\/09\/Dochy_werkmannen_glas.jpg 1500w\" sizes=\"auto, (max-width: 768px) 100vw, 768px\" \/><\/div><div class=\"w-vwrapper usg_vwrapper_1 align_none valign_top\"><p class=\"w-post-elm post_custom_field usg_post_custom_field_4 has_text_color type_text quote color_link_inherit\"><span class=\"w-post-elm-value\">Des solutions durables et esth\u00e9tiques<\/span><\/p><\/div><\/div><div class=\"w-vwrapper usg_vwrapper_2 align_none valign_top\"><h3 class=\"w-post-elm post_title usg_post_title_1 has_text_color entry-title color_link_inherit\">R\u00e9novation du verre<\/h3><div class=\"w-post-elm post_custom_field usg_post_custom_field_3 type_text pagina_links color_link_inherit\"><p><a href=\"\/fr\/renovation-du-verre\/remplacement-du-simple-vitrage\/\">Remplacement du simple vitrage<\/a><br \/>\n<a href=\"\/fr\/renovation-du-verre\/remplacement-du-double-vitrage\/\">Remplacement du double vitrage<\/a><br \/>\n<a href=\"\/fr\/renovation-du-verre\/verre-haute-efficacite\/\">Verre haute efficacite<\/a><br \/>\n<a href=\"\/fr\/renovation-du-verre\/verre-sous-vide\/\">Verre sous-vide<\/a><br \/>\n<a href=\"\/fr\/renovation-du-verre\/vitrage-anti-solaire\/\">Vitrage anti-solaire<\/a><br \/>\n<a href=\"\/fr\/renovation-du-verre\/vitrage-acoustique\/\">Vitrage acoustique<\/a><br \/>\n<a href=\"\/fr\/renovation-du-verre\/vitrage-anti-effraction\/\">Vitrage anti-effraction<\/a><br \/>\n<a href=\"\/fr\/renovation-du-verre\/garde-corps\/\">Garde-corps<\/a><\/p>\n<\/div><\/div>\t\t<\/div>\r\n\t<\/article>\r\n\t<article class=\"w-grid-item size_1x1 post-958 page type-page status-publish has-post-thumbnail hentry\" data-id=\"958\">\r\n\t\t<div class=\"w-grid-item-h\">\r\n\t\t\t\t\t\t<div class=\"w-vwrapper usg_vwrapper_3 align_none valign_top\"><div class=\"w-post-elm post_image usg_post_image_1 has_ratio\"><div style=\"padding-bottom:75%\"><\/div><img loading=\"lazy\" decoding=\"async\" width=\"1024\" height=\"767\" src=\"https:\/\/www.dochyglas.be\/wp-content\/uploads\/2023\/09\/Dochy_interieur-1024x767.jpg\" class=\"attachment-large size-large wp-post-image\" alt=\"\" srcset=\"https:\/\/www.dochyglas.be\/wp-content\/uploads\/2023\/09\/Dochy_interieur-1024x767.jpg 1024w, https:\/\/www.dochyglas.be\/wp-content\/uploads\/2023\/09\/Dochy_interieur-300x225.jpg 300w, https:\/\/www.dochyglas.be\/wp-content\/uploads\/2023\/09\/Dochy_interieur.jpg 2000w\" sizes=\"auto, (max-width: 1024px) 100vw, 1024px\" \/><\/div><div class=\"w-vwrapper usg_vwrapper_1 align_none valign_top\"><p class=\"w-post-elm post_custom_field usg_post_custom_field_4 has_text_color type_text quote color_link_inherit\"><span class=\"w-post-elm-value\">Transformez votre int\u00e9rieur \u00e0 l\u2019aide de nos produits vitriers !<\/span><\/p><\/div><\/div><div class=\"w-vwrapper usg_vwrapper_2 align_none valign_top\"><h3 class=\"w-post-elm post_title usg_post_title_1 has_text_color entry-title color_link_inherit\">Verre pour l&rsquo;int\u00e9rieur<\/h3><div class=\"w-post-elm post_custom_field usg_post_custom_field_3 type_text pagina_links color_link_inherit\"><p><a href=\"\/fr\/verre-dinterieur\/portes-coulissantes-en-verre\/\">Portes coulissantes en verre<\/a><br \/>\n<a href=\"\/fr\/verre-dinterieur\/portes-de-douche-et-autres-applications-pour-la-salle-de-bains\/\">Portes de douche et autres applications<\/a><br \/>\n<a href=\"\/fr\/verre-dinterieur\/miroirs-et-verre-laque\/\">Miroirs et verre laqu\u00e9<\/a><br \/>\n<a href=\"\/fr\/verre-dinterieur\/cloisons-et-sols-en-verre\/\">Cloisons et sols en verre<\/a><\/p>\n<\/div><\/div>\t\t<\/div>\r\n\t<\/article>\r\n\t<article class=\"w-grid-item size_1x1 post-959 page type-page status-publish has-post-thumbnail hentry\" data-id=\"959\">\r\n\t\t<div class=\"w-grid-item-h\">\r\n\t\t\t\t\t\t<div class=\"w-vwrapper usg_vwrapper_3 align_none valign_top\"><div class=\"w-post-elm post_image usg_post_image_1 has_ratio\"><div style=\"padding-bottom:75%\"><\/div><img loading=\"lazy\" decoding=\"async\" width=\"1024\" height=\"768\" src=\"https:\/\/www.dochyglas.be\/wp-content\/uploads\/2023\/09\/Dochy_werkmannen-1024x768.jpg\" class=\"attachment-large size-large wp-post-image\" alt=\"\" srcset=\"https:\/\/www.dochyglas.be\/wp-content\/uploads\/2023\/09\/Dochy_werkmannen-1024x768.jpg 1024w, https:\/\/www.dochyglas.be\/wp-content\/uploads\/2023\/09\/Dochy_werkmannen-300x225.jpg 300w, https:\/\/www.dochyglas.be\/wp-content\/uploads\/2023\/09\/Dochy_werkmannen.jpg 2000w\" sizes=\"auto, (max-width: 1024px) 100vw, 1024px\" \/><\/div><div class=\"w-vwrapper usg_vwrapper_1 align_none valign_top\"><p class=\"w-post-elm post_custom_field usg_post_custom_field_4 has_text_color type_text quote color_link_inherit\"><span class=\"w-post-elm-value\">Partenaire des menuisiers \u2013 une installation sans soucis<\/span><\/p><\/div><\/div><div class=\"w-vwrapper usg_vwrapper_2 align_none valign_top\"><h3 class=\"w-post-elm post_title usg_post_title_1 has_text_color entry-title color_link_inherit\">Projet de vitrage<\/h3><div class=\"w-post-elm post_custom_field usg_post_custom_field_3 type_text pagina_links color_link_inherit\"><p><a href=\"\/fr\/vitres-de-projet\/minimal-frames\/\">Minimal Frames<\/a><br \/>\n<a href=\"\/fr\/vitres-de-projet\/vitrages-classiques\/\">Vitrages classiques<\/a><br \/>\n<a href=\"\/fr\/vitres-de-projet\/facades-en-verre\/\">Fa\u00e7ades en verre<\/a><br \/>\n<a href=\"\/fr\/vitres-de-projet\/vitrage-structurel\/\">Vitrage structurel<\/a><\/p>\n<\/div><\/div>\t\t<\/div>\r\n\t<\/article>\r\n<\/div><div class=\"w-grid-preloader\">\t<div class=\"g-preloader type_1\">\r\n\t\t<div><\/div>\r\n\t<\/div>\r\n\t<\/div>\t<div class=\"w-grid-json hidden\" onclick='return {&quot;action&quot;:&quot;us_ajax_grid&quot;,&quot;ajax_url&quot;:&quot;https:\\\/\\\/www.dochyglas.be\\\/wp-admin\\\/admin-ajax.php&quot;,&quot;infinite_scroll&quot;:0,&quot;max_num_pages&quot;:1,&quot;pagination&quot;:&quot;none&quot;,&quot;template_vars&quot;:{&quot;columns&quot;:&quot;4&quot;,&quot;exclude_items&quot;:&quot;none&quot;,&quot;img_size&quot;:&quot;default&quot;,&quot;ignore_items_size&quot;:0,&quot;items_layout&quot;:&quot;354&quot;,&quot;items_offset&quot;:&quot;1&quot;,&quot;load_animation&quot;:&quot;none&quot;,&quot;overriding_link&quot;:&quot;%7B%22url%22%3A%22%22%7D&quot;,&quot;post_id&quot;:0,&quot;query_args&quot;:{&quot;ignore_sticky_posts&quot;:1,&quot;post_type&quot;:&quot;any&quot;,&quot;post__in&quot;:[&quot;106&quot;,&quot;46&quot;,&quot;48&quot;,&quot;50&quot;,&quot;52&quot;],&quot;posts_per_page&quot;:&quot;4&quot;},&quot;orderby_query_args&quot;:{&quot;orderby&quot;:{&quot;date&quot;:&quot;DESC&quot;}},&quot;type&quot;:&quot;grid&quot;,&quot;us_grid_ajax_index&quot;:2,&quot;us_grid_filter_params&quot;:[],&quot;us_grid_index&quot;:2,&quot;_us_grid_post_type&quot;:&quot;ids&quot;,&quot;page_args&quot;:[],&quot;lang&quot;:&quot;fr&quot;}}'><\/div>\r\n\t<\/div><\/div><\/div><\/div><\/div><\/div><\/section><section class=\"l-section wpb_row us_custom_71c98e16 height_auto\"><div class=\"l-section-h i-cf\"><div class=\"g-cols vc_row via_flex valign_middle type_boxes stacking_default\" style=\"--additional-gap:20px;\"><div class=\"vc_col-sm-12 vc_col-lg-6 vc_col-md-6 vc_col-xs-12 wpb_column vc_column_container padbottop has_bg_color\"><div class=\"vc_column-inner us_custom_abb779d7\"><div class=\"vc_column-overlay\" style=\"background:rgba(26,26,26,0.50)\"><\/div><div class=\"wpb_wrapper\"><div class=\"wpb_text_column us_custom_6df4bc3a has_text_color\"><div class=\"wpb_wrapper\"><h2>Bris de glace ?<br \/>\nFaites appel \u00e0 notre service de r\u00e9paration rapide !<\/h2>\n<p>Service d&rsquo;urgence disponible en Flandre occidentale et d\u00e9lais d&rsquo;intervention rapides pour l&rsquo;ensemble de la zone de travail.<\/p>\n<\/div><\/div><div class=\"w-separator size_small\"><\/div><div class=\"w-btn-wrapper align_none\"><a class=\"w-btn us-btn-style_1\" href=\"tel:+3258311253\"><span class=\"w-btn-label\">T\u00e9l: +32 58 31 12 53<\/span><\/a><\/div><\/div><\/div><\/div><div class=\"vc_col-sm-12 vc_col-lg-6 vc_col-md-6 vc_col-xs-12 wpb_column vc_column_container\"><div class=\"vc_column-inner\"><div class=\"wpb_wrapper\"><div class=\"wpb_text_column\"><div class=\"wpb_wrapper\"><h2>R\u00e9servez une visite <em>GRATUITE<\/em><br \/>\nvisite de consultation \u00e0 domicile<\/h2>\n<p>Notre conseiller technique est \u00e0 l&rsquo;\u00e9coute de vos besoins et propose des solutions.<\/p>\n<\/div><\/div><div class=\"w-separator size_small\"><\/div><div class=\"w-btn-wrapper align_none\"><a class=\"w-btn us-btn-style_2\" href=\"https:\/\/www.dochyglas.be\/fr\/contact\/\"><span class=\"w-btn-label\">Prendre rendez-vous<\/span><\/a><\/div><\/div><\/div><\/div><\/div><\/div><\/section>\n","protected":false},"excerpt":{"rendered":"Projet de vitrage Balustrade \u00e0 l&rsquo;int\u00e9rieur Balustrade coinc\u00e9e en bas Balustrade d&rsquo;escalier en verre Balustrade de terrasse en verre Balustrade ext\u00e9rieure Balustrade ext\u00e9rieure Blog Boulons en croix Cabine de douche en verre Ce que disent nos clients","protected":false},"author":1,"featured_media":401,"parent":0,"menu_order":0,"comment_status":"closed","ping_status":"closed","template":"","meta":{"footnotes":""},"class_list":["post-969","page","type-page","status-publish","has-post-thumbnail","hentry"],"acf":[],"yoast_head":"<!-- This site is optimized with the Yoast SEO plugin v26.4 - https:\/\/yoast.com\/wordpress\/plugins\/seo\/ -->\n<title>Toutes les R\u00e9parations et R\u00e9novations de Verre | Dochy Glas<\/title>\n<meta name=\"description\" content=\"Dochy Glas est votre partenaire fiable en r\u00e9parations et r\u00e9novations de verre. Contactez-nous sans engagement pour une offre.\" \/>\n<meta name=\"robots\" content=\"index, follow, max-snippet:-1, max-image-preview:large, max-video-preview:-1\" \/>\n<link rel=\"canonical\" href=\"https:\/\/www.dochyglas.be\/fr\/\" \/>\n<meta property=\"og:locale\" content=\"fr_FR\" \/>\n<meta property=\"og:type\" content=\"article\" \/>\n<meta property=\"og:title\" content=\"Toutes les R\u00e9parations et R\u00e9novations de Verre | Dochy Glas\" \/>\n<meta property=\"og:description\" content=\"Dochy Glas est votre partenaire fiable en r\u00e9parations et r\u00e9novations de verre. Contactez-nous sans engagement pour une offre.\" \/>\n<meta property=\"og:url\" content=\"https:\/\/www.dochyglas.be\/fr\/\" \/>\n<meta property=\"og:site_name\" content=\"Dochy Glas\" \/>\n<meta property=\"article:publisher\" content=\"https:\/\/www.facebook.com\/Dochyglas\" \/>\n<meta property=\"article:modified_time\" content=\"2023-12-19T14:25:19+00:00\" \/>\n<meta property=\"og:image\" content=\"https:\/\/www.dochyglas.be\/wp-content\/uploads\/2023\/10\/Hoofdzetel-gebouw-Dochy-Glas-Veurne-homepage.jpg\" \/>\n\t<meta property=\"og:image:width\" content=\"2000\" \/>\n\t<meta property=\"og:image:height\" content=\"1126\" \/>\n\t<meta property=\"og:image:type\" content=\"image\/jpeg\" \/>\n<meta name=\"twitter:card\" content=\"summary_large_image\" \/>\n<meta name=\"twitter:label1\" content=\"Dur\u00e9e de lecture estim\u00e9e\" \/>\n\t<meta name=\"twitter:data1\" content=\"1 minute\" \/>\n<script type=\"application\/ld+json\" class=\"yoast-schema-graph\">{\"@context\":\"https:\/\/schema.org\",\"@graph\":[{\"@type\":\"WebPage\",\"@id\":\"https:\/\/www.dochyglas.be\/fr\/\",\"url\":\"https:\/\/www.dochyglas.be\/fr\/\",\"name\":\"Toutes les R\u00e9parations et R\u00e9novations de Verre | Dochy Glas\",\"isPartOf\":{\"@id\":\"https:\/\/www.dochyglas.be\/#website\"},\"primaryImageOfPage\":{\"@id\":\"https:\/\/www.dochyglas.be\/fr\/#primaryimage\"},\"image\":{\"@id\":\"https:\/\/www.dochyglas.be\/fr\/#primaryimage\"},\"thumbnailUrl\":\"https:\/\/www.dochyglas.be\/wp-content\/uploads\/2023\/10\/Hoofdzetel-gebouw-Dochy-Glas-Veurne-homepage.jpg\",\"datePublished\":\"2023-09-22T13:59:17+00:00\",\"dateModified\":\"2023-12-19T14:25:19+00:00\",\"description\":\"Dochy Glas est votre partenaire fiable en r\u00e9parations et r\u00e9novations de verre. Contactez-nous sans engagement pour une offre.\",\"breadcrumb\":{\"@id\":\"https:\/\/www.dochyglas.be\/fr\/#breadcrumb\"},\"inLanguage\":\"fr-FR\",\"potentialAction\":[{\"@type\":\"ReadAction\",\"target\":[\"https:\/\/www.dochyglas.be\/fr\/\"]}]},{\"@type\":\"ImageObject\",\"inLanguage\":\"fr-FR\",\"@id\":\"https:\/\/www.dochyglas.be\/fr\/#primaryimage\",\"url\":\"https:\/\/www.dochyglas.be\/wp-content\/uploads\/2023\/10\/Hoofdzetel-gebouw-Dochy-Glas-Veurne-homepage.jpg\",\"contentUrl\":\"https:\/\/www.dochyglas.be\/wp-content\/uploads\/2023\/10\/Hoofdzetel-gebouw-Dochy-Glas-Veurne-homepage.jpg\",\"width\":2000,\"height\":1126},{\"@type\":\"BreadcrumbList\",\"@id\":\"https:\/\/www.dochyglas.be\/fr\/#breadcrumb\",\"itemListElement\":[{\"@type\":\"ListItem\",\"position\":1,\"name\":\"Home\",\"item\":\"https:\/\/www.dochyglas.be\/fr\/\"},{\"@type\":\"ListItem\",\"position\":2,\"name\":\"Home\"}]},{\"@type\":\"WebSite\",\"@id\":\"https:\/\/www.dochyglas.be\/#website\",\"url\":\"https:\/\/www.dochyglas.be\/\",\"name\":\"Dochy Glas\",\"description\":\"Glass solutions\",\"publisher\":{\"@id\":\"https:\/\/www.dochyglas.be\/#organization\"},\"alternateName\":\"Dochy\",\"potentialAction\":[{\"@type\":\"SearchAction\",\"target\":{\"@type\":\"EntryPoint\",\"urlTemplate\":\"https:\/\/www.dochyglas.be\/?s={search_term_string}\"},\"query-input\":{\"@type\":\"PropertyValueSpecification\",\"valueRequired\":true,\"valueName\":\"search_term_string\"}}],\"inLanguage\":\"fr-FR\"},{\"@type\":\"Organization\",\"@id\":\"https:\/\/www.dochyglas.be\/#organization\",\"name\":\"Dochy Glas\",\"alternateName\":\"Dochy Glass solutions\",\"url\":\"https:\/\/www.dochyglas.be\/\",\"logo\":{\"@type\":\"ImageObject\",\"inLanguage\":\"fr-FR\",\"@id\":\"https:\/\/www.dochyglas.be\/#\/schema\/logo\/image\/\",\"url\":\"https:\/\/www.dochyglas.be\/wp-content\/uploads\/2023\/09\/DochyGlas_logo_kleur-e1695737229567.png\",\"contentUrl\":\"https:\/\/www.dochyglas.be\/wp-content\/uploads\/2023\/09\/DochyGlas_logo_kleur-e1695737229567.png\",\"width\":6853,\"height\":3160,\"caption\":\"Dochy Glas\"},\"image\":{\"@id\":\"https:\/\/www.dochyglas.be\/#\/schema\/logo\/image\/\"},\"sameAs\":[\"https:\/\/www.facebook.com\/Dochyglas\",\"https:\/\/www.instagram.com\/dochyglas\/\"]}]}<\/script>\n<!-- \/ Yoast SEO plugin. -->","yoast_head_json":{"title":"Toutes les R\u00e9parations et R\u00e9novations de Verre | Dochy Glas","description":"Dochy Glas est votre partenaire fiable en r\u00e9parations et r\u00e9novations de verre. Contactez-nous sans engagement pour une offre.","robots":{"index":"index","follow":"follow","max-snippet":"max-snippet:-1","max-image-preview":"max-image-preview:large","max-video-preview":"max-video-preview:-1"},"canonical":"https:\/\/www.dochyglas.be\/fr\/","og_locale":"fr_FR","og_type":"article","og_title":"Toutes les R\u00e9parations et R\u00e9novations de Verre | Dochy Glas","og_description":"Dochy Glas est votre partenaire fiable en r\u00e9parations et r\u00e9novations de verre. Contactez-nous sans engagement pour une offre.","og_url":"https:\/\/www.dochyglas.be\/fr\/","og_site_name":"Dochy Glas","article_publisher":"https:\/\/www.facebook.com\/Dochyglas","article_modified_time":"2023-12-19T14:25:19+00:00","og_image":[{"width":2000,"height":1126,"url":"https:\/\/www.dochyglas.be\/wp-content\/uploads\/2023\/10\/Hoofdzetel-gebouw-Dochy-Glas-Veurne-homepage.jpg","type":"image\/jpeg"}],"twitter_card":"summary_large_image","twitter_misc":{"Dur\u00e9e de lecture estim\u00e9e":"1 minute"},"schema":{"@context":"https:\/\/schema.org","@graph":[{"@type":"WebPage","@id":"https:\/\/www.dochyglas.be\/fr\/","url":"https:\/\/www.dochyglas.be\/fr\/","name":"Toutes les R\u00e9parations et R\u00e9novations de Verre | Dochy Glas","isPartOf":{"@id":"https:\/\/www.dochyglas.be\/#website"},"primaryImageOfPage":{"@id":"https:\/\/www.dochyglas.be\/fr\/#primaryimage"},"image":{"@id":"https:\/\/www.dochyglas.be\/fr\/#primaryimage"},"thumbnailUrl":"https:\/\/www.dochyglas.be\/wp-content\/uploads\/2023\/10\/Hoofdzetel-gebouw-Dochy-Glas-Veurne-homepage.jpg","datePublished":"2023-09-22T13:59:17+00:00","dateModified":"2023-12-19T14:25:19+00:00","description":"Dochy Glas est votre partenaire fiable en r\u00e9parations et r\u00e9novations de verre. Contactez-nous sans engagement pour une offre.","breadcrumb":{"@id":"https:\/\/www.dochyglas.be\/fr\/#breadcrumb"},"inLanguage":"fr-FR","potentialAction":[{"@type":"ReadAction","target":["https:\/\/www.dochyglas.be\/fr\/"]}]},{"@type":"ImageObject","inLanguage":"fr-FR","@id":"https:\/\/www.dochyglas.be\/fr\/#primaryimage","url":"https:\/\/www.dochyglas.be\/wp-content\/uploads\/2023\/10\/Hoofdzetel-gebouw-Dochy-Glas-Veurne-homepage.jpg","contentUrl":"https:\/\/www.dochyglas.be\/wp-content\/uploads\/2023\/10\/Hoofdzetel-gebouw-Dochy-Glas-Veurne-homepage.jpg","width":2000,"height":1126},{"@type":"BreadcrumbList","@id":"https:\/\/www.dochyglas.be\/fr\/#breadcrumb","itemListElement":[{"@type":"ListItem","position":1,"name":"Home","item":"https:\/\/www.dochyglas.be\/fr\/"},{"@type":"ListItem","position":2,"name":"Home"}]},{"@type":"WebSite","@id":"https:\/\/www.dochyglas.be\/#website","url":"https:\/\/www.dochyglas.be\/","name":"Dochy Glas","description":"Glass solutions","publisher":{"@id":"https:\/\/www.dochyglas.be\/#organization"},"alternateName":"Dochy","potentialAction":[{"@type":"SearchAction","target":{"@type":"EntryPoint","urlTemplate":"https:\/\/www.dochyglas.be\/?s={search_term_string}"},"query-input":{"@type":"PropertyValueSpecification","valueRequired":true,"valueName":"search_term_string"}}],"inLanguage":"fr-FR"},{"@type":"Organization","@id":"https:\/\/www.dochyglas.be\/#organization","name":"Dochy Glas","alternateName":"Dochy Glass solutions","url":"https:\/\/www.dochyglas.be\/","logo":{"@type":"ImageObject","inLanguage":"fr-FR","@id":"https:\/\/www.dochyglas.be\/#\/schema\/logo\/image\/","url":"https:\/\/www.dochyglas.be\/wp-content\/uploads\/2023\/09\/DochyGlas_logo_kleur-e1695737229567.png","contentUrl":"https:\/\/www.dochyglas.be\/wp-content\/uploads\/2023\/09\/DochyGlas_logo_kleur-e1695737229567.png","width":6853,"height":3160,"caption":"Dochy Glas"},"image":{"@id":"https:\/\/www.dochyglas.be\/#\/schema\/logo\/image\/"},"sameAs":["https:\/\/www.facebook.com\/Dochyglas","https:\/\/www.instagram.com\/dochyglas\/"]}]}},"_links":{"self":[{"href":"https:\/\/www.dochyglas.be\/fr\/wp-json\/wp\/v2\/pages\/969","targetHints":{"allow":["GET"]}}],"collection":[{"href":"https:\/\/www.dochyglas.be\/fr\/wp-json\/wp\/v2\/pages"}],"about":[{"href":"https:\/\/www.dochyglas.be\/fr\/wp-json\/wp\/v2\/types\/page"}],"author":[{"embeddable":true,"href":"https:\/\/www.dochyglas.be\/fr\/wp-json\/wp\/v2\/users\/1"}],"replies":[{"embeddable":true,"href":"https:\/\/www.dochyglas.be\/fr\/wp-json\/wp\/v2\/comments?post=969"}],"version-history":[{"count":2,"href":"https:\/\/www.dochyglas.be\/fr\/wp-json\/wp\/v2\/pages\/969\/revisions"}],"predecessor-version":[{"id":1026,"href":"https:\/\/www.dochyglas.be\/fr\/wp-json\/wp\/v2\/pages\/969\/revisions\/1026"}],"wp:featuredmedia":[{"embeddable":true,"href":"https:\/\/www.dochyglas.be\/fr\/wp-json\/wp\/v2\/media\/401"}],"wp:attachment":[{"href":"https:\/\/www.dochyglas.be\/fr\/wp-json\/wp\/v2\/media?parent=969"}],"curies":[{"name":"wp","href":"https:\/\/api.w.org\/{rel}","templated":true}]}}